{"id":21296,"date":"2022-07-18T11:09:26","date_gmt":"2022-07-18T11:09:26","guid":{"rendered":"https:\/\/www.northcdatacenters.com\/ch-fr\/?page_id=21296"},"modified":"2026-03-19T13:40:37","modified_gmt":"2026-03-19T13:40:37","slug":"suisse","status":"publish","type":"page","link":"https:\/\/www.northcdatacenters.com\/ch-fr\/northc-datacenters\/suisse\/","title":{"rendered":"Suisse"},"content":{"rendered":"<div class=\"wpb-content-wrapper\"><p>[vc_row][vc_column]\n<div class=\"hero \">\n  \n    <div class=\"hero-bg \"\n      style=\"position: relative; overflow: hidden; width: 100%; min-height: 66vh; background-color: #f0f0f0;\">\n      <figure style=\"width: 100%; height: 100%;\">\n        <img\n          class=\"hero-image\"\n          src=\"https:\/\/www.northcdatacenters.com\/ch-fr\/wp-content\/uploads\/sites\/6\/2023\/09\/MicrosoftTeams-image-1.webp\"\n          srcset=\"https:\/\/www.northcdatacenters.com\/ch-fr\/wp-content\/uploads\/sites\/6\/2023\/09\/MicrosoftTeams-image-1-300x102.webp 300w, https:\/\/www.northcdatacenters.com\/ch-fr\/wp-content\/uploads\/sites\/6\/2023\/09\/MicrosoftTeams-image-1-510x360.webp 510w, https:\/\/www.northcdatacenters.com\/ch-fr\/wp-content\/uploads\/sites\/6\/2023\/09\/MicrosoftTeams-image-1-600x650.webp 600w, https:\/\/www.northcdatacenters.com\/ch-fr\/wp-content\/uploads\/sites\/6\/2023\/09\/MicrosoftTeams-image-1-800x500.webp 800w, https:\/\/www.northcdatacenters.com\/ch-fr\/wp-content\/uploads\/sites\/6\/2023\/09\/MicrosoftTeams-image-1-1024x347.webp 1024w, https:\/\/www.northcdatacenters.com\/ch-fr\/wp-content\/uploads\/sites\/6\/2023\/09\/MicrosoftTeams-image-1.webp 1920w, \"\n          sizes=\"(min-width: 1920px) 1920px, 100vw\"\n          type=\"image\/webp\"\n          loading=\"eager\"\n          decoding=\"async\"\n          fetchpriority=\"high\"\n          alt=\"NorthC Datacenter Standorte in der Schweiz\"\n          style=\"\n            position: absolute;\n            top: 0;\n            left: 0;\n            width: 100%;\n            height: 100%;\n            object-fit: cover;\n            object-position: 50% center;\n            opacity: 1;\n            aspect-ratio: 1.7777777777777777;\n          \"\n        >\n        <div class=\"scroll-indicator\">\n  <svg width=\"24\" height=\"24\" viewBox=\"0 0 24 24\" fill=\"none\" xmlns=\"http:\/\/www.w3.org\/2000\/svg\" aria-hidden=\"true\">\n    <rect x=\"7.25\" y=\"2.75\" width=\"9.5\" height=\"18.5\" rx=\"4.75\" stroke=\"white\" stroke-width=\"1.5\" \/>\n    <rect class=\"scroll\" x=\"10\" y=\"6\" width=\"4\" height=\"7\" rx=\"2\" fill=\"white\" \/>\n  <\/svg>\n<\/div>      <\/figure>\n    <\/div>\n  \n  <div class=\"container hero-content text-white \">\n    <div class=\"title d-flex flex-column gap-3 gap-lg-4\">\n            <h1 class=\"mb-6 lh-sm\">Unsere Datacenter in der Schweiz<\/h1>\n\n      \n              <div class=\"d-flex gap-4\">\n          \n                      \n<div class=\"post-tags d-flex gap-1\">\n      <span class=\"tag text-bg-white\">\n      Temps de lecture : 1 min    <\/span>\n  <\/div>                  <\/div>\n      \n          <\/div>\n  <\/div>\n\n      <div class=\"container hero-text-container-wrap\">\n      <div class=\"hero-text-container text-bg-white z-1 py-16 px-md-3 slanted slanted-xl-space-left slanted-xl-from-bottom-left\">\n        <div class=\"container\">\n          <div class=\"d-flex flex-column gap-6\">\n            \n<nav class=\"font-extrabold text-xs text-gray-500\" aria-label=\"breadcrumb\">\n  <ol class='breadcrumb'>      <li class=\"breadcrumb-item \" >\n                  <a href=\"https:\/\/www.northcdatacenters.com\/ch-fr\" class=\"text-decoration-none text-gray-500\">Home<\/a>\n              <\/li>\n      <li class=\"breadcrumb-item \" >\n                  <a href=\"https:\/\/www.northcdatacenters.com\/ch-fr\/northc-datacenters\/\" class=\"text-decoration-none text-gray-500\">Nos centres de donn\u00e9es<\/a>\n              <\/li>\n      <li class=\"breadcrumb-item  active\" aria-current=\"page\">\n                  Suisse              <\/li>\n<\/ol><\/nav>\n\n                          <h3 class=\"font-bold mb-0 text-4xl lh-lead\">**2022 erwarb die NorthC Group drei Datacenter von Netrics in der Schweiz. Die \u00dcbernahme umfasst zwei Datacenter in M\u00fcnchenstein und eines in Biel mit einer Gesamtfl\u00e4che von 13.000 m\u00b2, \u00fcber 7,5...<\/h3>\n            \n            <div class=\"button-list\">\n                              \n  <a href=\"#datacenters-schweiz\" class=\"btn btn-primary btn-video\" target=\"\">\n    Unsere Rechenzentren ansehen  <\/a>\n                              \n  <a href=\"https:\/\/www.netrics.ch\" class=\"btn btn-secondary btn-video\" target=\"_blank\">\n    Website Netrics  <\/a>\n                          <\/div>\n          <\/div>\n        <\/div>\n      <\/div>\n    <\/div>\n  <\/div>[\/vc_column][\/vc_row][vc_row full_width=\u00a0\u00bbstretch_row\u00a0\u00bb north_c_background_color=\u00a0\u00bbbg-gray-200&Prime; css=\u00a0\u00bb.vc_custom_1659710408098{padding-top: 8% !important;padding-bottom: 8% !important;}\u00a0\u00bb el_id=\u00a0\u00bbdatacenters-schweiz\u00a0\u00bb][vc_column]\n\n<div class=\"tab-content\" id=\"interactiveLocationsContent\">\n      <div class=\"tab-pane show-location\" id=\"locaties-zwitserland\" role=\"tabpanel\" aria-labelledby=\"switzerland-tab\">\n      <div class=\"interactive-locations\">\n        <div class=\"interactive-locations-list \">    \n                      <h5>Onze datacenters<\/h5>\n                    <div class=\"accordion\" id=\"interactive-locations-list-switzerland\">\n                                        \n<div class=\"card\">\n  <button \n    id=\"arlesheim-bale\"\n    class=\"card-header \"\n    type=\"button\"\n    data-toggle=\"collapse\"\n    data-target=\"#collapse-arlesheim-bale\"\n    aria-expanded=\"\"\n    aria-controls=\"collapse-arlesheim-bale\">\n    Arlesheim (B\u00e2le)  <\/button>\n\n  <div\n    id=\"collapse-arlesheim-bale\"\n    class=\"collapse show\"\n    aria-labelledby=\"arlesheim-bale\"\n    data-parent=\"#interactive-locations-list-switzerland\">\n    <div class=\"card-body\">\n      \n<div class=\"location-content\">\n            <a class=\"thumbnail\" href=\"https:\/\/www.northcdatacenters.com\/ch-fr\/northc-datacenters\/arlesheim-bale\/\">\n        <img decoding=\"async\" src=\"https:\/\/www.northcdatacenters.com\/ch-fr\/wp-content\/uploads\/sites\/6\/2026\/03\/Uptown-1-1.webp\" alt=\"\">\n      <\/a>\n      \n  <div class=\"details\">\n    \n          <div class=\"detail\">\n                  <div>Schorenweg 21<\/div>\n        \n                  <div>4144<\/div>\n        \n                  <div>Arlesheim<\/div>\n              <\/div>\n    \n          <a class=\"btn\" href=\"https:\/\/www.northcdatacenters.com\/ch-fr\/northc-datacenters\/arlesheim-bale\/\">\n        Voir les d\u00e9tails      <\/a>\n      <\/div>\n<\/div>    <\/div>\n  <\/div>\n<\/div>                                        \n<div class=\"card\">\n  <button \n    id=\"ch-frbiel-bern\"\n    class=\"card-header collapsed\"\n    type=\"button\"\n    data-toggle=\"collapse\"\n    data-target=\"#collapse-ch-frbiel-bern\"\n    aria-expanded=\"false\"\n    aria-controls=\"collapse-ch-frbiel-bern\">\n    Bienne (Berne)  <\/button>\n\n  <div\n    id=\"collapse-ch-frbiel-bern\"\n    class=\"collapse \"\n    aria-labelledby=\"ch-frbiel-bern\"\n    data-parent=\"#interactive-locations-list-switzerland\">\n    <div class=\"card-body\">\n      \n<div class=\"location-content\">\n            <a class=\"thumbnail\" href=\"https:\/\/www.northcdatacenters.com\/ch-fr\/northc-datacenters\/bienne\/\">\n        <img decoding=\"async\" src=\"https:\/\/www.northcdatacenters.com\/ch-fr\/wp-content\/uploads\/sites\/6\/2022\/07\/biel-lowres.webp\" alt=\"\">\n      <\/a>\n      \n  <div class=\"details\">\n    \n          <div class=\"detail\">\n                  <div>Tennisweg 6<\/div>\n        \n                  <div>2504<\/div>\n        \n                  <div>Biel (Bern)<\/div>\n              <\/div>\n    \n          <a class=\"btn\" href=\"https:\/\/www.northcdatacenters.com\/ch-fr\/northc-datacenters\/bienne\/\">\n        Voir les d\u00e9tails      <\/a>\n      <\/div>\n<\/div>    <\/div>\n  <\/div>\n<\/div>                                        \n<div class=\"card\">\n  <button \n    id=\"geneve\"\n    class=\"card-header collapsed\"\n    type=\"button\"\n    data-toggle=\"collapse\"\n    data-target=\"#collapse-geneve\"\n    aria-expanded=\"false\"\n    aria-controls=\"collapse-geneve\">\n    Gen\u00e8ve  <\/button>\n\n  <div\n    id=\"collapse-geneve\"\n    class=\"collapse \"\n    aria-labelledby=\"geneve\"\n    data-parent=\"#interactive-locations-list-switzerland\">\n    <div class=\"card-body\">\n      \n<div class=\"location-content\">\n            <a class=\"thumbnail\" href=\"https:\/\/www.northcdatacenters.com\/ch-fr\/northc-datacenters\/geneve\/\">\n        <img decoding=\"async\" src=\"https:\/\/www.northcdatacenters.com\/ch-fr\/wp-content\/uploads\/sites\/6\/2026\/03\/Genf-Rendering.webp\" alt=\"\">\n      <\/a>\n      \n  <div class=\"details\">\n    \n          <div class=\"detail\">\n                  <div>Rte du Nant-d'Avril 152<\/div>\n        \n                  <div>1217<\/div>\n        \n                  <div>Meyrin<\/div>\n              <\/div>\n    \n          <a class=\"btn\" href=\"https:\/\/www.northcdatacenters.com\/ch-fr\/northc-datacenters\/geneve\/\">\n        Voir les d\u00e9tails      <\/a>\n      <\/div>\n<\/div>    <\/div>\n  <\/div>\n<\/div>                                        \n<div class=\"card\">\n  <button \n    id=\"ch-fr-munchenstein-basel-1\"\n    class=\"card-header collapsed\"\n    type=\"button\"\n    data-toggle=\"collapse\"\n    data-target=\"#collapse-ch-fr-munchenstein-basel-1\"\n    aria-expanded=\"false\"\n    aria-controls=\"collapse-ch-fr-munchenstein-basel-1\">\n    M\u00fcnchenstein (B\u00e2le) 1  <\/button>\n\n  <div\n    id=\"collapse-ch-fr-munchenstein-basel-1\"\n    class=\"collapse \"\n    aria-labelledby=\"ch-fr-munchenstein-basel-1\"\n    data-parent=\"#interactive-locations-list-switzerland\">\n    <div class=\"card-body\">\n      \n<div class=\"location-content\">\n            <a class=\"thumbnail\" href=\"https:\/\/www.northcdatacenters.com\/ch-fr\/northc-datacenters\/munchenstein-bale-1\/\">\n        <img decoding=\"async\" src=\"https:\/\/www.northcdatacenters.com\/ch-fr\/wp-content\/uploads\/sites\/6\/2022\/07\/Datacenter_Basel.webp\" alt=\"\">\n      <\/a>\n      \n  <div class=\"details\">\n    \n          <div class=\"detail\">\n                  <div>Weidenstrasse 41<\/div>\n        \n                  <div>4142<\/div>\n        \n                  <div>M\u00fcnchenstein (Basel) <\/div>\n              <\/div>\n    \n          <a class=\"btn\" href=\"https:\/\/www.northcdatacenters.com\/ch-fr\/northc-datacenters\/munchenstein-bale-1\/\">\n        Voir les d\u00e9tails      <\/a>\n      <\/div>\n<\/div>    <\/div>\n  <\/div>\n<\/div>                                        \n<div class=\"card\">\n  <button \n    id=\"ch-fr-munchenstein-basel-2\"\n    class=\"card-header collapsed\"\n    type=\"button\"\n    data-toggle=\"collapse\"\n    data-target=\"#collapse-ch-fr-munchenstein-basel-2\"\n    aria-expanded=\"false\"\n    aria-controls=\"collapse-ch-fr-munchenstein-basel-2\">\n    M\u00fcnchenstein (B\u00e2le) 2  <\/button>\n\n  <div\n    id=\"collapse-ch-fr-munchenstein-basel-2\"\n    class=\"collapse \"\n    aria-labelledby=\"ch-fr-munchenstein-basel-2\"\n    data-parent=\"#interactive-locations-list-switzerland\">\n    <div class=\"card-body\">\n      \n<div class=\"location-content\">\n            <a class=\"thumbnail\" href=\"https:\/\/www.northcdatacenters.com\/ch-fr\/northc-datacenters\/munchenstein-bale-2\/\">\n        <img decoding=\"async\" src=\"https:\/\/www.northcdatacenters.com\/ch-fr\/wp-content\/uploads\/sites\/6\/2023\/07\/cropped-Screenshot-MUS2.webp\" alt=\"\">\n      <\/a>\n      \n  <div class=\"details\">\n    \n          <div class=\"detail\">\n                  <div>Weidenstrasse 13<\/div>\n        \n                  <div>4142<\/div>\n        \n                  <div>M\u00fcnchenstein (Basel) <\/div>\n              <\/div>\n    \n          <a class=\"btn\" href=\"https:\/\/www.northcdatacenters.com\/ch-fr\/northc-datacenters\/munchenstein-bale-2\/\">\n        Voir les d\u00e9tails      <\/a>\n      <\/div>\n<\/div>    <\/div>\n  <\/div>\n<\/div>                                        \n<div class=\"card\">\n  <button \n    id=\"ch-fr-winterthour-zurich\"\n    class=\"card-header collapsed\"\n    type=\"button\"\n    data-toggle=\"collapse\"\n    data-target=\"#collapse-ch-fr-winterthour-zurich\"\n    aria-expanded=\"false\"\n    aria-controls=\"collapse-ch-fr-winterthour-zurich\">\n    Winterthour (Zurich)  <\/button>\n\n  <div\n    id=\"collapse-ch-fr-winterthour-zurich\"\n    class=\"collapse \"\n    aria-labelledby=\"ch-fr-winterthour-zurich\"\n    data-parent=\"#interactive-locations-list-switzerland\">\n    <div class=\"card-body\">\n      \n<div class=\"location-content\">\n            <a class=\"thumbnail\" href=\"https:\/\/www.northcdatacenters.com\/ch-fr\/northc-datacenters\/winterthour-zurich\/\">\n        <img decoding=\"async\" src=\"https:\/\/www.northcdatacenters.com\/ch-fr\/wp-content\/uploads\/sites\/6\/2023\/08\/Turm-Areal-Winterthur_shrinked_hero.webp\" alt=\"\">\n      <\/a>\n      \n  <div class=\"details\">\n    \n          <div class=\"detail\">\n                  <div>Theaterstrasse 15c<\/div>\n        \n                  <div>8400<\/div>\n        \n                  <div>Winterthur (Z\u00fcrich)<\/div>\n              <\/div>\n    \n          <a class=\"btn\" href=\"https:\/\/www.northcdatacenters.com\/ch-fr\/northc-datacenters\/winterthour-zurich\/\">\n        Voir les d\u00e9tails      <\/a>\n      <\/div>\n<\/div>    <\/div>\n  <\/div>\n<\/div>                      <\/div>\n        <\/div>\n\n        <div class=\"interactive-locations-map d-none d-lg-flex\">\n          <div class=\"map-wrap\">\n            <div class=\"lottie map-bg\"\n              data-path=\"https:\/\/www.northcdatacenters.com\/ch-fr\/wp-content\/themes\/northc-24\/dist\/lottie\/NorthC_Pulses_Zwitserland_DE.json\"\n              data-loop=\"true\"\n              data-autoplay=\"true\"\n              data-name=\"interactive-locations-map\"\n              data-renderer=\"svg\"\n              data-speed=\"1\"\n              data-lottie-lazyload=\"false\">\n\n              <div class=\"locations\">\n                                                                                                                                                                <div\n  class=\"location collapsed\"\n  style=\"top: 35%; left: 32.8%;\"\n  data-toggle=\"collapse\"\n  data-target=\"#collapse-ch-frbiel-bern\"\n  aria-expanded=\"false\"\n  aria-controls=\"collapse-ch-frbiel-bern\">\n  <div class=\"marker\">\n        <div class=\"pulse\"><\/div>\n  <\/div>\n\n  <div class=\"location-title\">Bienne (Berne)<\/div>\n<\/div>                                                                                                                                                                                  <div\n  class=\"location collapsed\"\n  style=\"top: 21.5%; left: 38.3%;\"\n  data-toggle=\"collapse\"\n  data-target=\"#collapse-ch-fr-munchenstein-basel-1\"\n  aria-expanded=\"false\"\n  aria-controls=\"collapse-ch-fr-munchenstein-basel-1\">\n  <div class=\"marker\">\n        <div class=\"pulse\"><\/div>\n  <\/div>\n\n  <div class=\"location-title\">M\u00fcnchenstein (B\u00e2le) 1<\/div>\n<\/div>                                                                                         <div\n  class=\"location collapsed\"\n  style=\"top: 22.6%; left: 39.8%;\"\n  data-toggle=\"collapse\"\n  data-target=\"#collapse-ch-fr-munchenstein-basel-2\"\n  aria-expanded=\"false\"\n  aria-controls=\"collapse-ch-fr-munchenstein-basel-2\">\n  <div class=\"marker\">\n        <div class=\"pulse\"><\/div>\n  <\/div>\n\n  <div class=\"location-title\">M\u00fcnchenstein (B\u00e2le) 2<\/div>\n<\/div>                                                                                         <div\n  class=\"location collapsed\"\n  style=\"top: 21.6%; left: 56.9%;\"\n  data-toggle=\"collapse\"\n  data-target=\"#collapse-ch-fr-winterthour-zurich\"\n  aria-expanded=\"false\"\n  aria-controls=\"collapse-ch-fr-winterthour-zurich\">\n  <div class=\"marker\">\n        <div class=\"pulse\"><\/div>\n  <\/div>\n\n  <div class=\"location-title\">Winterthour (Zurich)<\/div>\n<\/div>                                                <\/div>\n            <\/div>\n          <\/div>\n        <\/div>\n      <\/div>\n    <\/div>\n  <\/div>[\/vc_column][\/vc_row][vc_row full_width=\u00a0\u00bbstretch_row\u00a0\u00bb el_class=\u00a0\u00bbborder-bottom\u00a0\u00bb][vc_column]<div class=\"cta\">\n  <div class=\"cta-grid\">\n    <div class=\"cta-picture\">\n      \n          <\/div>\n\n    <div class=\"text text-white d-flex flex-column gap-4 justify-content-center align-items-center p-6 pb-12 px-lg-12 px-xxl-28\">\n      <h6 class=\"text-primary lh214 font-extrabold text-center mb-0\"><\/h6>\n      <h3 class=\"mb-2 text-center text-sm-5xl mb-sm-6 text-balance\">M\u00f6chten Sie mehr \u00fcber unsere Rechenzentrums-, Colocation- und Connectivity-Services erfahren?<\/h3>\n      <div class=\"buttons d-flex flex-column flex-lg-row flex-wrap gap-4 align-items-center justify-content-center dark-background\">\n              <\/div>\n    <\/div>\n  <\/div>\n<\/div>[\/vc_column][\/vc_row]<\/p>\n<\/div>","protected":false},"excerpt":{"rendered":"<p>[vc_row][vc_column][\/vc_column][\/vc_row][vc_row full_width=\u00a0\u00bbstretch_row\u00a0\u00bb north_c_background_color=\u00a0\u00bbbg-gray-200&Prime; css=\u00a0\u00bb.vc_custom_1659710408098{padding-top: 8% !important;padding-bottom: 8% !important;}\u00a0\u00bb el_id=\u00a0\u00bbdatacenters-schweiz\u00a0\u00bb][vc_column][\/vc_column][\/vc_row][vc_row full_width=\u00a0\u00bbstretch_row\u00a0\u00bb el_class=\u00a0\u00bbborder-bottom\u00a0\u00bb][vc_column][\/vc_column][\/vc_row]<\/p>\n","protected":false},"author":1,"featured_media":0,"parent":2002,"menu_order":0,"comment_status":"closed","ping_status":"closed","template":"","meta":{"_acf_changed":false,"_relevanssi_hide_post":"","_relevanssi_hide_content":"","_relevanssi_pin_for_all":"","_relevanssi_pin_keywords":"","_relevanssi_unpin_keywords":"","_relevanssi_related_keywords":"","_relevanssi_related_include_ids":"","_relevanssi_related_exclude_ids":"","_relevanssi_related_no_append":"","_relevanssi_related_not_related":"","_relevanssi_related_posts":"","_relevanssi_noindex_reason":"","footnotes":""},"class_list":["post-21296","page","type-page","status-publish","hentry"],"acf":[],"yoast_head":"<!-- This site is optimized with the Yoast SEO Premium plugin v27.5 (Yoast SEO v27.5) - https:\/\/yoast.com\/product\/yoast-seo-premium-wordpress\/ -->\n<title>Unsere Datacenter in der Schweiz | NorthC Datacenters<\/title>\n<meta name=\"description\" content=\"2022 erwarb die NorthC Group drei Datacenter von Netrics in der Schweiz. Die \u00dcbernahme umfasst zwei Rechenzentren in M\u00fcnchenstein und eines in Biel.\" \/>\n<meta name=\"robots\" content=\"index, follow, max-snippet:-1, max-image-preview:large, max-video-preview:-1\" \/>\n<link rel=\"canonical\" href=\"https:\/\/www.northcdatacenters.com\/ch-fr\/northc-datacenters\/suisse\/\" \/>\n<meta property=\"og:locale\" content=\"fr_FR\" \/>\n<meta property=\"og:type\" content=\"article\" \/>\n<meta property=\"og:title\" content=\"Suisse\" \/>\n<meta property=\"og:description\" content=\"2022 erwarb die NorthC Group drei Datacenter von Netrics in der Schweiz. Die \u00dcbernahme umfasst zwei Rechenzentren in M\u00fcnchenstein und eines in Biel.\" \/>\n<meta property=\"og:url\" content=\"https:\/\/www.northcdatacenters.com\/ch-fr\/northc-datacenters\/suisse\/\" \/>\n<meta property=\"og:site_name\" content=\"NorthC Datacenters (CH-FR)\" \/>\n<meta property=\"article:modified_time\" content=\"2026-03-19T13:40:37+00:00\" \/>\n<meta name=\"twitter:card\" content=\"summary_large_image\" \/>\n<meta name=\"twitter:label1\" content=\"Est. reading time\" \/>\n\t<meta name=\"twitter:data1\" content=\"1 minute\" \/>\n<script type=\"application\/ld+json\" class=\"yoast-schema-graph\">{\"@context\":\"https:\\\/\\\/schema.org\",\"@graph\":[{\"@type\":\"WebPage\",\"@id\":\"https:\\\/\\\/www.northcdatacenters.com\\\/ch-fr\\\/northc-datacenters\\\/suisse\\\/\",\"url\":\"https:\\\/\\\/www.northcdatacenters.com\\\/ch-fr\\\/northc-datacenters\\\/suisse\\\/\",\"name\":\"Unsere Datacenter in der Schweiz | NorthC Datacenters\",\"isPartOf\":{\"@id\":\"https:\\\/\\\/www.northcdatacenters.com\\\/ch-fr\\\/#website\"},\"datePublished\":\"2022-07-18T11:09:26+00:00\",\"dateModified\":\"2026-03-19T13:40:37+00:00\",\"description\":\"2022 erwarb die NorthC Group drei Datacenter von Netrics in der Schweiz. Die \u00dcbernahme umfasst zwei Rechenzentren in M\u00fcnchenstein und eines in Biel.\",\"breadcrumb\":{\"@id\":\"https:\\\/\\\/www.northcdatacenters.com\\\/ch-fr\\\/northc-datacenters\\\/suisse\\\/#breadcrumb\"},\"inLanguage\":\"fr-FR\",\"potentialAction\":[{\"@type\":\"ReadAction\",\"target\":[\"https:\\\/\\\/www.northcdatacenters.com\\\/ch-fr\\\/northc-datacenters\\\/suisse\\\/\"]}]},{\"@type\":\"BreadcrumbList\",\"@id\":\"https:\\\/\\\/www.northcdatacenters.com\\\/ch-fr\\\/northc-datacenters\\\/suisse\\\/#breadcrumb\",\"itemListElement\":[{\"@type\":\"ListItem\",\"position\":1,\"name\":\"Home\",\"item\":\"https:\\\/\\\/www.northcdatacenters.com\\\/ch-fr\\\/\"},{\"@type\":\"ListItem\",\"position\":2,\"name\":\"Nos centres de donn\u00e9es\",\"item\":\"https:\\\/\\\/www.northcdatacenters.com\\\/ch-fr\\\/northc-datacenters\\\/\"},{\"@type\":\"ListItem\",\"position\":3,\"name\":\"Suisse\"}]},{\"@type\":\"WebSite\",\"@id\":\"https:\\\/\\\/www.northcdatacenters.com\\\/ch-fr\\\/#website\",\"url\":\"https:\\\/\\\/www.northcdatacenters.com\\\/ch-fr\\\/\",\"name\":\"NorthC Datacenters\",\"description\":\"Digital business, Personal connections.\",\"publisher\":{\"@id\":\"https:\\\/\\\/www.northcdatacenters.com\\\/ch-fr\\\/#organization\"},\"potentialAction\":[{\"@type\":\"SearchAction\",\"target\":{\"@type\":\"EntryPoint\",\"urlTemplate\":\"https:\\\/\\\/www.northcdatacenters.com\\\/ch-fr\\\/?s={search_term_string}\"},\"query-input\":{\"@type\":\"PropertyValueSpecification\",\"valueRequired\":true,\"valueName\":\"search_term_string\"}}],\"inLanguage\":\"fr-FR\"},{\"@type\":\"Organization\",\"@id\":\"https:\\\/\\\/www.northcdatacenters.com\\\/ch-fr\\\/#organization\",\"name\":\"NorthC Datacenters\",\"url\":\"https:\\\/\\\/www.northcdatacenters.com\\\/ch-fr\\\/\",\"logo\":{\"@type\":\"ImageObject\",\"inLanguage\":\"fr-FR\",\"@id\":\"https:\\\/\\\/www.northcdatacenters.com\\\/ch-fr\\\/#\\\/schema\\\/logo\\\/image\\\/\",\"url\":\"https:\\\/\\\/www.northcdatacenters.com\\\/ch-fr\\\/wp-content\\\/uploads\\\/sites\\\/6\\\/2024\\\/11\\\/Logo_NorthC.svg\",\"contentUrl\":\"https:\\\/\\\/www.northcdatacenters.com\\\/ch-fr\\\/wp-content\\\/uploads\\\/sites\\\/6\\\/2024\\\/11\\\/Logo_NorthC.svg\",\"width\":110,\"height\":24,\"caption\":\"NorthC Datacenters\"},\"image\":{\"@id\":\"https:\\\/\\\/www.northcdatacenters.com\\\/ch-fr\\\/#\\\/schema\\\/logo\\\/image\\\/\"}}]}<\/script>\n<!-- \/ Yoast SEO Premium plugin. -->","yoast_head_json":{"title":"Unsere Datacenter in der Schweiz | NorthC Datacenters","description":"2022 erwarb die NorthC Group drei Datacenter von Netrics in der Schweiz. Die \u00dcbernahme umfasst zwei Rechenzentren in M\u00fcnchenstein und eines in Biel.","robots":{"index":"index","follow":"follow","max-snippet":"max-snippet:-1","max-image-preview":"max-image-preview:large","max-video-preview":"max-video-preview:-1"},"canonical":"https:\/\/www.northcdatacenters.com\/ch-fr\/northc-datacenters\/suisse\/","og_locale":"fr_FR","og_type":"article","og_title":"Suisse","og_description":"2022 erwarb die NorthC Group drei Datacenter von Netrics in der Schweiz. Die \u00dcbernahme umfasst zwei Rechenzentren in M\u00fcnchenstein und eines in Biel.","og_url":"https:\/\/www.northcdatacenters.com\/ch-fr\/northc-datacenters\/suisse\/","og_site_name":"NorthC Datacenters (CH-FR)","article_modified_time":"2026-03-19T13:40:37+00:00","twitter_card":"summary_large_image","twitter_misc":{"Est. reading time":"1 minute"},"schema":{"@context":"https:\/\/schema.org","@graph":[{"@type":"WebPage","@id":"https:\/\/www.northcdatacenters.com\/ch-fr\/northc-datacenters\/suisse\/","url":"https:\/\/www.northcdatacenters.com\/ch-fr\/northc-datacenters\/suisse\/","name":"Unsere Datacenter in der Schweiz | NorthC Datacenters","isPartOf":{"@id":"https:\/\/www.northcdatacenters.com\/ch-fr\/#website"},"datePublished":"2022-07-18T11:09:26+00:00","dateModified":"2026-03-19T13:40:37+00:00","description":"2022 erwarb die NorthC Group drei Datacenter von Netrics in der Schweiz. Die \u00dcbernahme umfasst zwei Rechenzentren in M\u00fcnchenstein und eines in Biel.","breadcrumb":{"@id":"https:\/\/www.northcdatacenters.com\/ch-fr\/northc-datacenters\/suisse\/#breadcrumb"},"inLanguage":"fr-FR","potentialAction":[{"@type":"ReadAction","target":["https:\/\/www.northcdatacenters.com\/ch-fr\/northc-datacenters\/suisse\/"]}]},{"@type":"BreadcrumbList","@id":"https:\/\/www.northcdatacenters.com\/ch-fr\/northc-datacenters\/suisse\/#breadcrumb","itemListElement":[{"@type":"ListItem","position":1,"name":"Home","item":"https:\/\/www.northcdatacenters.com\/ch-fr\/"},{"@type":"ListItem","position":2,"name":"Nos centres de donn\u00e9es","item":"https:\/\/www.northcdatacenters.com\/ch-fr\/northc-datacenters\/"},{"@type":"ListItem","position":3,"name":"Suisse"}]},{"@type":"WebSite","@id":"https:\/\/www.northcdatacenters.com\/ch-fr\/#website","url":"https:\/\/www.northcdatacenters.com\/ch-fr\/","name":"NorthC Datacenters","description":"Digital business, Personal connections.","publisher":{"@id":"https:\/\/www.northcdatacenters.com\/ch-fr\/#organization"},"potentialAction":[{"@type":"SearchAction","target":{"@type":"EntryPoint","urlTemplate":"https:\/\/www.northcdatacenters.com\/ch-fr\/?s={search_term_string}"},"query-input":{"@type":"PropertyValueSpecification","valueRequired":true,"valueName":"search_term_string"}}],"inLanguage":"fr-FR"},{"@type":"Organization","@id":"https:\/\/www.northcdatacenters.com\/ch-fr\/#organization","name":"NorthC Datacenters","url":"https:\/\/www.northcdatacenters.com\/ch-fr\/","logo":{"@type":"ImageObject","inLanguage":"fr-FR","@id":"https:\/\/www.northcdatacenters.com\/ch-fr\/#\/schema\/logo\/image\/","url":"https:\/\/www.northcdatacenters.com\/ch-fr\/wp-content\/uploads\/sites\/6\/2024\/11\/Logo_NorthC.svg","contentUrl":"https:\/\/www.northcdatacenters.com\/ch-fr\/wp-content\/uploads\/sites\/6\/2024\/11\/Logo_NorthC.svg","width":110,"height":24,"caption":"NorthC Datacenters"},"image":{"@id":"https:\/\/www.northcdatacenters.com\/ch-fr\/#\/schema\/logo\/image\/"}}]}},"_links":{"self":[{"href":"https:\/\/www.northcdatacenters.com\/ch-fr\/wp-json\/wp\/v2\/pages\/21296","targetHints":{"allow":["GET"]}}],"collection":[{"href":"https:\/\/www.northcdatacenters.com\/ch-fr\/wp-json\/wp\/v2\/pages"}],"about":[{"href":"https:\/\/www.northcdatacenters.com\/ch-fr\/wp-json\/wp\/v2\/types\/page"}],"author":[{"embeddable":true,"href":"https:\/\/www.northcdatacenters.com\/ch-fr\/wp-json\/wp\/v2\/users\/1"}],"replies":[{"embeddable":true,"href":"https:\/\/www.northcdatacenters.com\/ch-fr\/wp-json\/wp\/v2\/comments?post=21296"}],"version-history":[{"count":2,"href":"https:\/\/www.northcdatacenters.com\/ch-fr\/wp-json\/wp\/v2\/pages\/21296\/revisions"}],"predecessor-version":[{"id":29743,"href":"https:\/\/www.northcdatacenters.com\/ch-fr\/wp-json\/wp\/v2\/pages\/21296\/revisions\/29743"}],"up":[{"embeddable":true,"href":"https:\/\/www.northcdatacenters.com\/ch-fr\/wp-json\/wp\/v2\/pages\/2002"}],"wp:attachment":[{"href":"https:\/\/www.northcdatacenters.com\/ch-fr\/wp-json\/wp\/v2\/media?parent=21296"}],"curies":[{"name":"wp","href":"https:\/\/api.w.org\/{rel}","templated":true}]}}