{"id":30008,"date":"2025-07-29T09:16:13","date_gmt":"2025-07-29T09:16:13","guid":{"rendered":"https:\/\/www.northcdatacenters.com\/ch-fr\/?page_id=30008"},"modified":"2026-04-03T19:41:52","modified_gmt":"2026-04-03T19:41:52","slug":"francfort-2","status":"publish","type":"page","link":"https:\/\/www.northcdatacenters.com\/ch-fr\/northc-datacenters\/francfort-2\/","title":{"rendered":"Francfort 2"},"content":{"rendered":"<div class=\"wpb-content-wrapper\"><p>[vc_row full_width=\u00a0\u00bbstretch_row_content_no_spaces\u00a0\u00bb][vc_column]\n<div class=\"hero \">\n  \n    <div class=\"hero-bg dark-overlay dark-overlay-on-image\"\n      style=\"position: relative; overflow: hidden; width: 100%; min-height: 66vh; background-color: #f0f0f0;\">\n      <figure style=\"width: 100%; height: 100%;\">\n        <img\n          class=\"hero-image\"\n          src=\"https:\/\/www.northcdatacenters.com\/ch-fr\/wp-content\/uploads\/sites\/6\/2026\/04\/Frankfurt-2.webp\"\n          srcset=\"https:\/\/www.northcdatacenters.com\/ch-fr\/wp-content\/uploads\/sites\/6\/2026\/04\/Frankfurt-2-300x200.webp 300w, https:\/\/www.northcdatacenters.com\/ch-fr\/wp-content\/uploads\/sites\/6\/2026\/04\/Frankfurt-2-510x360.webp 510w, https:\/\/www.northcdatacenters.com\/ch-fr\/wp-content\/uploads\/sites\/6\/2026\/04\/Frankfurt-2-600x840.webp 600w, https:\/\/www.northcdatacenters.com\/ch-fr\/wp-content\/uploads\/sites\/6\/2026\/04\/Frankfurt-2-800x500.webp 800w, https:\/\/www.northcdatacenters.com\/ch-fr\/wp-content\/uploads\/sites\/6\/2026\/04\/Frankfurt-2-1024x683.webp 1024w, https:\/\/www.northcdatacenters.com\/ch-fr\/wp-content\/uploads\/sites\/6\/2026\/04\/Frankfurt-2.webp 1536w, \"\n          sizes=\"(min-width: 1536px) 1536px, 100vw\"\n          type=\"image\/webp\"\n          loading=\"eager\"\n          decoding=\"async\"\n          fetchpriority=\"high\"\n          alt=\"Model 3D du futur centre de donn\u00e9es NorthC de Francfort 2. Il est rectangulaire et entour\u00e9 de verdure. Quelques murs v\u00e9g\u00e9taux ornent les fa\u00e7ades du b\u00e2timent.\"\n          style=\"\n            position: absolute;\n            top: 0;\n            left: 0;\n            width: 100%;\n            height: 100%;\n            object-fit: cover;\n            object-position: 50% center;\n            opacity: 1;\n            aspect-ratio: 1.7777777777777777;\n          \"\n        >\n        <div class=\"scroll-indicator\">\n  <svg width=\"24\" height=\"24\" viewBox=\"0 0 24 24\" fill=\"none\" xmlns=\"http:\/\/www.w3.org\/2000\/svg\" aria-hidden=\"true\">\n    <rect x=\"7.25\" y=\"2.75\" width=\"9.5\" height=\"18.5\" rx=\"4.75\" stroke=\"white\" stroke-width=\"1.5\" \/>\n    <rect class=\"scroll\" x=\"10\" y=\"6\" width=\"4\" height=\"7\" rx=\"2\" fill=\"white\" \/>\n  <\/svg>\n<\/div>      <\/figure>\n    <\/div>\n  \n  <div class=\"container hero-content text-white \">\n    <div class=\"title d-flex flex-column gap-3 gap-lg-4\">\n              <div class=\"d-flex flex-column flex-lg-row gap-4\">\n                      <h3 class=\"chapeau text-base mb-0 text-white order-1 order-lg-0\">Nos centres de donn\u00e9es<\/h3>\n                            <\/div>\n            <h1 class=\"mb-6 lh-sm\">Centre de donn\u00e9es de Francfort 2<\/h1>\n\n      \n      \n          <\/div>\n  <\/div>\n\n      <div class=\"container hero-text-container-wrap\">\n      <div class=\"hero-text-container text-bg-white z-1 py-16 px-md-3 slanted slanted-xl-space-left slanted-xl-from-bottom-left\">\n        <div class=\"container\">\n          <div class=\"d-flex flex-column gap-6\">\n            \n<nav class=\"font-extrabold text-xs text-gray-500\" aria-label=\"breadcrumb\">\n  <ol class='breadcrumb'>      <li class=\"breadcrumb-item \" >\n                  <a href=\"https:\/\/www.northcdatacenters.com\/ch-fr\" class=\"text-decoration-none text-gray-500\">Home<\/a>\n              <\/li>\n      <li class=\"breadcrumb-item \" >\n                  <a href=\"https:\/\/www.northcdatacenters.com\/ch-fr\/northc-datacenters\/\" class=\"text-decoration-none text-gray-500\">Nos centres de donn\u00e9es<\/a>\n              <\/li>\n      <li class=\"breadcrumb-item  active\" aria-current=\"page\">\n                  Francfort 2              <\/li>\n<\/ol><\/nav>\n\n                          <h3 class=\"font-bold mb-0 text-4xl lh-lead\">Gr\u00e2ce \u00e0 sa conception modulaire, Francfort 2 allie une grande \u00e9volutivit\u00e9 et une s\u00e9curit\u00e9 optimale \u00e0 une durabilit\u00e9 exceptionnelle pour les infrastructures d'IA et informatiques.<\/h3>\n            \n            <div class=\"button-list\">\n                              \n  <button class=\"btn btn-primary\" type=\"button\" data-bs-toggle=\"offcanvas\" data-bs-target=\"#offcanvas_28\" aria-controls=\"offcanvas_28\">\n    Contactez-nous  <\/button>\n                          <\/div>\n          <\/div>\n        <\/div>\n      <\/div>\n    <\/div>\n  <\/div>[\/vc_column][\/vc_row][vc_row][vc_column][vc_column_text]<\/p>\n<h2>Centre de donn\u00e9es de Francfort 2<\/h2>\n<p>Situ\u00e9 \u00e0 environ 8 km au sud de la m\u00e9tropole financi\u00e8re de Francfort, dans la zone industrielle de la ville de Neu-Isenburg, Francfort 2 allie une colocation informatique durable \u00e0 des trajectoires de croissance \u00e9volutives en mati\u00e8re d&rsquo;IA. Francfort 2 compl\u00e8te parfaitement les centres de donn\u00e9es NorthC de la r\u00e9gion Rhin-Main, aux c\u00f4t\u00e9s des centres de donn\u00e9es NorthC en Allemagne, en Suisse et au Benelux, pour les clients des secteurs de la finance, de la sant\u00e9, des m\u00e9dias et de l&rsquo;administration publique.<\/p>\n<pre><\/pre>\n<p>[\/vc_column_text]\n<div class=\"route bg-white px-6 py-4 py-lg-6 d-flex flex-column flex-lg-row justify-content-lg-between align-items-lg-center gap-6\">\n  <div class=\"flex-grow-0\">\n    <div class=\"d-flex align-items-center mb-2 gap-4\">\n      <i class=\"material-symbols-outlined\" aria-hidden=\"true\"><jello-icon name=\"material\/location_on\"><\/jello-icon><\/i>\n      <address class=\"mb-0\">\n        <span class=\"font-extrabold\">Adresse: <\/span>Dornhofstrasse 14, 63263 Neu-Isenburg      <\/address>\n    <\/div>\n    <div class=\"d-flex align-items-center mb-2 gap-4\">\n      <i class=\"material-symbols-outlined\" aria-hidden=\"true\"><jello-icon name=\"material\/call\"><\/jello-icon><\/i>\n      <a href=\"tel:+4991289909300\" class=\"text-decoration-none\"><span class=\"font-extrabold\">T\u00e9l\u00e9phone:<\/span> +49 9128 99093 00<\/a>\n    <\/div>\n  <\/div>\n  <div class=\"d-flex flex-shrink-0 align-items-center gap-6 route-image-container\">\n          <img decoding=\"async\" src=\"https:\/\/www.northcdatacenters.com\/ch-fr\/wp-content\/uploads\/sites\/6\/2026\/04\/Maps-Neu-Isenburg.webp\" alt=\"Route\" class=\"rounded-full\" style=\"width: 90px; height: 90px;\">\n    \n    <a href=\"https:\/\/www.google.com\/maps\/dir\/?api=1&destination=Dornhofstrasse+14%2C+63263+Neu-Isenburg%2C+germany\" target=\"_blank\" rel=\"noopener\">Comment s'y rendre ?<\/a>\n  <\/div>\n<\/div>\n\n[\/vc_column][\/vc_row][vc_row][vc_column]\n<div class=\"facts\">\n  <div class=\"column-container\">\n    <div class=\"facts-column\">\n      <header class=\"d-flex flex-column pt-16 pb-6 px-6\">\n        <h4 class=\"chapeau text-gray-500 text-base lh-sm\">Caract\u00e9ristiques<\/h4>\n        <h3 class=\"mb-0\">Centre de donn\u00e9es de Francfort 2<\/h3>\n      <\/header>\n\n      <div class=\"bg-white\">\n        <div class=\"bg-primary px-6 py-0 slanted slanted-from-top-right\" style=\"width: 168px;\">\n          <i class=\"d-flex text-black\" style=\"font-size: 100px;\" aria-hidden=\"true\"><jello-icon name=\"custom\/information\"><\/jello-icon><\/i>\n        <\/div>\n        <div class=\"d-flex flex-column gap-6 bg-white p-6 pb-10 specs-container\">\n          <h3 class=\"mb-0\">Caract\u00e9ristiques g\u00e9n\u00e9rales<\/h3>\n\n          <dl class=\"list-unstyled mb-0\">\n                          <dt>\n                <label class=\"d-flex align-items-center gap-2 spec-label\">\n                                    <span>Puissance totale en MW<\/span>\n                <\/label>\n              <\/dt>\n              <dd><p>3 MW (Phase 1)<\/p>\n<\/dd>\n                          <dt>\n                <label class=\"d-flex align-items-center gap-2 spec-label\">\n                                    <span>Efficacit\u00e9 \u00e9nerg\u00e9tique<\/span>\n                <\/label>\n              <\/dt>\n              <dd><p>\u2264 1,2 (by Design)<\/p>\n<\/dd>\n                          <dt>\n                <label class=\"d-flex align-items-center gap-2 spec-label\">\n                                    <span>Disponible \u00e0 partir du<\/span>\n                <\/label>\n              <\/dt>\n              <dd><p>Janvier 2027<\/p>\n<\/dd>\n                      <\/dl>\n        <\/div>\n      <\/div>\n    <\/div>\n\n    <div class=\"facts-column\">\n      <div class=\"d-flex align-items-center justify-content-center bg-gray-300 px-6 py-4 download-image-container\">\n              <\/div>\n\n      <div class=\"bg-white\">\n        <div class=\"d-flex flex-column gap-6 px-6 py-16 more-insights-container\">\n          <div class=\"get-more-insights\">\n            <?xml encoding=\"UTF-8\"><h2>Pourquoi choisir NorthC comme plateforme de centre de donn&eacute;es ?<\/h2><ul class=\"check-list\">\n<li style=\"font-weight: 400\">Premier fournisseur de centres de donn&eacute;es en p&eacute;riph&eacute;rie en Europe<\/li>\n<li style=\"font-weight: 400\">Souverainet&eacute; des donn&eacute;es allemandes<\/li>\n<li style=\"font-weight: 400\">Architecture haute densit&eacute; et compatible avec l&rsquo;IA<\/li>\n<li style=\"font-weight: 400\">Conforme aux normes KRITIS et DORA<\/li>\n<li style=\"font-weight: 400\">Hub ind&eacute;pendant des op&eacute;rateurs t&eacute;l&eacute;coms<\/li>\n<li style=\"font-weight: 400\">Peering direct avec DE-CIX<\/li>\n<\/ul>\n          <\/div>\n          <div>\n                                      \n  <button class=\"btn btn-primary\" type=\"button\" data-bs-toggle=\"offcanvas\" data-bs-target=\"#offcanvas_28\" aria-controls=\"offcanvas_28\">\n    Contactez-nous  <\/button>\n                      <\/div>\n        <\/div>\n      <\/div>\n    <\/div>\n  <\/div>\n\n<\/div>[\/vc_column][\/vc_row][vc_row][vc_column offset=\u00a0\u00bbvc_col-md-offset-2 vc_col-md-8&Prime;]<div class=\"title d-flex flex-wrap flex-column justify-content-center gap-4 mb-12\">\n  <div class=\"d-flex flex-column text-center\">\n          <h3 class=\"chapeau text-base text-gray-500\">Certificats<\/h3>\n    \n    <div class=\"d-flex flex-column gap-4\">\n      <h2 class=\"mb-0\">Nos certifications garantissent et attestent la qualit\u00e9 et la continuit\u00e9 de nos services<\/h2>\n\n          <\/div>\n\n    \n\n  <\/div>\n  <\/div>\n<div class=\"button-list justify-content-center\">\n      <a href=\"\/ch-fr\/a-propos-de-nous\/certifications\/#iso9001\" target=\"_blank\" rel=\"noopener\" class=\"btn btn-secondary\">\n      ISO 9001    <\/a>\n      <a href=\"\/ch-fr\/a-propos-de-nous\/certifications\/#iso27001\" target=\"_blank\" rel=\"noopener\" class=\"btn btn-secondary\">\n      ISO 27001    <\/a>\n      <a href=\"\/ch-fr\/a-propos-de-nous\/certifications\/#isae3402\" target=\"_blank\" rel=\"noopener\" class=\"btn btn-secondary\">\n      ISAE 3402    <\/a>\n      <a href=\"\/ch-fr\/a-propos-de-nous\/certifications\/#dinen50600\" target=\"_blank\" rel=\"noopener\" class=\"btn btn-secondary\">\n      DIN EN 50600    <\/a>\n      <a href=\"\/ch-fr\/a-propos-de-nous\/certifications\/#iso14001\" target=\"_blank\" rel=\"noopener\" class=\"btn btn-secondary\">\n      ISO 14001    <\/a>\n      <a href=\"\/ch-fr\/a-propos-de-nous\/certifications\/#iso20001\" target=\"_blank\" rel=\"noopener\" class=\"btn btn-secondary\">\n      ISO 20001    <\/a>\n  <\/div>[\/vc_column][\/vc_row][vc_row][vc_column][vc_column_text]<\/p>\n<h2>Conception modulaire<\/h2>\n<p>Le centre de donn\u00e9es sera construit selon un principe modulaire pr\u00e9fabriqu\u00e9, et l&rsquo;infrastructure technique sera int\u00e9gr\u00e9e sous forme de modules complets, tels que des groupes \u00e9lectrog\u00e8nes de secours, des transformateurs, etc. Les salles de serveurs modulaires \u00e0 deux \u00e9tages pourront s&rsquo;\u00e9tendre sur une superficie totale d&rsquo;environ 5 800 m\u00b2.<\/p>\n<p>La phase 1, qui sera op\u00e9rationnelle \u00e0 partir de janvier 2027, se compose de 2 x 2 modules empil\u00e9s offrant au total 1 200 m\u00b2 d\u2019espace blanc et une charge informatique de 3 MW, compl\u00e9t\u00e9s par un module s\u00e9par\u00e9 abritant la cage d\u2019escalier, l\u2019entrep\u00f4t et le monte-charge menant \u00e0 l\u2019\u00e9tage sup\u00e9rieur.<\/p>\n<p>Les modules suppl\u00e9mentaires seront ajout\u00e9s d\u00e8s que le centre de donn\u00e9es devra \u00eatre mis \u00e0 l&rsquo;\u00e9chelle. Cela garantit que les capacit\u00e9s ne seront \u00e9tendues rapidement qu&rsquo;en fonction des besoins, sans avoir \u00e0 construire imm\u00e9diatement un centre de donn\u00e9es complet. Cela permet une expansion durable et adapt\u00e9e aux besoins.<br \/>\nLe b\u00e2timent de bureaux attenant abrite le NorthC Security Office, qui assure un acc\u00e8s s\u00e9curis\u00e9 \u00e0 plusieurs niveaux au centre de donn\u00e9es, ainsi que les salles Carrier Meet-Me. Des places de stationnement ainsi que des bureaux partag\u00e9s gratuits ou des espaces de bureaux d\u00e9di\u00e9s \u00e0 la location sont \u00e9galement \u00e0 la disposition des clients.<\/p>\n<pre><\/pre>\n<p>[\/vc_column_text][\/vc_column][\/vc_row][vc_row full_width=\u00a0\u00bbstretch_row_content\u00a0\u00bb][vc_column]<div class=\"title-block px-3 title-block-image-right\">\n  <div class=\"container image-container\" style=\"--image-position-x: 50%;\">\n          <picture class=\"responsive-picture \">\n  <img decoding=\"async\" src=\"https:\/\/www.northcdatacenters.com\/ch-fr\/wp-content\/uploads\/sites\/6\/2026\/04\/NI-1600x1143.webp\" srcset=\"\"\n  class=\"\" style=\"\"\n  loading=\"lazy\"\n  sizes=\"(min-width: 1400px) 1200px, (min-width: 1200px) 48vw, 100vw\" \/><\/picture>      <\/div>\n\n  <div class=\"d-none d-xl-block background-with-slanted-edge slanted\"><\/div>\n\n  <div class=\"container text-container\">\n    <div class=\"text-bg-white text py-9 px-6 d-flex flex-column\">\n              <h2 class=\"font-heavy lh-sm\">Durabilit\u00e9<\/h2>\n      \n      <div class=\"content lh-xl\">\n        <p>NorthC Francfort 2 est un projet prim\u00e9 qui illustre comment concilier les besoins \u00e9nerg\u00e9tiques croissants li\u00e9s \u00e0 l&rsquo;informatique, au calcul haute performance et \u00e0 l&rsquo;intelligence artificielle (IA) avec la pr\u00e9servation de l&rsquo;environnement et de nos ressources naturelles.<\/p>\n<ul class=\"check-list\">\n<li>Fa\u00e7ades v\u00e9g\u00e9talis\u00e9es<\/li>\n<li>R\u00e9cup\u00e9ration des eaux de pluie<\/li>\n<li>NEA avec pr\u00e9chauffage \u00e0 partir de la chaleur r\u00e9siduelle<\/li>\n<li>Valorisation locale de la chaleur r\u00e9siduelle<\/li>\n<li>Prairies fleuries sur le campus<\/li>\n<li>\u00c9lectricit\u00e9 verte issue d&rsquo;\u00e9nergies renouvelables<\/li>\n<\/ul>\n      <\/div>\n\n          <\/div>\n  <\/div>\n<\/div>[\/vc_column][\/vc_row][vc_row full_width=\u00a0\u00bbstretch_row_content\u00a0\u00bb][vc_column]<div class=\"title-block px-3 title-block-image-left\">\n  <div class=\"container image-container\" style=\"--image-position-x: 50%;\">\n          <picture class=\"responsive-picture \">\n  <img decoding=\"async\" src=\"https:\/\/www.northcdatacenters.com\/ch-fr\/wp-content\/uploads\/sites\/6\/2026\/04\/Regenwasser-Neu-Isenburg-1600x1143.webp\" srcset=\"\"\n  class=\"\" style=\"\"\n  loading=\"lazy\"\n  sizes=\"(min-width: 1400px) 1200px, (min-width: 1200px) 48vw, 100vw\" \/><\/picture>      <\/div>\n\n  <div class=\"d-none d-xl-block background-with-slanted-edge slanted\"><\/div>\n\n  <div class=\"container text-container\">\n    <div class=\"text-bg-white text py-9 px-6 d-flex flex-column\">\n              <h2 class=\"font-heavy lh-sm\">R\u00e9cup\u00e9ration des eaux de pluie et v\u00e9g\u00e9talisation<\/h2>\n      \n      <div class=\"content lh-xl\">\n        <p>L&rsquo;utilisation et la pr\u00e9servation des ressources naturelles offrent non seulement des avantages \u00e9cologiques, mais aussi \u00e9conomiques pour NorthC et ses clients. Ainsi, rien qu&rsquo;en utilisant l&rsquo;eau de pluie, on \u00e9conomise chaque mois environ 13 000 litres d&rsquo;eau potable pr\u00e9cieuse pour le nettoyage des refroidisseurs, des toilettes et l&rsquo;arrosage des espaces verts et des bacs \u00e0 plantes.<\/p>\n<ul class=\"check-list\">\n<li>Pr\u00e9servation des ressources en eau potable<\/li>\n<li>\u00c9conomies sur les co\u00fbts li\u00e9s \u00e0 l&rsquo;eau potable<\/li>\n<li>Favorisation de la recharge des nappes phr\u00e9atiques<\/li>\n<li>Am\u00e9lioration de l&rsquo;\u00e9cosyst\u00e8me local<\/li>\n<li>Am\u00e9lioration du microclimat gr\u00e2ce \u00e0 une \u00e9vaporation locale accrue<\/li>\n<\/ul>\n      <\/div>\n\n          <\/div>\n  <\/div>\n<\/div>[\/vc_column][\/vc_row][vc_row full_width=\u00a0\u00bbstretch_row_content\u00a0\u00bb][vc_column]<div class=\"title-block px-3 title-block-image-right\">\n  <div class=\"container image-container\" style=\"--image-position-x: 50%;\">\n          <picture class=\"responsive-picture \">\n  <img decoding=\"async\" src=\"https:\/\/www.northcdatacenters.com\/ch-fr\/wp-content\/uploads\/sites\/6\/2026\/04\/Fassadenbegruenung-Neu-Isenburg-1600x1143.webp\" srcset=\"\"\n  class=\"\" style=\"\"\n  loading=\"lazy\"\n  sizes=\"(min-width: 1400px) 1200px, (min-width: 1200px) 48vw, 100vw\" \/><\/picture>      <\/div>\n\n  <div class=\"d-none d-xl-block background-with-slanted-edge slanted\"><\/div>\n\n  <div class=\"container text-container\">\n    <div class=\"text-bg-white text py-9 px-6 d-flex flex-column\">\n              <h2 class=\"font-heavy lh-sm\">V\u00e9g\u00e9tation et prairies fleuries<\/h2>\n      \n      <div class=\"content lh-xl\">\n        <ul class=\"check-list\">\n<li>Promotion de la biodiversit\u00e9<\/li>\n<li>Refroidissement de l&rsquo;environnement<\/li>\n<li>Fixation des particules fines<\/li>\n<li>Purification de l&rsquo;air<\/li>\n<li>Absorption acoustique<\/li>\n<li>Aspect esth\u00e9tique<\/li>\n<\/ul>\n      <\/div>\n\n          <\/div>\n  <\/div>\n<\/div>[\/vc_column][\/vc_row][vc_row full_width=\u00a0\u00bbstretch_row_content\u00a0\u00bb][vc_column]<div class=\"title-block px-3 title-block-image-left\">\n  <div class=\"container image-container\" style=\"--image-position-x: 50%;\">\n          <picture class=\"responsive-picture \">\n  <img decoding=\"async\" src=\"https:\/\/www.northcdatacenters.com\/ch-fr\/wp-content\/uploads\/sites\/6\/2024\/11\/northc-nederland-diensten-cloud-connect-1-1600x985.webp\" srcset=\"\"\n  class=\"\" style=\"\"\n  loading=\"lazy\"\n  sizes=\"(min-width: 1400px) 1200px, (min-width: 1200px) 48vw, 100vw\" \/><\/picture>      <\/div>\n\n  <div class=\"d-none d-xl-block background-with-slanted-edge slanted\"><\/div>\n\n  <div class=\"container text-container\">\n    <div class=\"text-bg-white text py-9 px-6 d-flex flex-column\">\n              <h2 class=\"font-heavy lh-sm\">Centre de donn\u00e9es ind\u00e9pendant des op\u00e9rateurs t\u00e9l\u00e9coms et du Cloud<\/h2>\n      \n      <div class=\"content lh-xl\">\n        En tant que centre de donn\u00e9es ind\u00e9pendant des op\u00e9rateurs t\u00e9l\u00e9coms et du Cloud, NorthC Francfort 2 offre des conditions flexibles pour l\u2019informatique haute densit\u00e9 et la colocation de serveurs. Gr\u00e2ce \u00e0 notre r\u00e9seau d\u2019entreprises partenaires, vous b\u00e9n\u00e9ficiez de services manag\u00e9s et d\u2019options de Cloud suppl\u00e9mentaires.      <\/div>\n\n          <\/div>\n  <\/div>\n<\/div>[\/vc_column][\/vc_row][vc_row full_width=\u00a0\u00bbstretch_row_content\u00a0\u00bb][vc_column]<div class=\"title-block px-3 title-block-image-right\">\n  <div class=\"container image-container\" style=\"--image-position-x: 50%;\">\n          <picture class=\"responsive-picture \">\n  <img decoding=\"async\" src=\"https:\/\/www.northcdatacenters.com\/ch-fr\/wp-content\/uploads\/sites\/6\/2024\/11\/northc-flags-1600x1143.webp\" srcset=\"\"\n  class=\"\" style=\"\"\n  loading=\"lazy\"\n  sizes=\"(min-width: 1400px) 1200px, (min-width: 1200px) 48vw, 100vw\" \/><\/picture>      <\/div>\n\n  <div class=\"d-none d-xl-block background-with-slanted-edge slanted\"><\/div>\n\n  <div class=\"container text-container\">\n    <div class=\"text-bg-white text py-9 px-6 d-flex flex-column\">\n              <h2 class=\"font-heavy lh-sm\">Pourquoi devriez-vous miser sur NorthC ?<\/h2>\n      \n      <div class=\"content lh-xl\">\n        Parce que nous unissons la connectivit\u00e9 et la durabilit\u00e9. Avec nous, vous obtenez un centre de donn\u00e9es profond\u00e9ment ancr\u00e9 dans la r\u00e9gion et internationalement connect\u00e9, directement accessible et avec une connexion de premier ordre. Vous pouvez travailler au niveau r\u00e9gional tout en acc\u00e9dant \u00e0 un r\u00e9seau mondial : vos donn\u00e9es restent en s\u00e9curit\u00e9 sur place, tandis que votre port\u00e9e est mondiale. Notre infrastructure garantit une s\u00e9curit\u00e9 maximale dans le Cloud, rapide, fiable et toujours disponible. Ainsi, nous cr\u00e9ons une base qui est exactement adapt\u00e9e \u00e0 vos besoins.      <\/div>\n\n          <\/div>\n  <\/div>\n<\/div>[\/vc_column][\/vc_row][vc_row full_width=\u00a0\u00bbstretch_row_content\u00a0\u00bb][vc_column]<div class=\"title-block px-3 title-block-image-left\">\n  <div class=\"container image-container\" style=\"--image-position-x: 50%;\">\n          <picture class=\"responsive-picture \">\n  <img decoding=\"async\" src=\"https:\/\/www.northcdatacenters.com\/ch-fr\/wp-content\/uploads\/sites\/6\/2026\/04\/Green-Datacenter-1600x1143.webp\" srcset=\"\"\n  class=\"\" style=\"\"\n  loading=\"lazy\"\n  sizes=\"(min-width: 1400px) 1200px, (min-width: 1200px) 48vw, 100vw\" \/><\/picture>      <\/div>\n\n  <div class=\"d-none d-xl-block background-with-slanted-edge slanted\"><\/div>\n\n  <div class=\"container text-container\">\n    <div class=\"text-bg-white text py-9 px-6 d-flex flex-column\">\n              <h2 class=\"font-heavy lh-sm\">Certification Platine : Green Datacenter<\/h2>\n      \n      <div class=\"content lh-xl\">\n        <p>En 2024, NorthC a remport\u00e9 la m\u00e9daille de platine du Readers&rsquo; Choice Award d\u00e9cern\u00e9 par Vogel IT-Medien dans la cat\u00e9gorie \u00ab Colocation verte \u00bb !<\/p>\n<p>Notre objectif ? Ne pas \u00eatre un succ\u00e8s \u00e9ph\u00e9m\u00e8re, mais faire passer un message durable !<br \/>\nCar chez NorthC, nous ne pensons pas en termes de r\u00e9compenses, mais en termes d&rsquo;avenir : notre nouveau centre de donn\u00e9es \u00e0 Francfort (Neu-Isenburg) en est le meilleur exemple. D\u00e8s la phase de planification, nous mettons tout en \u0153uvre pour que notre vision de la neutralit\u00e9 carbone d&rsquo;ici 2030 devienne r\u00e9alit\u00e9.<\/p>\n      <\/div>\n\n              <div class=\"d-flex gap-3 flex-wrap mt-4\">\n                      \n  <a href=\"https:\/\/www.northcdatacenters.com\/ch-fr\/a-propos-de-nous\/centre-de-donnees-durable\/\" class=\"btn btn-primary btn-video\" target=\"\">\n    En savoir plus  <\/a>\n                  <\/div>\n          <\/div>\n  <\/div>\n<\/div>[\/vc_column][\/vc_row][vc_row][vc_column]\n<section class=\"solutions-slider cp-row cp-collapse \">\n  <header>\n    <h4 class=\"chapeau text-base text-gray-500\">Nos services<\/h4>\n    <h3 class=\"mb-10 mb-lg-16 text-lg-5xl\">D\u00e9couvrez comment NorthC peut vous aider<\/h3>\n  <\/header>\n\n  <div class=\"swiper-container\">\n    <div class=\"swiper solutions-swiper pb-6 pb-lg-16\">\n      <div class=\"swiper-wrapper\">\n                  <div class=\"swiper-slide\">\n            <a class=\"card text-bg-white text-decoration-none\" href=\"https:\/\/www.northcdatacenters.com\/ch-fr\/nos-services\/cloud-connect\/\">\n              <div class=\"card-img-top\">\n                <div class=\"bg-primary px-6 slanted slanted-from-top-right\" style=\"width: 168px;\">\n                  <i class=\"d-flex text-black\" style=\"font-size: 100px;\" aria-hidden=\"true\"><jello-icon name=\"custom\/cloud-services\"><\/jello-icon><\/i>\n                <\/div>\n              <\/div>\n              <h3 class=\"card-title mt-6 px-6 mb-0 lg-min-height\" style=\"--min-height: 73px;\">Cloud Connect<\/h3>\n              <div class=\"card-body mt-auto\">\n                <div class=\"card-text lh15\">\n                  <p>Avec NorthC Cloud Connect, vous b\u00e9n\u00e9ficiez de connexions Cloud s\u00e9curis\u00e9es et directes, d&rsquo;une bande passante garantie et d&rsquo;une \u00e9volutivit\u00e9 flexible.<\/p>\n                <\/div>\n                <span class=\"card-btn material-symbols-outlined\" aria-hidden=\"true\"><jello-icon name=\"material\/arrow_right_alt\"><\/jello-icon><\/span>\n              <\/div> \n            <\/a>\n          <\/div>\n                  <div class=\"swiper-slide\">\n            <a class=\"card text-bg-white text-decoration-none\" href=\"https:\/\/www.northcdatacenters.com\/ch-fr\/nos-services\/colocation\/\">\n              <div class=\"card-img-top\">\n                <div class=\"bg-primary px-6 slanted slanted-from-top-right\" style=\"width: 168px;\">\n                  <i class=\"d-flex text-black\" style=\"font-size: 100px;\" aria-hidden=\"true\"><jello-icon name=\"custom\/colocation\"><\/jello-icon><\/i>\n                <\/div>\n              <\/div>\n              <h3 class=\"card-title mt-6 px-6 mb-0 lg-min-height\" style=\"--min-height: 73px;\">Colocation<\/h3>\n              <div class=\"card-body mt-auto\">\n                <div class=\"card-text lh15\">\n                  <p>Avec les centres de donn\u00e9es NorthC, vous s\u00e9curisez votre infrastructure informatique dans des centres de donn\u00e9es hautement professionnels &#8211; avec une fiabilit\u00e9 et une s\u00e9curit\u00e9 maximales gr\u00e2ce \u00e0 des solutions de colocation sur mesure.<\/p>\n                <\/div>\n                <span class=\"card-btn material-symbols-outlined\" aria-hidden=\"true\"><jello-icon name=\"material\/arrow_right_alt\"><\/jello-icon><\/span>\n              <\/div> \n            <\/a>\n          <\/div>\n                  <div class=\"swiper-slide\">\n            <a class=\"card text-bg-white text-decoration-none\" href=\"https:\/\/www.northcdatacenters.com\/ch-fr\/nos-services\/connectivite\/\">\n              <div class=\"card-img-top\">\n                <div class=\"bg-primary px-6 slanted slanted-from-top-right\" style=\"width: 168px;\">\n                  <i class=\"d-flex text-black\" style=\"font-size: 100px;\" aria-hidden=\"true\"><jello-icon name=\"custom\/connectivity\"><\/jello-icon><\/i>\n                <\/div>\n              <\/div>\n              <h3 class=\"card-title mt-6 px-6 mb-0 lg-min-height\" style=\"--min-height: 73px;\">Connectivit\u00e9<\/h3>\n              <div class=\"card-body mt-auto\">\n                <div class=\"card-text lh15\">\n                  <p>Profitez avec NorthC de connexions s\u00e9curis\u00e9es et rapides ainsi que d&rsquo;une bande passante garantie pour votre infrastructure informatique flexible et tourn\u00e9e vers l&rsquo;avenir.<\/p>\n                <\/div>\n                <span class=\"card-btn material-symbols-outlined\" aria-hidden=\"true\"><jello-icon name=\"material\/arrow_right_alt\"><\/jello-icon><\/span>\n              <\/div> \n            <\/a>\n          <\/div>\n                  <div class=\"swiper-slide\">\n            <a class=\"card text-bg-white text-decoration-none\" href=\"https:\/\/www.northcdatacenters.com\/ch-fr\/nos-services\/northc-programme-partenariat-suisse\/\">\n              <div class=\"card-img-top\">\n                <div class=\"bg-primary px-6 slanted slanted-from-top-right\" style=\"width: 168px;\">\n                  <i class=\"d-flex text-black\" style=\"font-size: 100px;\" aria-hidden=\"true\"><jello-icon name=\"custom\/partner-program\"><\/jello-icon><\/i>\n                <\/div>\n              <\/div>\n              <h3 class=\"card-title mt-6 px-6 mb-0 lg-min-height\" style=\"--min-height: 73px;\">Programme de partenariat<\/h3>\n              <div class=\"card-body mt-auto\">\n                <div class=\"card-text lh15\">\n                  <p>Supportez vos clients et d\u00e9veloppez votre activit\u00e9 avec NorthC, sp\u00e9cialement con\u00e7u pour les fournisseurs informatiques suisses qui offrent confiance, performance et souverainet\u00e9 num\u00e9rique.<\/p>\n                <\/div>\n                <span class=\"card-btn material-symbols-outlined\" aria-hidden=\"true\"><jello-icon name=\"material\/arrow_right_alt\"><\/jello-icon><\/span>\n              <\/div> \n            <\/a>\n          <\/div>\n                  <div class=\"swiper-slide\">\n            <a class=\"card text-bg-white text-decoration-none\" href=\"https:\/\/www.northcdatacenters.com\/ch-fr\/nos-services\/region-connect\/\">\n              <div class=\"card-img-top\">\n                <div class=\"bg-primary px-6 slanted slanted-from-top-right\" style=\"width: 168px;\">\n                  <i class=\"d-flex text-black\" style=\"font-size: 100px;\" aria-hidden=\"true\"><jello-icon name=\"custom\/region-connect\"><\/jello-icon><\/i>\n                <\/div>\n              <\/div>\n              <h3 class=\"card-title mt-6 px-6 mb-0 lg-min-height\" style=\"--min-height: 73px;\">Region Connect<\/h3>\n              <div class=\"card-body mt-auto\">\n                <div class=\"card-text lh15\">\n                  <p>Region Connect offre une largeur de bande passante de 400 gigabits pour une disponibilit\u00e9 et une vitesse maximales, ce qui est id\u00e9al pour des applications critiques comme les ERP et l\u2019e-commerce.<\/p>\n                <\/div>\n                <span class=\"card-btn material-symbols-outlined\" aria-hidden=\"true\"><jello-icon name=\"material\/arrow_right_alt\"><\/jello-icon><\/span>\n              <\/div> \n            <\/a>\n          <\/div>\n              <\/div>\n      <div class=\"swiper-pagination\"><\/div>\n    <\/div>\n  <\/div>\n<\/section>\n\n\n\n[\/vc_column][\/vc_row][vc_row full_width=\u00a0\u00bbstretch_row\u00a0\u00bb north_c_background_color=\u00a0\u00bbbg-gray-200&Prime;][vc_column]<div class=\"cta\">\n  <div class=\"cta-grid\">\n    <div class=\"cta-picture\">\n      <picture class=\"responsive-picture d-block\">\n  <img decoding=\"async\" src=\"https:\/\/www.northcdatacenters.com\/ch-fr\/wp-content\/uploads\/sites\/6\/2025\/07\/Murat-Turgut-Kontakt-NorthC-1256x1256.webp\" srcset=\"https:\/\/www.northcdatacenters.com\/ch-fr\/wp-content\/uploads\/sites\/6\/2025\/07\/Murat-Turgut-Kontakt-NorthC-1256x1256.webp 1256w, https:\/\/www.northcdatacenters.com\/ch-fr\/wp-content\/uploads\/sites\/6\/2025\/07\/Murat-Turgut-Kontakt-NorthC-300x300.webp 300w, https:\/\/www.northcdatacenters.com\/ch-fr\/wp-content\/uploads\/sites\/6\/2025\/07\/Murat-Turgut-Kontakt-NorthC-1024x1024.webp 1024w, https:\/\/www.northcdatacenters.com\/ch-fr\/wp-content\/uploads\/sites\/6\/2025\/07\/Murat-Turgut-Kontakt-NorthC-768x768.webp 768w, https:\/\/www.northcdatacenters.com\/ch-fr\/wp-content\/uploads\/sites\/6\/2025\/07\/Murat-Turgut-Kontakt-NorthC-1536x1536.webp 1536w, https:\/\/www.northcdatacenters.com\/ch-fr\/wp-content\/uploads\/sites\/6\/2025\/07\/Murat-Turgut-Kontakt-NorthC-250x250.webp 250w, https:\/\/www.northcdatacenters.com\/ch-fr\/wp-content\/uploads\/sites\/6\/2025\/07\/Murat-Turgut-Kontakt-NorthC-740x740.webp 740w, https:\/\/www.northcdatacenters.com\/ch-fr\/wp-content\/uploads\/sites\/6\/2025\/07\/Murat-Turgut-Kontakt-NorthC-175x175.webp 175w, https:\/\/www.northcdatacenters.com\/ch-fr\/wp-content\/uploads\/sites\/6\/2025\/07\/Murat-Turgut-Kontakt-NorthC-360x360.webp 360w, https:\/\/www.northcdatacenters.com\/ch-fr\/wp-content\/uploads\/sites\/6\/2025\/07\/Murat-Turgut-Kontakt-NorthC-500x500.webp 500w, https:\/\/www.northcdatacenters.com\/ch-fr\/wp-content\/uploads\/sites\/6\/2025\/07\/Murat-Turgut-Kontakt-NorthC.webp 1920w\"\n  class=\"\" style=\"\"\n  loading=\"lazy\"\n  sizes=\"(min-width: 992px) 1280px, 100vw\" \/><\/picture>\n          <\/div>\n\n    <div class=\"text text-white d-flex flex-column gap-4 justify-content-center align-items-center p-6 pb-12 px-lg-12 px-xxl-28\">\n      <h6 class=\"text-primary lh214 font-extrabold text-center mb-0\">Contactez-nous<\/h6>\n      <h3 class=\"mb-2 text-center text-sm-5xl mb-sm-6 text-balance\">Soyez l'un des premiers \u00e0 vous assurer un emplacement dans la r\u00e9gion de Francfort. Nous sommes l\u00e0 pour vous conseiller.<\/h3>\n      <div class=\"buttons d-flex flex-column flex-lg-row flex-wrap gap-4 align-items-center justify-content-center dark-background\">\n                  \n  <button class=\"btn btn-primary\" type=\"button\" data-bs-toggle=\"offcanvas\" data-bs-target=\"#offcanvas_28\" aria-controls=\"offcanvas_28\">\n    Contactez-nous  <\/button>\n              <\/div>\n    <\/div>\n  <\/div>\n<\/div>[\/vc_column][\/vc_row]<\/p>\n<\/div>","protected":false},"excerpt":{"rendered":"<p>[vc_row full_width=\u00a0\u00bbstretch_row_content_no_spaces\u00a0\u00bb][vc_column][\/vc_column][\/vc_row][vc_row][vc_column][vc_column_text] Centre de donn\u00e9es de Francfort 2 Situ\u00e9 \u00e0 environ 8 km au sud de la m\u00e9tropole financi\u00e8re de Francfort, dans la zone industrielle de la ville de Neu-Isenburg, Francfort 2 allie une colocation informatique durable \u00e0 des trajectoires de croissance \u00e9volutives en mati\u00e8re d&rsquo;IA. Francfort 2 compl\u00e8te parfaitement les centres de donn\u00e9es NorthC &#8230;<\/p>\n","protected":false},"author":31,"featured_media":0,"parent":2002,"menu_order":0,"comment_status":"closed","ping_status":"closed","template":"","meta":{"_acf_changed":false,"_relevanssi_hide_post":"","_relevanssi_hide_content":"","_relevanssi_pin_for_all":"","_relevanssi_pin_keywords":"","_relevanssi_unpin_keywords":"","_relevanssi_related_keywords":"","_relevanssi_related_include_ids":"","_relevanssi_related_exclude_ids":"","_relevanssi_related_no_append":"","_relevanssi_related_not_related":"","_relevanssi_related_posts":"","_relevanssi_noindex_reason":"","footnotes":""},"class_list":["post-30008","page","type-page","status-publish","hentry"],"acf":[],"yoast_head":"<!-- This site is optimized with the Yoast SEO Premium plugin v27.5 (Yoast SEO v27.5) - https:\/\/yoast.com\/product\/yoast-seo-premium-wordpress\/ -->\n<title>Centre de donn\u00e9es de Francfort 2 | NorthC Datacenters<\/title>\n<meta name=\"description\" content=\"Le centre de donn\u00e9es modulaire de Francfort est bient\u00f4t disponible et se trouve \u00e0 Neu-Isenburg. Restez \u00e0 jour.\" \/>\n<meta name=\"robots\" content=\"index, follow, max-snippet:-1, max-image-preview:large, max-video-preview:-1\" \/>\n<link rel=\"canonical\" href=\"https:\/\/www.northcdatacenters.com\/ch-fr\/northc-datacenters\/francfort-2\/\" \/>\n<meta property=\"og:locale\" content=\"fr_FR\" \/>\n<meta property=\"og:type\" content=\"article\" \/>\n<meta property=\"og:title\" content=\"Francfort 2\" \/>\n<meta property=\"og:description\" content=\"Le centre de donn\u00e9es modulaire de Francfort est bient\u00f4t disponible et se trouve \u00e0 Neu-Isenburg. Restez \u00e0 jour.\" \/>\n<meta property=\"og:url\" content=\"https:\/\/www.northcdatacenters.com\/ch-fr\/northc-datacenters\/francfort-2\/\" \/>\n<meta property=\"og:site_name\" content=\"NorthC Datacenters (CH-FR)\" \/>\n<meta property=\"article:modified_time\" content=\"2026-04-03T19:41:52+00:00\" \/>\n<meta name=\"twitter:card\" content=\"summary_large_image\" \/>\n<meta name=\"twitter:label1\" content=\"Est. reading time\" \/>\n\t<meta name=\"twitter:data1\" content=\"7 minutes\" \/>\n<script type=\"application\/ld+json\" class=\"yoast-schema-graph\">{\"@context\":\"https:\\\/\\\/schema.org\",\"@graph\":[{\"@type\":\"WebPage\",\"@id\":\"https:\\\/\\\/www.northcdatacenters.com\\\/ch-fr\\\/northc-datacenters\\\/francfort-2\\\/\",\"url\":\"https:\\\/\\\/www.northcdatacenters.com\\\/ch-fr\\\/northc-datacenters\\\/francfort-2\\\/\",\"name\":\"Centre de donn\u00e9es de Francfort 2 | NorthC Datacenters\",\"isPartOf\":{\"@id\":\"https:\\\/\\\/www.northcdatacenters.com\\\/ch-fr\\\/#website\"},\"datePublished\":\"2025-07-29T09:16:13+00:00\",\"dateModified\":\"2026-04-03T19:41:52+00:00\",\"description\":\"Le centre de donn\u00e9es modulaire de Francfort est bient\u00f4t disponible et se trouve \u00e0 Neu-Isenburg. Restez \u00e0 jour.\",\"breadcrumb\":{\"@id\":\"https:\\\/\\\/www.northcdatacenters.com\\\/ch-fr\\\/northc-datacenters\\\/francfort-2\\\/#breadcrumb\"},\"inLanguage\":\"fr-FR\",\"potentialAction\":[{\"@type\":\"ReadAction\",\"target\":[\"https:\\\/\\\/www.northcdatacenters.com\\\/ch-fr\\\/northc-datacenters\\\/francfort-2\\\/\"]}]},{\"@type\":\"BreadcrumbList\",\"@id\":\"https:\\\/\\\/www.northcdatacenters.com\\\/ch-fr\\\/northc-datacenters\\\/francfort-2\\\/#breadcrumb\",\"itemListElement\":[{\"@type\":\"ListItem\",\"position\":1,\"name\":\"Home\",\"item\":\"https:\\\/\\\/www.northcdatacenters.com\\\/ch-fr\\\/\"},{\"@type\":\"ListItem\",\"position\":2,\"name\":\"Nos centres de donn\u00e9es\",\"item\":\"https:\\\/\\\/www.northcdatacenters.com\\\/ch-fr\\\/northc-datacenters\\\/\"},{\"@type\":\"ListItem\",\"position\":3,\"name\":\"Francfort 2\"}]},{\"@type\":\"WebSite\",\"@id\":\"https:\\\/\\\/www.northcdatacenters.com\\\/ch-fr\\\/#website\",\"url\":\"https:\\\/\\\/www.northcdatacenters.com\\\/ch-fr\\\/\",\"name\":\"NorthC Datacenters\",\"description\":\"Digital business, Personal connections.\",\"publisher\":{\"@id\":\"https:\\\/\\\/www.northcdatacenters.com\\\/ch-fr\\\/#organization\"},\"potentialAction\":[{\"@type\":\"SearchAction\",\"target\":{\"@type\":\"EntryPoint\",\"urlTemplate\":\"https:\\\/\\\/www.northcdatacenters.com\\\/ch-fr\\\/?s={search_term_string}\"},\"query-input\":{\"@type\":\"PropertyValueSpecification\",\"valueRequired\":true,\"valueName\":\"search_term_string\"}}],\"inLanguage\":\"fr-FR\"},{\"@type\":\"Organization\",\"@id\":\"https:\\\/\\\/www.northcdatacenters.com\\\/ch-fr\\\/#organization\",\"name\":\"NorthC Datacenters\",\"url\":\"https:\\\/\\\/www.northcdatacenters.com\\\/ch-fr\\\/\",\"logo\":{\"@type\":\"ImageObject\",\"inLanguage\":\"fr-FR\",\"@id\":\"https:\\\/\\\/www.northcdatacenters.com\\\/ch-fr\\\/#\\\/schema\\\/logo\\\/image\\\/\",\"url\":\"https:\\\/\\\/www.northcdatacenters.com\\\/ch-fr\\\/wp-content\\\/uploads\\\/sites\\\/6\\\/2024\\\/11\\\/Logo_NorthC.svg\",\"contentUrl\":\"https:\\\/\\\/www.northcdatacenters.com\\\/ch-fr\\\/wp-content\\\/uploads\\\/sites\\\/6\\\/2024\\\/11\\\/Logo_NorthC.svg\",\"width\":110,\"height\":24,\"caption\":\"NorthC Datacenters\"},\"image\":{\"@id\":\"https:\\\/\\\/www.northcdatacenters.com\\\/ch-fr\\\/#\\\/schema\\\/logo\\\/image\\\/\"}}]}<\/script>\n<!-- \/ Yoast SEO Premium plugin. -->","yoast_head_json":{"title":"Centre de donn\u00e9es de Francfort 2 | NorthC Datacenters","description":"Le centre de donn\u00e9es modulaire de Francfort est bient\u00f4t disponible et se trouve \u00e0 Neu-Isenburg. Restez \u00e0 jour.","robots":{"index":"index","follow":"follow","max-snippet":"max-snippet:-1","max-image-preview":"max-image-preview:large","max-video-preview":"max-video-preview:-1"},"canonical":"https:\/\/www.northcdatacenters.com\/ch-fr\/northc-datacenters\/francfort-2\/","og_locale":"fr_FR","og_type":"article","og_title":"Francfort 2","og_description":"Le centre de donn\u00e9es modulaire de Francfort est bient\u00f4t disponible et se trouve \u00e0 Neu-Isenburg. Restez \u00e0 jour.","og_url":"https:\/\/www.northcdatacenters.com\/ch-fr\/northc-datacenters\/francfort-2\/","og_site_name":"NorthC Datacenters (CH-FR)","article_modified_time":"2026-04-03T19:41:52+00:00","twitter_card":"summary_large_image","twitter_misc":{"Est. reading time":"7 minutes"},"schema":{"@context":"https:\/\/schema.org","@graph":[{"@type":"WebPage","@id":"https:\/\/www.northcdatacenters.com\/ch-fr\/northc-datacenters\/francfort-2\/","url":"https:\/\/www.northcdatacenters.com\/ch-fr\/northc-datacenters\/francfort-2\/","name":"Centre de donn\u00e9es de Francfort 2 | NorthC Datacenters","isPartOf":{"@id":"https:\/\/www.northcdatacenters.com\/ch-fr\/#website"},"datePublished":"2025-07-29T09:16:13+00:00","dateModified":"2026-04-03T19:41:52+00:00","description":"Le centre de donn\u00e9es modulaire de Francfort est bient\u00f4t disponible et se trouve \u00e0 Neu-Isenburg. Restez \u00e0 jour.","breadcrumb":{"@id":"https:\/\/www.northcdatacenters.com\/ch-fr\/northc-datacenters\/francfort-2\/#breadcrumb"},"inLanguage":"fr-FR","potentialAction":[{"@type":"ReadAction","target":["https:\/\/www.northcdatacenters.com\/ch-fr\/northc-datacenters\/francfort-2\/"]}]},{"@type":"BreadcrumbList","@id":"https:\/\/www.northcdatacenters.com\/ch-fr\/northc-datacenters\/francfort-2\/#breadcrumb","itemListElement":[{"@type":"ListItem","position":1,"name":"Home","item":"https:\/\/www.northcdatacenters.com\/ch-fr\/"},{"@type":"ListItem","position":2,"name":"Nos centres de donn\u00e9es","item":"https:\/\/www.northcdatacenters.com\/ch-fr\/northc-datacenters\/"},{"@type":"ListItem","position":3,"name":"Francfort 2"}]},{"@type":"WebSite","@id":"https:\/\/www.northcdatacenters.com\/ch-fr\/#website","url":"https:\/\/www.northcdatacenters.com\/ch-fr\/","name":"NorthC Datacenters","description":"Digital business, Personal connections.","publisher":{"@id":"https:\/\/www.northcdatacenters.com\/ch-fr\/#organization"},"potentialAction":[{"@type":"SearchAction","target":{"@type":"EntryPoint","urlTemplate":"https:\/\/www.northcdatacenters.com\/ch-fr\/?s={search_term_string}"},"query-input":{"@type":"PropertyValueSpecification","valueRequired":true,"valueName":"search_term_string"}}],"inLanguage":"fr-FR"},{"@type":"Organization","@id":"https:\/\/www.northcdatacenters.com\/ch-fr\/#organization","name":"NorthC Datacenters","url":"https:\/\/www.northcdatacenters.com\/ch-fr\/","logo":{"@type":"ImageObject","inLanguage":"fr-FR","@id":"https:\/\/www.northcdatacenters.com\/ch-fr\/#\/schema\/logo\/image\/","url":"https:\/\/www.northcdatacenters.com\/ch-fr\/wp-content\/uploads\/sites\/6\/2024\/11\/Logo_NorthC.svg","contentUrl":"https:\/\/www.northcdatacenters.com\/ch-fr\/wp-content\/uploads\/sites\/6\/2024\/11\/Logo_NorthC.svg","width":110,"height":24,"caption":"NorthC Datacenters"},"image":{"@id":"https:\/\/www.northcdatacenters.com\/ch-fr\/#\/schema\/logo\/image\/"}}]}},"_links":{"self":[{"href":"https:\/\/www.northcdatacenters.com\/ch-fr\/wp-json\/wp\/v2\/pages\/30008","targetHints":{"allow":["GET"]}}],"collection":[{"href":"https:\/\/www.northcdatacenters.com\/ch-fr\/wp-json\/wp\/v2\/pages"}],"about":[{"href":"https:\/\/www.northcdatacenters.com\/ch-fr\/wp-json\/wp\/v2\/types\/page"}],"author":[{"embeddable":true,"href":"https:\/\/www.northcdatacenters.com\/ch-fr\/wp-json\/wp\/v2\/users\/31"}],"replies":[{"embeddable":true,"href":"https:\/\/www.northcdatacenters.com\/ch-fr\/wp-json\/wp\/v2\/comments?post=30008"}],"version-history":[{"count":5,"href":"https:\/\/www.northcdatacenters.com\/ch-fr\/wp-json\/wp\/v2\/pages\/30008\/revisions"}],"predecessor-version":[{"id":31855,"href":"https:\/\/www.northcdatacenters.com\/ch-fr\/wp-json\/wp\/v2\/pages\/30008\/revisions\/31855"}],"up":[{"embeddable":true,"href":"https:\/\/www.northcdatacenters.com\/ch-fr\/wp-json\/wp\/v2\/pages\/2002"}],"wp:attachment":[{"href":"https:\/\/www.northcdatacenters.com\/ch-fr\/wp-json\/wp\/v2\/media?parent=30008"}],"curies":[{"name":"wp","href":"https:\/\/api.w.org\/{rel}","templated":true}]}}