{"id":30076,"date":"2025-08-26T08:58:16","date_gmt":"2025-08-26T08:58:16","guid":{"rendered":"https:\/\/www.northcdatacenters.com\/ch-fr\/?page_id=30076"},"modified":"2026-04-09T17:43:38","modified_gmt":"2026-04-09T17:43:38","slug":"amsterdam-2","status":"publish","type":"page","link":"https:\/\/www.northcdatacenters.com\/ch-fr\/northc-datacenters\/amsterdam-2\/","title":{"rendered":"Amsterdam 2"},"content":{"rendered":"<div class=\"wpb-content-wrapper\"><p>[vc_row full_width=\u00a0\u00bbstretch_row_content_no_spaces\u00a0\u00bb][vc_column]\n<div class=\"hero \">\n  \n    <div class=\"hero-bg dark-overlay dark-overlay-on-image\"\n      style=\"position: relative; overflow: hidden; width: 100%; min-height: 66vh; background-color: #f0f0f0;\">\n      <figure style=\"width: 100%; height: 100%;\">\n        <img\n          class=\"hero-image\"\n          src=\"https:\/\/www.northcdatacenters.com\/ch-fr\/wp-content\/uploads\/sites\/6\/2025\/08\/DC-Amsterdam-2.jpg\"\n          srcset=\"https:\/\/www.northcdatacenters.com\/ch-fr\/wp-content\/uploads\/sites\/6\/2025\/08\/DC-Amsterdam-2-300x200.webp 300w, https:\/\/www.northcdatacenters.com\/ch-fr\/wp-content\/uploads\/sites\/6\/2025\/08\/DC-Amsterdam-2-510x360.webp 510w, https:\/\/www.northcdatacenters.com\/ch-fr\/wp-content\/uploads\/sites\/6\/2025\/08\/DC-Amsterdam-2-600x840.webp 600w, https:\/\/www.northcdatacenters.com\/ch-fr\/wp-content\/uploads\/sites\/6\/2025\/08\/DC-Amsterdam-2-800x500.webp 800w, https:\/\/www.northcdatacenters.com\/ch-fr\/wp-content\/uploads\/sites\/6\/2025\/08\/DC-Amsterdam-2-1024x683.webp 1024w, https:\/\/www.northcdatacenters.com\/ch-fr\/wp-content\/uploads\/sites\/6\/2025\/08\/DC-Amsterdam-2.jpg 7726w, \"\n          sizes=\"(min-width: 7726px) 7726px, 100vw\"\n          type=\"image\/jpeg\"\n          loading=\"eager\"\n          decoding=\"async\"\n          fetchpriority=\"high\"\n          alt=\"Hero image\"\n          style=\"\n            position: absolute;\n            top: 0;\n            left: 0;\n            width: 100%;\n            height: 100%;\n            object-fit: cover;\n            object-position: 50% center;\n            opacity: 1;\n            aspect-ratio: 1.7777777777777777;\n          \"\n        >\n        <div class=\"scroll-indicator\">\n  <svg width=\"24\" height=\"24\" viewBox=\"0 0 24 24\" fill=\"none\" xmlns=\"http:\/\/www.w3.org\/2000\/svg\" aria-hidden=\"true\">\n    <rect x=\"7.25\" y=\"2.75\" width=\"9.5\" height=\"18.5\" rx=\"4.75\" stroke=\"white\" stroke-width=\"1.5\" \/>\n    <rect class=\"scroll\" x=\"10\" y=\"6\" width=\"4\" height=\"7\" rx=\"2\" fill=\"white\" \/>\n  <\/svg>\n<\/div>      <\/figure>\n    <\/div>\n  \n  <div class=\"container hero-content text-white \">\n    <div class=\"title d-flex flex-column gap-3 gap-lg-4\">\n              <div class=\"d-flex flex-column flex-lg-row gap-4\">\n                      <h3 class=\"chapeau text-base mb-0 text-white order-1 order-lg-0\">Nos centres de donn\u00e9es<\/h3>\n                            <\/div>\n            <h1 class=\"mb-6 lh-sm\">Centre de donn\u00e9es d'Amsterdam 2<\/h1>\n\n      \n              <div class=\"d-flex gap-4\">\n          \n                      \n<div class=\"post-tags d-flex gap-1\">\n      <span class=\"tag text-bg-white\">\n      Temps de lecture : 4 min    <\/span>\n  <\/div>                  <\/div>\n      \n          <\/div>\n  <\/div>\n\n      <div class=\"container hero-text-container-wrap\">\n      <div class=\"hero-text-container text-bg-white z-1 py-16 px-md-3 slanted slanted-xl-space-left slanted-xl-from-bottom-left\">\n        <div class=\"container\">\n          <div class=\"d-flex flex-column gap-6\">\n            \n<nav class=\"font-extrabold text-xs text-gray-500\" aria-label=\"breadcrumb\">\n  <ol class='breadcrumb'>      <li class=\"breadcrumb-item \" >\n                  <a href=\"https:\/\/www.northcdatacenters.com\/ch-fr\" class=\"text-decoration-none text-gray-500\">Home<\/a>\n              <\/li>\n      <li class=\"breadcrumb-item \" >\n                  <a href=\"https:\/\/www.northcdatacenters.com\/ch-fr\/northc-datacenters\/\" class=\"text-decoration-none text-gray-500\">Nos centres de donn\u00e9es<\/a>\n              <\/li>\n      <li class=\"breadcrumb-item  active\" aria-current=\"page\">\n                  Amsterdam 2              <\/li>\n<\/ol><\/nav>\n\n                          <h3 class=\"font-bold mb-0 text-4xl lh-lead\">Le centre de donn\u00e9es d'Amsterdam 2 offre des services de colocation fiables, accessibles et neutres vis-\u00e0-vis des op\u00e9rateurs pour les entreprises de la r\u00e9gion d'Amsterdam.<\/h3>\n            \n            <div class=\"button-list\">\n                              \n  <button class=\"btn btn-primary\" type=\"button\" id=\"Fiche_D_Information_Du_Centre_De_Donn\u00e9es_D_Amsterdam_2\" data-bs-toggle=\"offcanvas\" data-bs-target=\"#offcanvas_31687\" aria-controls=\"offcanvas_31687\">\n    T\u00e9l\u00e9charger la fiche d'information  <\/button>\n                              \n  \n  <button class=\"btn btn-secondary\" type=\"button\" data-bs-toggle=\"offcanvas\" data-bs-target=\"#offcanvas_15\" aria-controls=\"offcanvas_15\">\n    Demander un devis  <\/button>\n\n                          <\/div>\n          <\/div>\n        <\/div>\n      <\/div>\n    <\/div>\n  <\/div>[\/vc_column][\/vc_row][vc_row][vc_column][vc_column_text]<\/p>\n<h2>Centre de donn\u00e9es d&rsquo;Amsterdam 2<\/h2>\n<p>Le centre de donn\u00e9es d\u2019Amsterdam 2 est situ\u00e9 au c\u0153ur d&rsquo;Amsterdam Zuidoost, le quartier d\u2019affaires en pleine expansion. Cette r\u00e9gion est un carrefour de la technologie, des finances et des TIC. Amsterdam Zuidoost est facilement accessible par les autoroutes A2, A9 et A10 et se trouve \u00e0 une courte distance de l\u2019a\u00e9roport de Schiphol. Gr\u00e2ce \u00e0 son emplacement central, ce centre de donn\u00e9es est id\u00e9al pour les entreprises qui ont besoin d\u2019un acc\u00e8s rapide aux infrastructures r\u00e9seau, aux services Cloud et aux partenaires nationaux et internationaux.[\/vc_column_text]\n<div class=\"route bg-white px-6 py-4 py-lg-6 d-flex flex-column flex-lg-row justify-content-lg-between align-items-lg-center gap-6\">\n  <div class=\"flex-grow-0\">\n    <div class=\"d-flex align-items-center mb-2 gap-4\">\n      <i class=\"material-symbols-outlined\" aria-hidden=\"true\"><jello-icon name=\"material\/location_on\"><\/jello-icon><\/i>\n      <address class=\"mb-0\">\n        <span class=\"font-extrabold\">Adresse: <\/span>Stekkenbergweg 4, 1105 AJ Amsterdam      <\/address>\n    <\/div>\n    <div class=\"d-flex align-items-center mb-2 gap-4\">\n      <i class=\"material-symbols-outlined\" aria-hidden=\"true\"><jello-icon name=\"material\/call\"><\/jello-icon><\/i>\n      <a href=\"tel:0886233000\" class=\"text-decoration-none\"><span class=\"font-extrabold\">T\u00e9l\u00e9phone:<\/span> 088 623 3000<\/a>\n    <\/div>\n  <\/div>\n  <div class=\"d-flex flex-shrink-0 align-items-center gap-6 route-image-container\">\n          <img decoding=\"async\" src=\"https:\/\/www.northcdatacenters.com\/ch-fr\/wp-content\/uploads\/sites\/6\/2025\/08\/datacenter_maps_amsterdam.webp\" alt=\"Route\" class=\"rounded-full\" style=\"width: 90px; height: 90px;\">\n    \n    <a href=\"https:\/\/www.google.com\/maps\/dir\/?api=1&destination=Stekkenbergweg+4%2C+1105+AJ+Amsterdam%2C+netherlands\" target=\"_blank\" rel=\"noopener\">Comment s'y rendre?<\/a>\n  <\/div>\n<\/div>\n\n[\/vc_column][\/vc_row][vc_row full_width=\u00a0\u00bbstretch_row_content\u00a0\u00bb][vc_column]<div class=\"title-block px-3 title-block-image-left\">\n  <div class=\"container image-container\" style=\"--image-position-x: 50%;\">\n          <picture class=\"responsive-picture \">\n  <img decoding=\"async\" src=\"https:\/\/www.northcdatacenters.com\/ch-fr\/wp-content\/uploads\/sites\/6\/2025\/08\/Amsterdam2_landmark_stock-1-scaled-1-1600x1143.webp\" srcset=\"\"\n  class=\"\" style=\"\"\n  loading=\"lazy\"\n  sizes=\"(min-width: 1400px) 1200px, (min-width: 1200px) 48vw, 100vw\" \/><\/picture>      <\/div>\n\n  <div class=\"d-none d-xl-block background-with-slanted-edge slanted\"><\/div>\n\n  <div class=\"container text-container\">\n    <div class=\"text-bg-white text py-9 px-6 d-flex flex-column\">\n              <h2 class=\"font-heavy lh-sm\">Amsterdam Zuidoost : un hotspot num\u00e9rique \u00e0 rayonnement international<\/h2>\n      \n      <div class=\"content lh-xl\">\n        <p>Amsterdam est l\u2019un des principaux centres num\u00e9riques d\u2019Europe, soutenu par un \u00e9cosyst\u00e8me solide de fournisseurs de Cloud, d&rsquo;op\u00e9rateurs t\u00e9l\u00e9coms et de partenaires de connectivit\u00e9. Au sein de ce r\u00e9seau, NorthC Amsterdam 2 offre un acc\u00e8s direct \u00e0 AMS-IX, \u00e0 une multitude d\u2019op\u00e9rateurs et \u00e0 l\u2019infrastructure num\u00e9rique internationale des Pays-Bas.<\/p>\n<p>Ce site est id\u00e9al pour les entreprises qui ont besoin de faibles temps de latence, de redondance, d&rsquo;\u00e9volutivit\u00e9 internationale, et qui appr\u00e9cient de se trouver dans une r\u00e9gion o\u00f9 l&rsquo;innovation et la num\u00e9risation se rencontrent.<\/p>\n      <\/div>\n\n              <div class=\"d-flex gap-3 flex-wrap mt-4\">\n                      \n  <button class=\"btn btn-primary\" type=\"button\" data-bs-toggle=\"offcanvas\" data-bs-target=\"#offcanvas_32\" aria-controls=\"offcanvas_32\">\n    T\u00e9l\u00e9charger la liste des op\u00e9rateurs t\u00e9l\u00e9coms  <\/button>\n                      \n  \n  <button class=\"btn btn-secondary\" type=\"button\" data-bs-toggle=\"offcanvas\" data-bs-target=\"#offcanvas_34\" aria-controls=\"offcanvas_34\">\n    Planifier une visite  <\/button>\n\n                  <\/div>\n          <\/div>\n  <\/div>\n<\/div>[\/vc_column][\/vc_row][vc_row][vc_column]\n<div class=\"facts\">\n  <div class=\"column-container\">\n    <div class=\"facts-column\">\n      <header class=\"d-flex flex-column pt-16 pb-6 px-6\">\n        <h4 class=\"chapeau text-gray-500 text-base lh-sm\">Caract\u00e9ristiques<\/h4>\n        <h3 class=\"mb-0\">Centre de donn\u00e9es d'Amsterdam 2<\/h3>\n      <\/header>\n\n      <div class=\"bg-white\">\n        <div class=\"bg-primary px-6 py-0 slanted slanted-from-top-right\" style=\"width: 168px;\">\n          <i class=\"d-flex text-black\" style=\"font-size: 100px;\" aria-hidden=\"true\"><jello-icon name=\"custom\/information\"><\/jello-icon><\/i>\n        <\/div>\n        <div class=\"d-flex flex-column gap-6 bg-white p-6 pb-10 specs-container\">\n          <h3 class=\"mb-0\">Donn\u00e9es &amp; Faits<\/h3>\n\n          <dl class=\"list-unstyled mb-0\">\n                          <dt>\n                <label class=\"d-flex align-items-center gap-2 spec-label\">\n                                    <span>Puissance totale en MW<\/span>\n                <\/label>\n              <\/dt>\n              <dd><p>3,44<\/p>\n<\/dd>\n                          <dt>\n                <label class=\"d-flex align-items-center gap-2 spec-label\">\n                                    <span>Redondance des g\u00e9n\u00e9rateurs<\/span>\n                <\/label>\n              <\/dt>\n              <dd><p>con\u00e7u selon le Tier II, 4 x 1,7 MVA<\/p>\n<\/dd>\n                      <\/dl>\n        <\/div>\n      <\/div>\n    <\/div>\n\n    <div class=\"facts-column\">\n      <div class=\"d-flex align-items-center justify-content-center bg-gray-300 px-6 py-4 download-image-container\">\n        <img loading=\"lazy\" decoding=\"async\" width=\"233\" height=\"300\" src=\"https:\/\/www.northcdatacenters.com\/ch-fr\/wp-content\/uploads\/sites\/6\/2026\/03\/Mockup-Factsheet-Amsterdam-2-FR-1-233x300.webp\" class=\"attachment-medium size-medium has-transparency\" alt=\"alt=&quot;&quot;\" srcset=\"https:\/\/www.northcdatacenters.com\/ch-fr\/wp-content\/uploads\/sites\/6\/2026\/03\/Mockup-Factsheet-Amsterdam-2-FR-1-233x300.webp 233w, https:\/\/www.northcdatacenters.com\/ch-fr\/wp-content\/uploads\/sites\/6\/2026\/03\/Mockup-Factsheet-Amsterdam-2-FR-1-795x1024.webp 795w, https:\/\/www.northcdatacenters.com\/ch-fr\/wp-content\/uploads\/sites\/6\/2026\/03\/Mockup-Factsheet-Amsterdam-2-FR-1-768x989.webp 768w, https:\/\/www.northcdatacenters.com\/ch-fr\/wp-content\/uploads\/sites\/6\/2026\/03\/Mockup-Factsheet-Amsterdam-2-FR-1-1192x1536.webp 1192w, https:\/\/www.northcdatacenters.com\/ch-fr\/wp-content\/uploads\/sites\/6\/2026\/03\/Mockup-Factsheet-Amsterdam-2-FR-1-975x1256.webp 975w, https:\/\/www.northcdatacenters.com\/ch-fr\/wp-content\/uploads\/sites\/6\/2026\/03\/Mockup-Factsheet-Amsterdam-2-FR-1-175x225.webp 175w, https:\/\/www.northcdatacenters.com\/ch-fr\/wp-content\/uploads\/sites\/6\/2026\/03\/Mockup-Factsheet-Amsterdam-2-FR-1-279x360.webp 279w, https:\/\/www.northcdatacenters.com\/ch-fr\/wp-content\/uploads\/sites\/6\/2026\/03\/Mockup-Factsheet-Amsterdam-2-FR-1-388x500.webp 388w, https:\/\/www.northcdatacenters.com\/ch-fr\/wp-content\/uploads\/sites\/6\/2026\/03\/Mockup-Factsheet-Amsterdam-2-FR-1.webp 1416w\" sizes=\"(max-width: 233px) 100vw, 233px\" data-has-transparency=\"true\" data-dominant-color=\"cfc897\" style=\"--dominant-color: #cfc897;\" \/>      <\/div>\n\n      <div class=\"bg-white\">\n        <div class=\"d-flex flex-column gap-6 px-6 py-16 more-insights-container\">\n          <div class=\"get-more-insights\">\n            <?xml encoding=\"UTF-8\"><h2>Pourquoi choisir le centre de donn&eacute;es d&rsquo;Amsterdam 2 ?<\/h2><ul class=\"check-list\">\n<li style=\"font-weight: 400\">Durabilit&eacute; : des &eacute;nergies 100 % renouvelables et une utilisation innovante de la chaleur r&eacute;siduelle.<\/li>\n<li style=\"font-weight: 400\">Une connectivit&eacute; exceptionnelle : connexion directe &agrave; AMS-IX et des fournisseurs de r&eacute;seau leaders.<\/li>\n<li style=\"font-weight: 400\">Flexibilit&eacute; et &eacute;volutivit&eacute; : parfait pour l&rsquo;informatique haute densit&eacute; et les environnements informatiques porteurs d&rsquo;avenir.<\/li>\n<\/ul>\n          <\/div>\n          <div>\n                                      \n  <button class=\"btn btn-primary\" type=\"button\" id=\"Fiche_D_Information_Du_Centre_De_Donn\u00e9es_D_Amsterdam_2\" data-bs-toggle=\"offcanvas\" data-bs-target=\"#offcanvas_31687\" aria-controls=\"offcanvas_31687\">\n    T\u00e9l\u00e9charger la fiche d'information  <\/button>\n                      <\/div>\n        <\/div>\n      <\/div>\n    <\/div>\n  <\/div>\n\n<\/div>[\/vc_column][\/vc_row][vc_row disable_element=\u00a0\u00bbyes\u00a0\u00bb][vc_column offset=\u00a0\u00bbvc_col-md-offset-2 vc_col-md-8&Prime;]<div class=\"title d-flex flex-wrap flex-column justify-content-center gap-4 mb-12\">\n  <div class=\"d-flex flex-column text-center\">\n          <h3 class=\"chapeau text-base text-gray-500\">Certificats<\/h3>\n    \n    <div class=\"d-flex flex-column gap-4\">\n      <h2 class=\"mb-0\">Nos certifications garantissent et attestent la qualit\u00e9 et la continuit\u00e9 de nos services<\/h2>\n\n          <\/div>\n\n    \n\n  <\/div>\n  <\/div>\n<div class=\"button-list justify-content-center\">\n      <a href=\"\/ch-fr\/a-propos-de-nous\/certifications\/#iso27001\" target=\"\"  class=\"btn btn-secondary\">\n      ISO 27001    <\/a>\n      <a href=\"\/ch-fr\/a-propos-de-nous\/certifications\/#iso9001\" target=\"\"  class=\"btn btn-secondary\">\n      ISO 9001    <\/a>\n      <a href=\"\/ch-fr\/a-propos-de-nous\/certifications\/#isae3402\" target=\"\"  class=\"btn btn-secondary\">\n      ISAE 3402    <\/a>\n      <a href=\"\/ch-fr\/a-propos-de-nous\/certifications\/#dinen50600\" target=\"\"  class=\"btn btn-secondary\">\n      DIN 50600    <\/a>\n  <\/div>[\/vc_column][\/vc_row][vc_row full_width=\u00a0\u00bbstretch_row_content\u00a0\u00bb][vc_column]<div class=\"title-block px-3 title-block-image-right\">\n  <div class=\"container image-container\" style=\"--image-position-x: 50%;\">\n          <picture class=\"responsive-picture \">\n  <img decoding=\"async\" src=\"https:\/\/www.northcdatacenters.com\/ch-fr\/wp-content\/uploads\/sites\/6\/2024\/11\/northc-nederland-diensten-cloud-connect-1-1600x985.webp\" srcset=\"\"\n  class=\"\" style=\"\"\n  loading=\"lazy\"\n  sizes=\"(min-width: 1400px) 1200px, (min-width: 1200px) 48vw, 100vw\" \/><\/picture>      <\/div>\n\n  <div class=\"d-none d-xl-block background-with-slanted-edge slanted\"><\/div>\n\n  <div class=\"container text-container\">\n    <div class=\"text-bg-white text py-9 px-6 d-flex flex-column\">\n              <h2 class=\"font-heavy lh-sm\">Centre de donn\u00e9es ind\u00e9pendant des op\u00e9rateurs t\u00e9l\u00e9coms et du Cloud<\/h2>\n      \n      <div class=\"content lh-xl\">\n        En tant que centre de donn\u00e9es ind\u00e9pendant des op\u00e9rateurs t\u00e9l\u00e9coms et du Cloud, NorthC Amsterdam 2 offre des conditions flexibles pour l\u2019informatique haute densit\u00e9 et la colocation de serveurs. Gr\u00e2ce \u00e0 notre r\u00e9seau d\u2019entreprises partenaires, vous b\u00e9n\u00e9ficiez de services manag\u00e9s et d\u2019options de Cloud suppl\u00e9mentaires.      <\/div>\n\n          <\/div>\n  <\/div>\n<\/div>[\/vc_column][\/vc_row][vc_row full_width=\u00a0\u00bbstretch_row_content\u00a0\u00bb][vc_column]<div class=\"title-block px-3 title-block-image-left\">\n  <div class=\"container image-container\" style=\"--image-position-x: 50%;\">\n          <picture class=\"responsive-picture \">\n  <img decoding=\"async\" src=\"https:\/\/www.northcdatacenters.com\/ch-fr\/wp-content\/uploads\/sites\/6\/2024\/11\/NorthC_mission_2030.webp\" srcset=\"https:\/\/www.northcdatacenters.com\/ch-fr\/wp-content\/uploads\/sites\/6\/2024\/11\/NorthC_mission_2030.webp 1200w, https:\/\/www.northcdatacenters.com\/ch-fr\/wp-content\/uploads\/sites\/6\/2024\/11\/NorthC_mission_2030-300x158.webp 300w, https:\/\/www.northcdatacenters.com\/ch-fr\/wp-content\/uploads\/sites\/6\/2024\/11\/NorthC_mission_2030-1024x538.webp 1024w, https:\/\/www.northcdatacenters.com\/ch-fr\/wp-content\/uploads\/sites\/6\/2024\/11\/NorthC_mission_2030-768x403.webp 768w, https:\/\/www.northcdatacenters.com\/ch-fr\/wp-content\/uploads\/sites\/6\/2024\/11\/NorthC_mission_2030-175x92.webp 175w, https:\/\/www.northcdatacenters.com\/ch-fr\/wp-content\/uploads\/sites\/6\/2024\/11\/NorthC_mission_2030-510x268.webp 510w, https:\/\/www.northcdatacenters.com\/ch-fr\/wp-content\/uploads\/sites\/6\/2024\/11\/NorthC_mission_2030-800x420.webp 800w\"\n  class=\"\" style=\"\"\n  loading=\"lazy\"\n  sizes=\"(min-width: 1400px) 1200px, (min-width: 1200px) 48vw, 100vw\" \/><\/picture>      <\/div>\n\n  <div class=\"d-none d-xl-block background-with-slanted-edge slanted\"><\/div>\n\n  <div class=\"container text-container\">\n    <div class=\"text-bg-white text py-9 px-6 d-flex flex-column\">\n              <h2 class=\"font-heavy lh-sm\">Priorit\u00e9 \u00e0 l\u2019efficacit\u00e9 \u00e9nerg\u00e9tique et \u00e0 la durabilit\u00e9<\/h2>\n      \n      <div class=\"content lh-xl\">\n        <div class=\"sentence-wrapper sentence-wrapper_target\"><span class=\"ng-star-inserted hovered\" data-index=\"0\">Le centre de donn\u00e9es est ax\u00e9 sur la durabilit\u00e9 et fonctionne d\u00e9j\u00e0 \u00e0 100\u00a0% avec de l\u2019\u00e9lectricit\u00e9 verte issue d\u2019\u00e9nergies renouvelables. <\/span><span class=\"ng-star-inserted\" data-index=\"1\">Notre objectif est d\u2019atteindre la neutralit\u00e9 carbone totale d\u2019ici 2030.\u00a0<\/span><\/div>\n      <\/div>\n\n          <\/div>\n  <\/div>\n<\/div>[\/vc_column][\/vc_row][vc_row full_width=\u00a0\u00bbstretch_row_content\u00a0\u00bb][vc_column]<div class=\"title-block px-3 title-block-image-right\">\n  <div class=\"container image-container\" style=\"--image-position-x: 50%;\">\n          <picture class=\"responsive-picture \">\n  <img decoding=\"async\" src=\"https:\/\/www.northcdatacenters.com\/ch-fr\/wp-content\/uploads\/sites\/6\/2024\/11\/northc-flags-1600x1143.webp\" srcset=\"\"\n  class=\"\" style=\"\"\n  loading=\"lazy\"\n  sizes=\"(min-width: 1400px) 1200px, (min-width: 1200px) 48vw, 100vw\" \/><\/picture>      <\/div>\n\n  <div class=\"d-none d-xl-block background-with-slanted-edge slanted\"><\/div>\n\n  <div class=\"container text-container\">\n    <div class=\"text-bg-white text py-9 px-6 d-flex flex-column\">\n              <h2 class=\"font-heavy lh-sm\">Pourquoi devriez-vous miser sur NorthC ?<\/h2>\n      \n      <div class=\"content lh-xl\">\n        <p>Chez NorthC, nous offrons plus qu&rsquo;une simple colocation. Nous sommes un partenaire n\u00e9erlandais fiable, fortement ax\u00e9 sur la r\u00e9gion et fort d&rsquo;une longue exp\u00e9rience dans le domaine de l&rsquo;infrastructure num\u00e9rique.<\/p>\n<p>Ce qui nous distingue, c&rsquo;est notre combinaison unique d&rsquo;\u00e9volutitiv\u00e9, de focalisation sur le client et de durabilit\u00e9. Tous nos centres de donn\u00e9es sont con\u00e7us pour une disponibilit\u00e9 maximale et offrent des connexions flexibles aux environnements Cloud, aux op\u00e9rateurs de r\u00e9seau et \u00e0 d&rsquo;autres sites NorthC.<\/p>\n<p>Nous r\u00e9fl\u00e9chissons avec vous, r\u00e9agissons rapidement et mettons en place une infrastructure qui \u00e9volue avec vos besoins, aujourd&rsquo;hui et demain.<\/p>\n      <\/div>\n\n          <\/div>\n  <\/div>\n<\/div>[\/vc_column][\/vc_row][vc_row][vc_column]\n<section class=\"solutions-slider cp-row cp-collapse \">\n  <header>\n    <h4 class=\"chapeau text-base text-gray-500\">Nos services<\/h4>\n    <h3 class=\"mb-10 mb-lg-16 text-lg-5xl\">D\u00e9couvrez comment NorthC peut vous aider<\/h3>\n  <\/header>\n\n  <div class=\"swiper-container\">\n    <div class=\"swiper solutions-swiper pb-6 pb-lg-16\">\n      <div class=\"swiper-wrapper\">\n                  <div class=\"swiper-slide\">\n            <a class=\"card text-bg-white text-decoration-none\" href=\"https:\/\/www.northcdatacenters.com\/ch-fr\/nos-services\/cloud-connect\/\">\n              <div class=\"card-img-top\">\n                <div class=\"bg-primary px-6 slanted slanted-from-top-right\" style=\"width: 168px;\">\n                  <i class=\"d-flex text-black\" style=\"font-size: 100px;\" aria-hidden=\"true\"><jello-icon name=\"custom\/cloud-services\"><\/jello-icon><\/i>\n                <\/div>\n              <\/div>\n              <h3 class=\"card-title mt-6 px-6 mb-0 lg-min-height\" style=\"--min-height: 73px;\">Cloud Connect<\/h3>\n              <div class=\"card-body mt-auto\">\n                <div class=\"card-text lh15\">\n                  <p>Avec NorthC Cloud Connect, vous b\u00e9n\u00e9ficiez de connexions Cloud s\u00e9curis\u00e9es et directes, d&rsquo;une bande passante garantie et d&rsquo;une \u00e9volutivit\u00e9 flexible.<\/p>\n                <\/div>\n                <span class=\"card-btn material-symbols-outlined\" aria-hidden=\"true\"><jello-icon name=\"material\/arrow_right_alt\"><\/jello-icon><\/span>\n              <\/div> \n            <\/a>\n          <\/div>\n                  <div class=\"swiper-slide\">\n            <a class=\"card text-bg-white text-decoration-none\" href=\"https:\/\/www.northcdatacenters.com\/ch-fr\/nos-services\/colocation\/\">\n              <div class=\"card-img-top\">\n                <div class=\"bg-primary px-6 slanted slanted-from-top-right\" style=\"width: 168px;\">\n                  <i class=\"d-flex text-black\" style=\"font-size: 100px;\" aria-hidden=\"true\"><jello-icon name=\"custom\/colocation\"><\/jello-icon><\/i>\n                <\/div>\n              <\/div>\n              <h3 class=\"card-title mt-6 px-6 mb-0 lg-min-height\" style=\"--min-height: 73px;\">Colocation<\/h3>\n              <div class=\"card-body mt-auto\">\n                <div class=\"card-text lh15\">\n                  <p>Avec les centres de donn\u00e9es NorthC, vous s\u00e9curisez votre infrastructure informatique dans des centres de donn\u00e9es hautement professionnels &#8211; avec une fiabilit\u00e9 et une s\u00e9curit\u00e9 maximales gr\u00e2ce \u00e0 des solutions de colocation sur mesure.<\/p>\n                <\/div>\n                <span class=\"card-btn material-symbols-outlined\" aria-hidden=\"true\"><jello-icon name=\"material\/arrow_right_alt\"><\/jello-icon><\/span>\n              <\/div> \n            <\/a>\n          <\/div>\n                  <div class=\"swiper-slide\">\n            <a class=\"card text-bg-white text-decoration-none\" href=\"https:\/\/www.northcdatacenters.com\/ch-fr\/nos-services\/connectivite\/\">\n              <div class=\"card-img-top\">\n                <div class=\"bg-primary px-6 slanted slanted-from-top-right\" style=\"width: 168px;\">\n                  <i class=\"d-flex text-black\" style=\"font-size: 100px;\" aria-hidden=\"true\"><jello-icon name=\"custom\/connectivity\"><\/jello-icon><\/i>\n                <\/div>\n              <\/div>\n              <h3 class=\"card-title mt-6 px-6 mb-0 lg-min-height\" style=\"--min-height: 73px;\">Connectivit\u00e9<\/h3>\n              <div class=\"card-body mt-auto\">\n                <div class=\"card-text lh15\">\n                  <p>Profitez avec NorthC de connexions s\u00e9curis\u00e9es et rapides ainsi que d&rsquo;une bande passante garantie pour votre infrastructure informatique flexible et tourn\u00e9e vers l&rsquo;avenir.<\/p>\n                <\/div>\n                <span class=\"card-btn material-symbols-outlined\" aria-hidden=\"true\"><jello-icon name=\"material\/arrow_right_alt\"><\/jello-icon><\/span>\n              <\/div> \n            <\/a>\n          <\/div>\n                  <div class=\"swiper-slide\">\n            <a class=\"card text-bg-white text-decoration-none\" href=\"https:\/\/www.northcdatacenters.com\/ch-fr\/nos-services\/northc-programme-partenariat-suisse\/\">\n              <div class=\"card-img-top\">\n                <div class=\"bg-primary px-6 slanted slanted-from-top-right\" style=\"width: 168px;\">\n                  <i class=\"d-flex text-black\" style=\"font-size: 100px;\" aria-hidden=\"true\"><jello-icon name=\"custom\/partner-program\"><\/jello-icon><\/i>\n                <\/div>\n              <\/div>\n              <h3 class=\"card-title mt-6 px-6 mb-0 lg-min-height\" style=\"--min-height: 73px;\">Programme de partenariat<\/h3>\n              <div class=\"card-body mt-auto\">\n                <div class=\"card-text lh15\">\n                  <p>Supportez vos clients et d\u00e9veloppez votre activit\u00e9 avec NorthC, sp\u00e9cialement con\u00e7u pour les fournisseurs informatiques suisses qui offrent confiance, performance et souverainet\u00e9 num\u00e9rique.<\/p>\n                <\/div>\n                <span class=\"card-btn material-symbols-outlined\" aria-hidden=\"true\"><jello-icon name=\"material\/arrow_right_alt\"><\/jello-icon><\/span>\n              <\/div> \n            <\/a>\n          <\/div>\n                  <div class=\"swiper-slide\">\n            <a class=\"card text-bg-white text-decoration-none\" href=\"https:\/\/www.northcdatacenters.com\/ch-fr\/nos-services\/region-connect\/\">\n              <div class=\"card-img-top\">\n                <div class=\"bg-primary px-6 slanted slanted-from-top-right\" style=\"width: 168px;\">\n                  <i class=\"d-flex text-black\" style=\"font-size: 100px;\" aria-hidden=\"true\"><jello-icon name=\"custom\/region-connect\"><\/jello-icon><\/i>\n                <\/div>\n              <\/div>\n              <h3 class=\"card-title mt-6 px-6 mb-0 lg-min-height\" style=\"--min-height: 73px;\">Region Connect<\/h3>\n              <div class=\"card-body mt-auto\">\n                <div class=\"card-text lh15\">\n                  <p>Region Connect offre une largeur de bande passante de 400 gigabits pour une disponibilit\u00e9 et une vitesse maximales, ce qui est id\u00e9al pour des applications critiques comme les ERP et l\u2019e-commerce.<\/p>\n                <\/div>\n                <span class=\"card-btn material-symbols-outlined\" aria-hidden=\"true\"><jello-icon name=\"material\/arrow_right_alt\"><\/jello-icon><\/span>\n              <\/div> \n            <\/a>\n          <\/div>\n              <\/div>\n      <div class=\"swiper-pagination\"><\/div>\n    <\/div>\n  <\/div>\n<\/section>\n\n\n\n[\/vc_column][\/vc_row][vc_row full_width=\u00a0\u00bbstretch_row\u00a0\u00bb north_c_background_color=\u00a0\u00bbbg-gray-200&Prime;][vc_column]<div class=\"cta\">\n  <div class=\"cta-grid\">\n    <div class=\"cta-picture\">\n      <picture class=\"responsive-picture d-block\">\n  <img decoding=\"async\" src=\"https:\/\/www.northcdatacenters.com\/ch-fr\/wp-content\/uploads\/sites\/6\/2020\/02\/Jan-Willem-Dees-1256x1256.webp\" srcset=\"https:\/\/www.northcdatacenters.com\/ch-fr\/wp-content\/uploads\/sites\/6\/2020\/02\/Jan-Willem-Dees-1256x1256.webp 1256w, https:\/\/www.northcdatacenters.com\/ch-fr\/wp-content\/uploads\/sites\/6\/2020\/02\/Jan-Willem-Dees-300x300.webp 300w, https:\/\/www.northcdatacenters.com\/ch-fr\/wp-content\/uploads\/sites\/6\/2020\/02\/Jan-Willem-Dees-1024x1024.webp 1024w, https:\/\/www.northcdatacenters.com\/ch-fr\/wp-content\/uploads\/sites\/6\/2020\/02\/Jan-Willem-Dees-768x768.webp 768w, https:\/\/www.northcdatacenters.com\/ch-fr\/wp-content\/uploads\/sites\/6\/2020\/02\/Jan-Willem-Dees-1536x1536.webp 1536w, https:\/\/www.northcdatacenters.com\/ch-fr\/wp-content\/uploads\/sites\/6\/2020\/02\/Jan-Willem-Dees-250x250.webp 250w, https:\/\/www.northcdatacenters.com\/ch-fr\/wp-content\/uploads\/sites\/6\/2020\/02\/Jan-Willem-Dees-740x740.webp 740w, https:\/\/www.northcdatacenters.com\/ch-fr\/wp-content\/uploads\/sites\/6\/2020\/02\/Jan-Willem-Dees-175x175.webp 175w, https:\/\/www.northcdatacenters.com\/ch-fr\/wp-content\/uploads\/sites\/6\/2020\/02\/Jan-Willem-Dees-360x360.webp 360w, https:\/\/www.northcdatacenters.com\/ch-fr\/wp-content\/uploads\/sites\/6\/2020\/02\/Jan-Willem-Dees-500x500.webp 500w, https:\/\/www.northcdatacenters.com\/ch-fr\/wp-content\/uploads\/sites\/6\/2020\/02\/Jan-Willem-Dees.webp 1920w\"\n  class=\"\" style=\"\"\n  loading=\"lazy\"\n  sizes=\"(min-width: 992px) 1280px, 100vw\" \/><\/picture>\n          <\/div>\n\n    <div class=\"text text-white d-flex flex-column gap-4 justify-content-center align-items-center p-6 pb-12 px-lg-12 px-xxl-28\">\n      <h6 class=\"text-primary lh214 font-extrabold text-center mb-0\">Contactez-nous<\/h6>\n      <h3 class=\"mb-2 text-center text-sm-5xl mb-sm-6 text-balance\">Besoin de conseils propres \u00e0 votre situation?<\/h3>\n      <div class=\"buttons d-flex flex-column flex-lg-row flex-wrap gap-4 align-items-center justify-content-center dark-background\">\n                  \n  <button class=\"btn btn-primary\" type=\"button\" data-bs-toggle=\"offcanvas\" data-bs-target=\"#offcanvas_15\" aria-controls=\"offcanvas_15\">\n    Demander un devis  <\/button>\n                  \n  \n  <button class=\"btn btn-secondary\" type=\"button\" data-bs-toggle=\"offcanvas\" data-bs-target=\"#offcanvas_34\" aria-controls=\"offcanvas_34\">\n    Planifier une visite  <\/button>\n\n              <\/div>\n    <\/div>\n  <\/div>\n<\/div>[\/vc_column][\/vc_row]<\/p>\n<\/div>","protected":false},"excerpt":{"rendered":"<p>[vc_row full_width=\u00a0\u00bbstretch_row_content_no_spaces\u00a0\u00bb][vc_column][\/vc_column][\/vc_row][vc_row][vc_column][vc_column_text] Centre de donn\u00e9es d&rsquo;Amsterdam 2 Le centre de donn\u00e9es d\u2019Amsterdam 2 est situ\u00e9 au c\u0153ur d&rsquo;Amsterdam Zuidoost, le quartier d\u2019affaires en pleine expansion. Cette r\u00e9gion est un carrefour de la technologie, des finances et des TIC. Amsterdam Zuidoost est facilement accessible par les autoroutes A2, A9 et A10 et se trouve \u00e0 une &#8230;<\/p>\n","protected":false},"author":31,"featured_media":22271,"parent":2002,"menu_order":0,"comment_status":"closed","ping_status":"closed","template":"","meta":{"_acf_changed":false,"_relevanssi_hide_post":"","_relevanssi_hide_content":"","_relevanssi_pin_for_all":"","_relevanssi_pin_keywords":"","_relevanssi_unpin_keywords":"","_relevanssi_related_keywords":"","_relevanssi_related_include_ids":"","_relevanssi_related_exclude_ids":"","_relevanssi_related_no_append":"","_relevanssi_related_not_related":"","_relevanssi_related_posts":"","_relevanssi_noindex_reason":"","footnotes":""},"class_list":["post-30076","page","type-page","status-publish","has-post-thumbnail","hentry"],"acf":[],"yoast_head":"<!-- This site is optimized with the Yoast SEO Premium plugin v27.5 (Yoast SEO v27.5) - https:\/\/yoast.com\/product\/yoast-seo-premium-wordpress\/ -->\n<title>Centre de donn\u00e9es Amsterdam 2 | NorthC Datacenters<\/title>\n<meta name=\"description\" content=\"Le centre de donn\u00e9es d\u2019Amsterdam 2 est l\u2019un des cinq centres de donn\u00e9es de NorthC dans la r\u00e9gion m\u00e9tropolitaine d\u2019Amsterdam. Strat\u00e9giquement situ\u00e9 au c\u0153ur de l\u2019\u00e9conomie num\u00e9rique des Pays-Bas.\" \/>\n<meta name=\"robots\" content=\"index, follow, max-snippet:-1, max-image-preview:large, max-video-preview:-1\" \/>\n<link rel=\"canonical\" href=\"https:\/\/www.northcdatacenters.com\/ch-fr\/northc-datacenters\/amsterdam-2\/\" \/>\n<meta property=\"og:locale\" content=\"fr_FR\" \/>\n<meta property=\"og:type\" content=\"article\" \/>\n<meta property=\"og:title\" content=\"Amsterdam 2\" \/>\n<meta property=\"og:description\" content=\"Le centre de donn\u00e9es d\u2019Amsterdam 2 est l\u2019un des cinq centres de donn\u00e9es de NorthC dans la r\u00e9gion m\u00e9tropolitaine d\u2019Amsterdam. Strat\u00e9giquement situ\u00e9 au c\u0153ur de l\u2019\u00e9conomie num\u00e9rique des Pays-Bas.\" \/>\n<meta property=\"og:url\" content=\"https:\/\/www.northcdatacenters.com\/ch-fr\/northc-datacenters\/amsterdam-2\/\" \/>\n<meta property=\"og:site_name\" content=\"NorthC Datacenters (CH-FR)\" \/>\n<meta property=\"article:modified_time\" content=\"2026-04-09T17:43:38+00:00\" \/>\n<meta property=\"og:image\" content=\"https:\/\/www.northcdatacenters.com\/ch-fr\/wp-content\/uploads\/sites\/6\/2022\/12\/Datacenter_Biel_NorthC.webp\" \/>\n\t<meta property=\"og:image:width\" content=\"1200\" \/>\n\t<meta property=\"og:image:height\" content=\"630\" \/>\n\t<meta property=\"og:image:type\" content=\"image\/jpeg\" \/>\n<meta name=\"twitter:card\" content=\"summary_large_image\" \/>\n<meta name=\"twitter:label1\" content=\"Est. reading time\" \/>\n\t<meta name=\"twitter:data1\" content=\"5 minutes\" \/>\n<script type=\"application\/ld+json\" class=\"yoast-schema-graph\">{\"@context\":\"https:\\\/\\\/schema.org\",\"@graph\":[{\"@type\":\"WebPage\",\"@id\":\"https:\\\/\\\/www.northcdatacenters.com\\\/ch-fr\\\/northc-datacenters\\\/amsterdam-2\\\/\",\"url\":\"https:\\\/\\\/www.northcdatacenters.com\\\/ch-fr\\\/northc-datacenters\\\/amsterdam-2\\\/\",\"name\":\"Centre de donn\u00e9es Amsterdam 2 | NorthC Datacenters\",\"isPartOf\":{\"@id\":\"https:\\\/\\\/www.northcdatacenters.com\\\/ch-fr\\\/#website\"},\"primaryImageOfPage\":{\"@id\":\"https:\\\/\\\/www.northcdatacenters.com\\\/ch-fr\\\/northc-datacenters\\\/amsterdam-2\\\/#primaryimage\"},\"image\":{\"@id\":\"https:\\\/\\\/www.northcdatacenters.com\\\/ch-fr\\\/northc-datacenters\\\/amsterdam-2\\\/#primaryimage\"},\"thumbnailUrl\":\"https:\\\/\\\/www.northcdatacenters.com\\\/ch-fr\\\/wp-content\\\/uploads\\\/sites\\\/6\\\/2022\\\/12\\\/Datacenter_Biel_NorthC.webp\",\"datePublished\":\"2025-08-26T08:58:16+00:00\",\"dateModified\":\"2026-04-09T17:43:38+00:00\",\"description\":\"Le centre de donn\u00e9es d\u2019Amsterdam 2 est l\u2019un des cinq centres de donn\u00e9es de NorthC dans la r\u00e9gion m\u00e9tropolitaine d\u2019Amsterdam. Strat\u00e9giquement situ\u00e9 au c\u0153ur de l\u2019\u00e9conomie num\u00e9rique des Pays-Bas.\",\"breadcrumb\":{\"@id\":\"https:\\\/\\\/www.northcdatacenters.com\\\/ch-fr\\\/northc-datacenters\\\/amsterdam-2\\\/#breadcrumb\"},\"inLanguage\":\"fr-FR\",\"potentialAction\":[{\"@type\":\"ReadAction\",\"target\":[\"https:\\\/\\\/www.northcdatacenters.com\\\/ch-fr\\\/northc-datacenters\\\/amsterdam-2\\\/\"]}]},{\"@type\":\"ImageObject\",\"inLanguage\":\"fr-FR\",\"@id\":\"https:\\\/\\\/www.northcdatacenters.com\\\/ch-fr\\\/northc-datacenters\\\/amsterdam-2\\\/#primaryimage\",\"url\":\"https:\\\/\\\/www.northcdatacenters.com\\\/ch-fr\\\/wp-content\\\/uploads\\\/sites\\\/6\\\/2022\\\/12\\\/Datacenter_Biel_NorthC.webp\",\"contentUrl\":\"https:\\\/\\\/www.northcdatacenters.com\\\/ch-fr\\\/wp-content\\\/uploads\\\/sites\\\/6\\\/2022\\\/12\\\/Datacenter_Biel_NorthC.webp\",\"width\":1200,\"height\":630},{\"@type\":\"BreadcrumbList\",\"@id\":\"https:\\\/\\\/www.northcdatacenters.com\\\/ch-fr\\\/northc-datacenters\\\/amsterdam-2\\\/#breadcrumb\",\"itemListElement\":[{\"@type\":\"ListItem\",\"position\":1,\"name\":\"Home\",\"item\":\"https:\\\/\\\/www.northcdatacenters.com\\\/ch-fr\\\/\"},{\"@type\":\"ListItem\",\"position\":2,\"name\":\"Nos centres de donn\u00e9es\",\"item\":\"https:\\\/\\\/www.northcdatacenters.com\\\/ch-fr\\\/northc-datacenters\\\/\"},{\"@type\":\"ListItem\",\"position\":3,\"name\":\"Amsterdam 2\"}]},{\"@type\":\"WebSite\",\"@id\":\"https:\\\/\\\/www.northcdatacenters.com\\\/ch-fr\\\/#website\",\"url\":\"https:\\\/\\\/www.northcdatacenters.com\\\/ch-fr\\\/\",\"name\":\"NorthC Datacenters\",\"description\":\"Digital business, Personal connections.\",\"publisher\":{\"@id\":\"https:\\\/\\\/www.northcdatacenters.com\\\/ch-fr\\\/#organization\"},\"potentialAction\":[{\"@type\":\"SearchAction\",\"target\":{\"@type\":\"EntryPoint\",\"urlTemplate\":\"https:\\\/\\\/www.northcdatacenters.com\\\/ch-fr\\\/?s={search_term_string}\"},\"query-input\":{\"@type\":\"PropertyValueSpecification\",\"valueRequired\":true,\"valueName\":\"search_term_string\"}}],\"inLanguage\":\"fr-FR\"},{\"@type\":\"Organization\",\"@id\":\"https:\\\/\\\/www.northcdatacenters.com\\\/ch-fr\\\/#organization\",\"name\":\"NorthC Datacenters\",\"url\":\"https:\\\/\\\/www.northcdatacenters.com\\\/ch-fr\\\/\",\"logo\":{\"@type\":\"ImageObject\",\"inLanguage\":\"fr-FR\",\"@id\":\"https:\\\/\\\/www.northcdatacenters.com\\\/ch-fr\\\/#\\\/schema\\\/logo\\\/image\\\/\",\"url\":\"https:\\\/\\\/www.northcdatacenters.com\\\/ch-fr\\\/wp-content\\\/uploads\\\/sites\\\/6\\\/2024\\\/11\\\/Logo_NorthC.svg\",\"contentUrl\":\"https:\\\/\\\/www.northcdatacenters.com\\\/ch-fr\\\/wp-content\\\/uploads\\\/sites\\\/6\\\/2024\\\/11\\\/Logo_NorthC.svg\",\"width\":110,\"height\":24,\"caption\":\"NorthC Datacenters\"},\"image\":{\"@id\":\"https:\\\/\\\/www.northcdatacenters.com\\\/ch-fr\\\/#\\\/schema\\\/logo\\\/image\\\/\"}}]}<\/script>\n<!-- \/ Yoast SEO Premium plugin. -->","yoast_head_json":{"title":"Centre de donn\u00e9es Amsterdam 2 | NorthC Datacenters","description":"Le centre de donn\u00e9es d\u2019Amsterdam 2 est l\u2019un des cinq centres de donn\u00e9es de NorthC dans la r\u00e9gion m\u00e9tropolitaine d\u2019Amsterdam. Strat\u00e9giquement situ\u00e9 au c\u0153ur de l\u2019\u00e9conomie num\u00e9rique des Pays-Bas.","robots":{"index":"index","follow":"follow","max-snippet":"max-snippet:-1","max-image-preview":"max-image-preview:large","max-video-preview":"max-video-preview:-1"},"canonical":"https:\/\/www.northcdatacenters.com\/ch-fr\/northc-datacenters\/amsterdam-2\/","og_locale":"fr_FR","og_type":"article","og_title":"Amsterdam 2","og_description":"Le centre de donn\u00e9es d\u2019Amsterdam 2 est l\u2019un des cinq centres de donn\u00e9es de NorthC dans la r\u00e9gion m\u00e9tropolitaine d\u2019Amsterdam. Strat\u00e9giquement situ\u00e9 au c\u0153ur de l\u2019\u00e9conomie num\u00e9rique des Pays-Bas.","og_url":"https:\/\/www.northcdatacenters.com\/ch-fr\/northc-datacenters\/amsterdam-2\/","og_site_name":"NorthC Datacenters (CH-FR)","article_modified_time":"2026-04-09T17:43:38+00:00","og_image":[{"width":1200,"height":630,"url":"https:\/\/www.northcdatacenters.com\/ch-fr\/wp-content\/uploads\/sites\/6\/2022\/12\/Datacenter_Biel_NorthC.webp","type":"image\/jpeg"}],"twitter_card":"summary_large_image","twitter_misc":{"Est. reading time":"5 minutes"},"schema":{"@context":"https:\/\/schema.org","@graph":[{"@type":"WebPage","@id":"https:\/\/www.northcdatacenters.com\/ch-fr\/northc-datacenters\/amsterdam-2\/","url":"https:\/\/www.northcdatacenters.com\/ch-fr\/northc-datacenters\/amsterdam-2\/","name":"Centre de donn\u00e9es Amsterdam 2 | NorthC Datacenters","isPartOf":{"@id":"https:\/\/www.northcdatacenters.com\/ch-fr\/#website"},"primaryImageOfPage":{"@id":"https:\/\/www.northcdatacenters.com\/ch-fr\/northc-datacenters\/amsterdam-2\/#primaryimage"},"image":{"@id":"https:\/\/www.northcdatacenters.com\/ch-fr\/northc-datacenters\/amsterdam-2\/#primaryimage"},"thumbnailUrl":"https:\/\/www.northcdatacenters.com\/ch-fr\/wp-content\/uploads\/sites\/6\/2022\/12\/Datacenter_Biel_NorthC.webp","datePublished":"2025-08-26T08:58:16+00:00","dateModified":"2026-04-09T17:43:38+00:00","description":"Le centre de donn\u00e9es d\u2019Amsterdam 2 est l\u2019un des cinq centres de donn\u00e9es de NorthC dans la r\u00e9gion m\u00e9tropolitaine d\u2019Amsterdam. Strat\u00e9giquement situ\u00e9 au c\u0153ur de l\u2019\u00e9conomie num\u00e9rique des Pays-Bas.","breadcrumb":{"@id":"https:\/\/www.northcdatacenters.com\/ch-fr\/northc-datacenters\/amsterdam-2\/#breadcrumb"},"inLanguage":"fr-FR","potentialAction":[{"@type":"ReadAction","target":["https:\/\/www.northcdatacenters.com\/ch-fr\/northc-datacenters\/amsterdam-2\/"]}]},{"@type":"ImageObject","inLanguage":"fr-FR","@id":"https:\/\/www.northcdatacenters.com\/ch-fr\/northc-datacenters\/amsterdam-2\/#primaryimage","url":"https:\/\/www.northcdatacenters.com\/ch-fr\/wp-content\/uploads\/sites\/6\/2022\/12\/Datacenter_Biel_NorthC.webp","contentUrl":"https:\/\/www.northcdatacenters.com\/ch-fr\/wp-content\/uploads\/sites\/6\/2022\/12\/Datacenter_Biel_NorthC.webp","width":1200,"height":630},{"@type":"BreadcrumbList","@id":"https:\/\/www.northcdatacenters.com\/ch-fr\/northc-datacenters\/amsterdam-2\/#breadcrumb","itemListElement":[{"@type":"ListItem","position":1,"name":"Home","item":"https:\/\/www.northcdatacenters.com\/ch-fr\/"},{"@type":"ListItem","position":2,"name":"Nos centres de donn\u00e9es","item":"https:\/\/www.northcdatacenters.com\/ch-fr\/northc-datacenters\/"},{"@type":"ListItem","position":3,"name":"Amsterdam 2"}]},{"@type":"WebSite","@id":"https:\/\/www.northcdatacenters.com\/ch-fr\/#website","url":"https:\/\/www.northcdatacenters.com\/ch-fr\/","name":"NorthC Datacenters","description":"Digital business, Personal connections.","publisher":{"@id":"https:\/\/www.northcdatacenters.com\/ch-fr\/#organization"},"potentialAction":[{"@type":"SearchAction","target":{"@type":"EntryPoint","urlTemplate":"https:\/\/www.northcdatacenters.com\/ch-fr\/?s={search_term_string}"},"query-input":{"@type":"PropertyValueSpecification","valueRequired":true,"valueName":"search_term_string"}}],"inLanguage":"fr-FR"},{"@type":"Organization","@id":"https:\/\/www.northcdatacenters.com\/ch-fr\/#organization","name":"NorthC Datacenters","url":"https:\/\/www.northcdatacenters.com\/ch-fr\/","logo":{"@type":"ImageObject","inLanguage":"fr-FR","@id":"https:\/\/www.northcdatacenters.com\/ch-fr\/#\/schema\/logo\/image\/","url":"https:\/\/www.northcdatacenters.com\/ch-fr\/wp-content\/uploads\/sites\/6\/2024\/11\/Logo_NorthC.svg","contentUrl":"https:\/\/www.northcdatacenters.com\/ch-fr\/wp-content\/uploads\/sites\/6\/2024\/11\/Logo_NorthC.svg","width":110,"height":24,"caption":"NorthC Datacenters"},"image":{"@id":"https:\/\/www.northcdatacenters.com\/ch-fr\/#\/schema\/logo\/image\/"}}]}},"_links":{"self":[{"href":"https:\/\/www.northcdatacenters.com\/ch-fr\/wp-json\/wp\/v2\/pages\/30076","targetHints":{"allow":["GET"]}}],"collection":[{"href":"https:\/\/www.northcdatacenters.com\/ch-fr\/wp-json\/wp\/v2\/pages"}],"about":[{"href":"https:\/\/www.northcdatacenters.com\/ch-fr\/wp-json\/wp\/v2\/types\/page"}],"author":[{"embeddable":true,"href":"https:\/\/www.northcdatacenters.com\/ch-fr\/wp-json\/wp\/v2\/users\/31"}],"replies":[{"embeddable":true,"href":"https:\/\/www.northcdatacenters.com\/ch-fr\/wp-json\/wp\/v2\/comments?post=30076"}],"version-history":[{"count":5,"href":"https:\/\/www.northcdatacenters.com\/ch-fr\/wp-json\/wp\/v2\/pages\/30076\/revisions"}],"predecessor-version":[{"id":31887,"href":"https:\/\/www.northcdatacenters.com\/ch-fr\/wp-json\/wp\/v2\/pages\/30076\/revisions\/31887"}],"up":[{"embeddable":true,"href":"https:\/\/www.northcdatacenters.com\/ch-fr\/wp-json\/wp\/v2\/pages\/2002"}],"wp:featuredmedia":[{"embeddable":true,"href":"https:\/\/www.northcdatacenters.com\/ch-fr\/wp-json\/wp\/v2\/media\/22271"}],"wp:attachment":[{"href":"https:\/\/www.northcdatacenters.com\/ch-fr\/wp-json\/wp\/v2\/media?parent=30076"}],"curies":[{"name":"wp","href":"https:\/\/api.w.org\/{rel}","templated":true}]}}