{"id":30096,"date":"2025-08-26T08:57:43","date_gmt":"2025-08-26T08:57:43","guid":{"rendered":"https:\/\/www.northcdatacenters.com\/ch-fr\/?page_id=30096"},"modified":"2026-04-09T17:32:45","modified_gmt":"2026-04-09T17:32:45","slug":"munich-2","status":"publish","type":"page","link":"https:\/\/www.northcdatacenters.com\/ch-fr\/northc-datacenters\/munich-2\/","title":{"rendered":"Munich 2"},"content":{"rendered":"<div class=\"wpb-content-wrapper\"><p>[vc_row full_width=\u00a0\u00bbstretch_row_content_no_spaces\u00a0\u00bb][vc_column]\n<div class=\"hero \">\n  \n    <div class=\"hero-bg dark-overlay dark-overlay-on-image\"\n      style=\"position: relative; overflow: hidden; width: 100%; min-height: 66vh; background-color: #f0f0f0;\">\n      <figure style=\"width: 100%; height: 100%;\">\n        <img\n          class=\"hero-image\"\n          src=\"https:\/\/www.northcdatacenters.com\/ch-fr\/wp-content\/uploads\/sites\/6\/2025\/08\/DC-Muenchen-2-jpg.webp\"\n          srcset=\"https:\/\/www.northcdatacenters.com\/ch-fr\/wp-content\/uploads\/sites\/6\/2025\/08\/DC-Muenchen-2-300x200.webp 300w, https:\/\/www.northcdatacenters.com\/ch-fr\/wp-content\/uploads\/sites\/6\/2025\/08\/DC-Muenchen-2-510x360.webp 510w, https:\/\/www.northcdatacenters.com\/ch-fr\/wp-content\/uploads\/sites\/6\/2025\/08\/DC-Muenchen-2-600x840.webp 600w, https:\/\/www.northcdatacenters.com\/ch-fr\/wp-content\/uploads\/sites\/6\/2025\/08\/DC-Muenchen-2-800x500.webp 800w, https:\/\/www.northcdatacenters.com\/ch-fr\/wp-content\/uploads\/sites\/6\/2025\/08\/DC-Muenchen-2-1024x683.webp 1024w, https:\/\/www.northcdatacenters.com\/ch-fr\/wp-content\/uploads\/sites\/6\/2025\/08\/DC-Muenchen-2-jpg.webp 7867w, \"\n          sizes=\"(min-width: 7867px) 7867px, 100vw\"\n          type=\"image\/webp\"\n          loading=\"eager\"\n          decoding=\"async\"\n          fetchpriority=\"high\"\n          alt=\"Hero image\"\n          style=\"\n            position: absolute;\n            top: 0;\n            left: 0;\n            width: 100%;\n            height: 100%;\n            object-fit: cover;\n            object-position: 50% center;\n            opacity: 1;\n            aspect-ratio: 1.7777777777777777;\n          \"\n        >\n        <div class=\"scroll-indicator\">\n  <svg width=\"24\" height=\"24\" viewBox=\"0 0 24 24\" fill=\"none\" xmlns=\"http:\/\/www.w3.org\/2000\/svg\" aria-hidden=\"true\">\n    <rect x=\"7.25\" y=\"2.75\" width=\"9.5\" height=\"18.5\" rx=\"4.75\" stroke=\"white\" stroke-width=\"1.5\" \/>\n    <rect class=\"scroll\" x=\"10\" y=\"6\" width=\"4\" height=\"7\" rx=\"2\" fill=\"white\" \/>\n  <\/svg>\n<\/div>      <\/figure>\n    <\/div>\n  \n  <div class=\"container hero-content text-white \">\n    <div class=\"title d-flex flex-column gap-3 gap-lg-4\">\n              <div class=\"d-flex flex-column flex-lg-row gap-4\">\n                      <h3 class=\"chapeau text-base mb-0 text-white order-1 order-lg-0\">Nos centres de donn\u00e9es<\/h3>\n                            <\/div>\n            <h1 class=\"mb-6 lh-sm\">Centre de donn\u00e9es de Munich 2<\/h1>\n\n      \n              <div class=\"d-flex gap-4\">\n          \n                      \n<div class=\"post-tags d-flex gap-1\">\n      <span class=\"tag text-bg-white\">\n      Temps de lecture : 5 min    <\/span>\n  <\/div>                  <\/div>\n      \n          <\/div>\n  <\/div>\n\n      <div class=\"container hero-text-container-wrap\">\n      <div class=\"hero-text-container text-bg-white z-1 py-16 px-md-3 slanted slanted-xl-space-left slanted-xl-from-bottom-left\">\n        <div class=\"container\">\n          <div class=\"d-flex flex-column gap-6\">\n            \n<nav class=\"font-extrabold text-xs text-gray-500\" aria-label=\"breadcrumb\">\n  <ol class='breadcrumb'>      <li class=\"breadcrumb-item \" >\n                  <a href=\"https:\/\/www.northcdatacenters.com\/ch-fr\" class=\"text-decoration-none text-gray-500\">Home<\/a>\n              <\/li>\n      <li class=\"breadcrumb-item \" >\n                  <a href=\"https:\/\/www.northcdatacenters.com\/ch-fr\/northc-datacenters\/\" class=\"text-decoration-none text-gray-500\">Nos centres de donn\u00e9es<\/a>\n              <\/li>\n      <li class=\"breadcrumb-item  active\" aria-current=\"page\">\n                  Munich 2              <\/li>\n<\/ol><\/nav>\n\n                          <h3 class=\"font-bold mb-0 text-4xl lh-lead\">Munich 2 dispose d'une infrastructure de colocation ultramoderne et offre une solution durable notamment pour les clients des secteurs TIC, sant\u00e9, administration et \u00e9ducation.<\/h3>\n            \n            <div class=\"button-list\">\n                              \n  <button class=\"btn btn-primary\" type=\"button\" id=\"Fiche_D_Information_Du_Centre_De_Donn\u00e9es_De_Munich_2\" data-bs-toggle=\"offcanvas\" data-bs-target=\"#offcanvas_31671\" aria-controls=\"offcanvas_31671\">\n    T\u00e9l\u00e9charger la fiche d'information  <\/button>\n                              \n  \n  <button class=\"btn btn-secondary\" type=\"button\" data-bs-toggle=\"offcanvas\" data-bs-target=\"#offcanvas_15\" aria-controls=\"offcanvas_15\">\n    Demander un devis  <\/button>\n\n                          <\/div>\n          <\/div>\n        <\/div>\n      <\/div>\n    <\/div>\n  <\/div>[\/vc_column][\/vc_row][vc_row][vc_column][vc_column_text]<\/p>\n<h2>Centre de donn\u00e9es de Munich 2<\/h2>\n<p>Situ\u00e9 \u00e0 l\u2019est de Munich, pr\u00e8s du parc des expositions et de l&rsquo;autoroute A94, ce site offre une connexion optimale au r\u00e9seau de transport r\u00e9gional. L\u2019a\u00e9roport de Munich et le p\u00e9riph\u00e9rique central \u00ab\u00a0Mittlere Ring\u00a0\u00bb sont facilement accessibles. Le centre de donn\u00e9es est con\u00e7u pour \u00eatre neutre en termes des op\u00e9rateurs, connect\u00e9 en redondance multiple et connect\u00e9 \u00e0 d\u2019autres sites NorthC en Allemagne, ce qui en fait un choix id\u00e9al pour les infrastructures informatiques hautement disponibles et g\u00e9ographiquement dispers\u00e9es.[\/vc_column_text]\n<div class=\"route bg-white px-6 py-4 py-lg-6 d-flex flex-column flex-lg-row justify-content-lg-between align-items-lg-center gap-6\">\n  <div class=\"flex-grow-0\">\n    <div class=\"d-flex align-items-center mb-2 gap-4\">\n      <i class=\"material-symbols-outlined\" aria-hidden=\"true\"><jello-icon name=\"material\/location_on\"><\/jello-icon><\/i>\n      <address class=\"mb-0\">\n        <span class=\"font-extrabold\">Adresse: <\/span>Wamslerstrasse 8, 81829 M\u00fcnchen (Ost)      <\/address>\n    <\/div>\n    <div class=\"d-flex align-items-center mb-2 gap-4\">\n      <i class=\"material-symbols-outlined\" aria-hidden=\"true\"><jello-icon name=\"material\/call\"><\/jello-icon><\/i>\n      <a href=\"tel:+4991289909300\" class=\"text-decoration-none\"><span class=\"font-extrabold\">T\u00e9l\u00e9phone:<\/span> +49 9128 99093 00<\/a>\n    <\/div>\n  <\/div>\n  <div class=\"d-flex flex-shrink-0 align-items-center gap-6 route-image-container\">\n          <img decoding=\"async\" src=\"https:\/\/www.northcdatacenters.com\/ch-fr\/wp-content\/uploads\/sites\/6\/2025\/08\/datacenter_maps_munchen.webp\" alt=\"Route\" class=\"rounded-full\" style=\"width: 90px; height: 90px;\">\n    \n    <a href=\"https:\/\/www.google.com\/maps\/dir\/?api=1&destination=Wamslerstrasse+8%2C+81829+M%C3%BCnchen+%28Ost%29%2C+germany\" target=\"_blank\" rel=\"noopener\">Comment s'y rendre?<\/a>\n  <\/div>\n<\/div>\n\n[\/vc_column][\/vc_row][vc_row full_width=\u00a0\u00bbstretch_row_content\u00a0\u00bb][vc_column]<div class=\"title-block px-3 title-block-image-left\">\n  <div class=\"container image-container\" style=\"--image-position-x: 50%;\">\n          <picture class=\"responsive-picture \">\n  <img decoding=\"async\" src=\"https:\/\/www.northcdatacenters.com\/ch-fr\/wp-content\/uploads\/sites\/6\/2025\/08\/Munchen_landmark_stock-1-scaled-1-1600x1143.webp\" srcset=\"\"\n  class=\"\" style=\"\"\n  loading=\"lazy\"\n  sizes=\"(min-width: 1400px) 1200px, (min-width: 1200px) 48vw, 100vw\" \/><\/picture>      <\/div>\n\n  <div class=\"d-none d-xl-block background-with-slanted-edge slanted\"><\/div>\n\n  <div class=\"container text-container\">\n    <div class=\"text-bg-white text py-9 px-6 d-flex flex-column\">\n              <h2 class=\"font-heavy lh-sm\">Centre de donn\u00e9es NorthC Munich 2 : infrastructure technologique de base pour l'avenir num\u00e9rique de Munich<\/h2>\n      \n      <div class=\"content lh-xl\">\n        <div class=\"mb-4\">\n<p data-start=\"1047\" data-end=\"1385\">Munich est l\u2019un des principaux p\u00f4le de technologie et d\u2019innovation en Allemagne. Outre les grands groupes informatiques, les clusters de sant\u00e9, les instituts de recherche et les administrations publiques y sont fortement repr\u00e9sent\u00e9s. La capitale bavaroise investit continuellement dans l\u2019\u00e9ducation num\u00e9rique, la num\u00e9risation de la sant\u00e9 et les solutions administratives intelligentes. Le centre de donn\u00e9es NorthC de Munich 2 soutient ce d\u00e9veloppement avec une infrastructure s\u00e9curis\u00e9e et \u00e9volutive pour les applications d\u2019IA, les solutions de campus num\u00e9riques ou les portails administratifs.<\/p>\n<\/div>\n      <\/div>\n\n              <div class=\"d-flex gap-3 flex-wrap mt-4\">\n                      \n  <button class=\"btn btn-primary\" type=\"button\" data-bs-toggle=\"offcanvas\" data-bs-target=\"#offcanvas_32\" aria-controls=\"offcanvas_32\">\n    T\u00e9l\u00e9charger la liste des op\u00e9rateurs t\u00e9l\u00e9coms  <\/button>\n                      \n  \n  <button class=\"btn btn-secondary\" type=\"button\" data-bs-toggle=\"offcanvas\" data-bs-target=\"#offcanvas_34\" aria-controls=\"offcanvas_34\">\n    Planifier une visite  <\/button>\n\n                  <\/div>\n          <\/div>\n  <\/div>\n<\/div>[\/vc_column][\/vc_row][vc_row][vc_column]\n<div class=\"facts\">\n  <div class=\"column-container\">\n    <div class=\"facts-column\">\n      <header class=\"d-flex flex-column pt-16 pb-6 px-6\">\n        <h4 class=\"chapeau text-gray-500 text-base lh-sm\">Caract\u00e9ristiques<\/h4>\n        <h3 class=\"mb-0\">Centre de donn\u00e9es de Munich 2<\/h3>\n      <\/header>\n\n      <div class=\"bg-white\">\n        <div class=\"bg-primary px-6 py-0 slanted slanted-from-top-right\" style=\"width: 168px;\">\n          <i class=\"d-flex text-black\" style=\"font-size: 100px;\" aria-hidden=\"true\"><jello-icon name=\"custom\/information\"><\/jello-icon><\/i>\n        <\/div>\n        <div class=\"d-flex flex-column gap-6 bg-white p-6 pb-10 specs-container\">\n          <h3 class=\"mb-0\">Donn\u00e9es &amp; Faits<\/h3>\n\n          <dl class=\"list-unstyled mb-0\">\n                          <dt>\n                <label class=\"d-flex align-items-center gap-2 spec-label\">\n                                    <span>Puissance totale en MW<\/span>\n                <\/label>\n              <\/dt>\n              <dd><p>1,17<\/p>\n<\/dd>\n                          <dt>\n                <label class=\"d-flex align-items-center gap-2 spec-label\">\n                                    <span>Redondance des g\u00e9n\u00e9rateurs<\/span>\n                <\/label>\n              <\/dt>\n              <dd><p>con\u00e7u selon le Tier II, 2 x 2 MVA<\/p>\n<\/dd>\n                      <\/dl>\n        <\/div>\n      <\/div>\n    <\/div>\n\n    <div class=\"facts-column\">\n      <div class=\"d-flex align-items-center justify-content-center bg-gray-300 px-6 py-4 download-image-container\">\n        <img loading=\"lazy\" decoding=\"async\" width=\"233\" height=\"300\" src=\"https:\/\/www.northcdatacenters.com\/ch-fr\/wp-content\/uploads\/sites\/6\/2026\/03\/Mockup-Factsheet-Munchen-2-FR-1-233x300.webp\" class=\"attachment-medium size-medium has-transparency\" alt=\"alt=&quot;&quot;\" srcset=\"https:\/\/www.northcdatacenters.com\/ch-fr\/wp-content\/uploads\/sites\/6\/2026\/03\/Mockup-Factsheet-Munchen-2-FR-1-233x300.webp 233w, https:\/\/www.northcdatacenters.com\/ch-fr\/wp-content\/uploads\/sites\/6\/2026\/03\/Mockup-Factsheet-Munchen-2-FR-1-795x1024.webp 795w, https:\/\/www.northcdatacenters.com\/ch-fr\/wp-content\/uploads\/sites\/6\/2026\/03\/Mockup-Factsheet-Munchen-2-FR-1-768x989.webp 768w, https:\/\/www.northcdatacenters.com\/ch-fr\/wp-content\/uploads\/sites\/6\/2026\/03\/Mockup-Factsheet-Munchen-2-FR-1-1192x1536.webp 1192w, https:\/\/www.northcdatacenters.com\/ch-fr\/wp-content\/uploads\/sites\/6\/2026\/03\/Mockup-Factsheet-Munchen-2-FR-1-975x1256.webp 975w, https:\/\/www.northcdatacenters.com\/ch-fr\/wp-content\/uploads\/sites\/6\/2026\/03\/Mockup-Factsheet-Munchen-2-FR-1-175x225.webp 175w, https:\/\/www.northcdatacenters.com\/ch-fr\/wp-content\/uploads\/sites\/6\/2026\/03\/Mockup-Factsheet-Munchen-2-FR-1-279x360.webp 279w, https:\/\/www.northcdatacenters.com\/ch-fr\/wp-content\/uploads\/sites\/6\/2026\/03\/Mockup-Factsheet-Munchen-2-FR-1-388x500.webp 388w, https:\/\/www.northcdatacenters.com\/ch-fr\/wp-content\/uploads\/sites\/6\/2026\/03\/Mockup-Factsheet-Munchen-2-FR-1.webp 1416w\" sizes=\"(max-width: 233px) 100vw, 233px\" data-has-transparency=\"true\" data-dominant-color=\"bab27d\" style=\"--dominant-color: #bab27d;\" \/>      <\/div>\n\n      <div class=\"bg-white\">\n        <div class=\"d-flex flex-column gap-6 px-6 py-16 more-insights-container\">\n          <div class=\"get-more-insights\">\n            <?xml encoding=\"UTF-8\"><h2>Pourquoi choisir le centre de donn&eacute;es de Munich 2 ?<\/h2><ul class=\"check-list\">\n<li style=\"font-weight: 400\">Obtenez un centre de donn&eacute;es avec la meilleure connectivit&eacute; : enracin&eacute; dans la r&eacute;gion, reli&eacute; au niveau international, directement accessible.<\/li>\n<li style=\"font-weight: 400\">Travaillez de mani&egrave;re r&eacute;gionale et acc&eacute;dez &agrave; un r&eacute;seau mondial : vos donn&eacute;es restent locales, votre port&eacute;e est mondiale.<\/li>\n<li style=\"font-weight: 400\">Support 24h\/24 : un responsable de site d&eacute;di&eacute; et du personnel de s&eacute;curit&eacute; sont &agrave; votre disposition 365 jours par an.<\/li>\n<\/ul>\n          <\/div>\n          <div>\n                                      \n  <button class=\"btn btn-primary\" type=\"button\" id=\"Fiche_D_Information_Du_Centre_De_Donn\u00e9es_De_Munich_2\" data-bs-toggle=\"offcanvas\" data-bs-target=\"#offcanvas_31671\" aria-controls=\"offcanvas_31671\">\n    T\u00e9l\u00e9charger la fiche d'information  <\/button>\n                      <\/div>\n        <\/div>\n      <\/div>\n    <\/div>\n  <\/div>\n\n<\/div>[\/vc_column][\/vc_row][vc_row disable_element=\u00a0\u00bbyes\u00a0\u00bb][vc_column offset=\u00a0\u00bbvc_col-md-offset-2 vc_col-md-8&Prime;]<div class=\"title d-flex flex-wrap flex-column justify-content-center gap-4 mb-12\">\n  <div class=\"d-flex flex-column text-center\">\n          <h3 class=\"chapeau text-base text-gray-500\">Certificats<\/h3>\n    \n    <div class=\"d-flex flex-column gap-4\">\n      <h2 class=\"mb-0\">Nos certifications garantissent et attestent la qualit\u00e9 et la continuit\u00e9 de nos services<\/h2>\n\n          <\/div>\n\n    \n\n  <\/div>\n  <\/div>\n<div class=\"button-list justify-content-center\">\n      <a href=\"\/ch-fr\/a-propos-de-nous\/certifications\/#iso27001\" target=\"\"  class=\"btn btn-secondary\">\n      ISO 27001    <\/a>\n      <a href=\"\/ch-fr\/a-propos-de-nous\/certifications\/#iso9001\" target=\"\"  class=\"btn btn-secondary\">\n      ISO 9001    <\/a>\n      <a href=\"\/ch-fr\/a-propos-de-nous\/certifications\/#isae3402\" target=\"\"  class=\"btn btn-secondary\">\n      ISAE 3402    <\/a>\n      <a href=\"\/ch-fr\/a-propos-de-nous\/certifications\/#dinen50600\" target=\"\"  class=\"btn btn-secondary\">\n      DIN 50600    <\/a>\n  <\/div>[\/vc_column][\/vc_row][vc_row full_width=\u00a0\u00bbstretch_row_content\u00a0\u00bb][vc_column]<div class=\"title-block px-3 title-block-image-right\">\n  <div class=\"container image-container\" style=\"--image-position-x: 50%;\">\n          <picture class=\"responsive-picture \">\n  <img decoding=\"async\" src=\"https:\/\/www.northcdatacenters.com\/ch-fr\/wp-content\/uploads\/sites\/6\/2024\/11\/northc-nederland-diensten-cloud-connect-1-1600x985.webp\" srcset=\"\"\n  class=\"\" style=\"\"\n  loading=\"lazy\"\n  sizes=\"(min-width: 1400px) 1200px, (min-width: 1200px) 48vw, 100vw\" \/><\/picture>      <\/div>\n\n  <div class=\"d-none d-xl-block background-with-slanted-edge slanted\"><\/div>\n\n  <div class=\"container text-container\">\n    <div class=\"text-bg-white text py-9 px-6 d-flex flex-column\">\n              <h2 class=\"font-heavy lh-sm\">Centre de donn\u00e9es ind\u00e9pendant des op\u00e9rateurs t\u00e9l\u00e9coms et du Cloud<\/h2>\n      \n      <div class=\"content lh-xl\">\n        En tant que centre de donn\u00e9es ind\u00e9pendant des op\u00e9rateurs t\u00e9l\u00e9coms et du Cloud, NorthC Munich 2 offre des conditions flexibles pour l\u2019informatique haute densit\u00e9 et la colocation de serveurs. Gr\u00e2ce \u00e0 notre r\u00e9seau d\u2019entreprises partenaires, vous b\u00e9n\u00e9ficiez de services manag\u00e9s et d\u2019options de Cloud suppl\u00e9mentaires.      <\/div>\n\n          <\/div>\n  <\/div>\n<\/div>[\/vc_column][\/vc_row][vc_row full_width=\u00a0\u00bbstretch_row_content\u00a0\u00bb][vc_column]<div class=\"title-block px-3 title-block-image-left\">\n  <div class=\"container image-container\" style=\"--image-position-x: 50%;\">\n          <picture class=\"responsive-picture \">\n  <img decoding=\"async\" src=\"https:\/\/www.northcdatacenters.com\/ch-fr\/wp-content\/uploads\/sites\/6\/2024\/11\/NorthC_mission_2030.webp\" srcset=\"https:\/\/www.northcdatacenters.com\/ch-fr\/wp-content\/uploads\/sites\/6\/2024\/11\/NorthC_mission_2030.webp 1200w, https:\/\/www.northcdatacenters.com\/ch-fr\/wp-content\/uploads\/sites\/6\/2024\/11\/NorthC_mission_2030-300x158.webp 300w, https:\/\/www.northcdatacenters.com\/ch-fr\/wp-content\/uploads\/sites\/6\/2024\/11\/NorthC_mission_2030-1024x538.webp 1024w, https:\/\/www.northcdatacenters.com\/ch-fr\/wp-content\/uploads\/sites\/6\/2024\/11\/NorthC_mission_2030-768x403.webp 768w, https:\/\/www.northcdatacenters.com\/ch-fr\/wp-content\/uploads\/sites\/6\/2024\/11\/NorthC_mission_2030-175x92.webp 175w, https:\/\/www.northcdatacenters.com\/ch-fr\/wp-content\/uploads\/sites\/6\/2024\/11\/NorthC_mission_2030-510x268.webp 510w, https:\/\/www.northcdatacenters.com\/ch-fr\/wp-content\/uploads\/sites\/6\/2024\/11\/NorthC_mission_2030-800x420.webp 800w\"\n  class=\"\" style=\"\"\n  loading=\"lazy\"\n  sizes=\"(min-width: 1400px) 1200px, (min-width: 1200px) 48vw, 100vw\" \/><\/picture>      <\/div>\n\n  <div class=\"d-none d-xl-block background-with-slanted-edge slanted\"><\/div>\n\n  <div class=\"container text-container\">\n    <div class=\"text-bg-white text py-9 px-6 d-flex flex-column\">\n              <h2 class=\"font-heavy lh-sm\">Durabilit\u00e9 et accessibilit\u00e9 optimale dans la capitale de la Bavi\u00e8re<\/h2>\n      \n      <div class=\"content lh-xl\">\n        Le centre de donn\u00e9es est ax\u00e9 sur la durabilit\u00e9 et fonctionne d\u00e9j\u00e0 \u00e0 100\u00a0% avec de l\u2019\u00e9lectricit\u00e9 verte issue d\u2019\u00e9nergies renouvelables.\u00a0Notre objectif est d\u2019atteindre la neutralit\u00e9 carbone totale d\u2019ici 2030.\u00a0 De plus, notre centre de donn\u00e9es est situ\u00e9 \u00e0 proximit\u00e9 imm\u00e9diate du p\u00e9riph\u00e9rique de Munich &#8211; comme l&rsquo;A99\/A94.      <\/div>\n\n          <\/div>\n  <\/div>\n<\/div>[\/vc_column][\/vc_row][vc_row full_width=\u00a0\u00bbstretch_row_content\u00a0\u00bb][vc_column]<div class=\"title-block px-3 title-block-image-right\">\n  <div class=\"container image-container\" style=\"--image-position-x: 50%;\">\n          <picture class=\"responsive-picture \">\n  <img decoding=\"async\" src=\"https:\/\/www.northcdatacenters.com\/ch-fr\/wp-content\/uploads\/sites\/6\/2024\/11\/northc-flags-1600x1143.webp\" srcset=\"\"\n  class=\"\" style=\"\"\n  loading=\"lazy\"\n  sizes=\"(min-width: 1400px) 1200px, (min-width: 1200px) 48vw, 100vw\" \/><\/picture>      <\/div>\n\n  <div class=\"d-none d-xl-block background-with-slanted-edge slanted\"><\/div>\n\n  <div class=\"container text-container\">\n    <div class=\"text-bg-white text py-9 px-6 d-flex flex-column\">\n              <h2 class=\"font-heavy lh-sm\">Pourquoi devriez-vous miser sur NorthC ?<\/h2>\n      \n      <div class=\"content lh-xl\">\n        Parce que nous unissons la connectivit\u00e9 et la durabilit\u00e9. Avec nous, vous obtenez un centre de donn\u00e9es profond\u00e9ment ancr\u00e9 dans la r\u00e9gion et internationalement connect\u00e9, directement accessible et avec une connexion de premier ordre. Vous pouvez travailler au niveau r\u00e9gional tout en acc\u00e9dant \u00e0 un r\u00e9seau mondial : vos donn\u00e9es restent en s\u00e9curit\u00e9 sur place, tandis que votre port\u00e9e est mondiale. Notre infrastructure garantit une s\u00e9curit\u00e9 maximale dans le Cloud, rapide, fiable et toujours disponible. Ainsi, nous cr\u00e9ons une base qui est exactement adapt\u00e9e \u00e0 vos besoins.      <\/div>\n\n          <\/div>\n  <\/div>\n<\/div>[\/vc_column][\/vc_row][vc_row][vc_column]\n<section class=\"solutions-slider cp-row cp-collapse \">\n  <header>\n    <h4 class=\"chapeau text-base text-gray-500\">Nos services<\/h4>\n    <h3 class=\"mb-10 mb-lg-16 text-lg-5xl\">D\u00e9couvrez comment NorthC peut vous aider<\/h3>\n  <\/header>\n\n  <div class=\"swiper-container\">\n    <div class=\"swiper solutions-swiper pb-6 pb-lg-16\">\n      <div class=\"swiper-wrapper\">\n                  <div class=\"swiper-slide\">\n            <a class=\"card text-bg-white text-decoration-none\" href=\"https:\/\/www.northcdatacenters.com\/ch-fr\/nos-services\/cloud-connect\/\">\n              <div class=\"card-img-top\">\n                <div class=\"bg-primary px-6 slanted slanted-from-top-right\" style=\"width: 168px;\">\n                  <i class=\"d-flex text-black\" style=\"font-size: 100px;\" aria-hidden=\"true\"><jello-icon name=\"custom\/cloud-services\"><\/jello-icon><\/i>\n                <\/div>\n              <\/div>\n              <h3 class=\"card-title mt-6 px-6 mb-0 lg-min-height\" style=\"--min-height: 73px;\">Cloud Connect<\/h3>\n              <div class=\"card-body mt-auto\">\n                <div class=\"card-text lh15\">\n                  <p>Avec NorthC Cloud Connect, vous b\u00e9n\u00e9ficiez de connexions Cloud s\u00e9curis\u00e9es et directes, d&rsquo;une bande passante garantie et d&rsquo;une \u00e9volutivit\u00e9 flexible.<\/p>\n                <\/div>\n                <span class=\"card-btn material-symbols-outlined\" aria-hidden=\"true\"><jello-icon name=\"material\/arrow_right_alt\"><\/jello-icon><\/span>\n              <\/div> \n            <\/a>\n          <\/div>\n                  <div class=\"swiper-slide\">\n            <a class=\"card text-bg-white text-decoration-none\" href=\"https:\/\/www.northcdatacenters.com\/ch-fr\/nos-services\/colocation\/\">\n              <div class=\"card-img-top\">\n                <div class=\"bg-primary px-6 slanted slanted-from-top-right\" style=\"width: 168px;\">\n                  <i class=\"d-flex text-black\" style=\"font-size: 100px;\" aria-hidden=\"true\"><jello-icon name=\"custom\/colocation\"><\/jello-icon><\/i>\n                <\/div>\n              <\/div>\n              <h3 class=\"card-title mt-6 px-6 mb-0 lg-min-height\" style=\"--min-height: 73px;\">Colocation<\/h3>\n              <div class=\"card-body mt-auto\">\n                <div class=\"card-text lh15\">\n                  <p>Avec les centres de donn\u00e9es NorthC, vous s\u00e9curisez votre infrastructure informatique dans des centres de donn\u00e9es hautement professionnels &#8211; avec une fiabilit\u00e9 et une s\u00e9curit\u00e9 maximales gr\u00e2ce \u00e0 des solutions de colocation sur mesure.<\/p>\n                <\/div>\n                <span class=\"card-btn material-symbols-outlined\" aria-hidden=\"true\"><jello-icon name=\"material\/arrow_right_alt\"><\/jello-icon><\/span>\n              <\/div> \n            <\/a>\n          <\/div>\n                  <div class=\"swiper-slide\">\n            <a class=\"card text-bg-white text-decoration-none\" href=\"https:\/\/www.northcdatacenters.com\/ch-fr\/nos-services\/connectivite\/\">\n              <div class=\"card-img-top\">\n                <div class=\"bg-primary px-6 slanted slanted-from-top-right\" style=\"width: 168px;\">\n                  <i class=\"d-flex text-black\" style=\"font-size: 100px;\" aria-hidden=\"true\"><jello-icon name=\"custom\/connectivity\"><\/jello-icon><\/i>\n                <\/div>\n              <\/div>\n              <h3 class=\"card-title mt-6 px-6 mb-0 lg-min-height\" style=\"--min-height: 73px;\">Connectivit\u00e9<\/h3>\n              <div class=\"card-body mt-auto\">\n                <div class=\"card-text lh15\">\n                  <p>Profitez avec NorthC de connexions s\u00e9curis\u00e9es et rapides ainsi que d&rsquo;une bande passante garantie pour votre infrastructure informatique flexible et tourn\u00e9e vers l&rsquo;avenir.<\/p>\n                <\/div>\n                <span class=\"card-btn material-symbols-outlined\" aria-hidden=\"true\"><jello-icon name=\"material\/arrow_right_alt\"><\/jello-icon><\/span>\n              <\/div> \n            <\/a>\n          <\/div>\n                  <div class=\"swiper-slide\">\n            <a class=\"card text-bg-white text-decoration-none\" href=\"https:\/\/www.northcdatacenters.com\/ch-fr\/nos-services\/northc-programme-partenariat-suisse\/\">\n              <div class=\"card-img-top\">\n                <div class=\"bg-primary px-6 slanted slanted-from-top-right\" style=\"width: 168px;\">\n                  <i class=\"d-flex text-black\" style=\"font-size: 100px;\" aria-hidden=\"true\"><jello-icon name=\"custom\/partner-program\"><\/jello-icon><\/i>\n                <\/div>\n              <\/div>\n              <h3 class=\"card-title mt-6 px-6 mb-0 lg-min-height\" style=\"--min-height: 73px;\">Programme de partenariat<\/h3>\n              <div class=\"card-body mt-auto\">\n                <div class=\"card-text lh15\">\n                  <p>Supportez vos clients et d\u00e9veloppez votre activit\u00e9 avec NorthC, sp\u00e9cialement con\u00e7u pour les fournisseurs informatiques suisses qui offrent confiance, performance et souverainet\u00e9 num\u00e9rique.<\/p>\n                <\/div>\n                <span class=\"card-btn material-symbols-outlined\" aria-hidden=\"true\"><jello-icon name=\"material\/arrow_right_alt\"><\/jello-icon><\/span>\n              <\/div> \n            <\/a>\n          <\/div>\n                  <div class=\"swiper-slide\">\n            <a class=\"card text-bg-white text-decoration-none\" href=\"https:\/\/www.northcdatacenters.com\/ch-fr\/nos-services\/region-connect\/\">\n              <div class=\"card-img-top\">\n                <div class=\"bg-primary px-6 slanted slanted-from-top-right\" style=\"width: 168px;\">\n                  <i class=\"d-flex text-black\" style=\"font-size: 100px;\" aria-hidden=\"true\"><jello-icon name=\"custom\/region-connect\"><\/jello-icon><\/i>\n                <\/div>\n              <\/div>\n              <h3 class=\"card-title mt-6 px-6 mb-0 lg-min-height\" style=\"--min-height: 73px;\">Region Connect<\/h3>\n              <div class=\"card-body mt-auto\">\n                <div class=\"card-text lh15\">\n                  <p>Region Connect offre une largeur de bande passante de 400 gigabits pour une disponibilit\u00e9 et une vitesse maximales, ce qui est id\u00e9al pour des applications critiques comme les ERP et l\u2019e-commerce.<\/p>\n                <\/div>\n                <span class=\"card-btn material-symbols-outlined\" aria-hidden=\"true\"><jello-icon name=\"material\/arrow_right_alt\"><\/jello-icon><\/span>\n              <\/div> \n            <\/a>\n          <\/div>\n              <\/div>\n      <div class=\"swiper-pagination\"><\/div>\n    <\/div>\n  <\/div>\n<\/section>\n\n\n\n[\/vc_column][\/vc_row][vc_row full_width=\u00a0\u00bbstretch_row\u00a0\u00bb north_c_background_color=\u00a0\u00bbbg-gray-200&Prime;][vc_column]<div class=\"cta\">\n  <div class=\"cta-grid\">\n    <div class=\"cta-picture\">\n      <picture class=\"responsive-picture d-block\">\n  <img decoding=\"async\" src=\"https:\/\/www.northcdatacenters.com\/ch-fr\/wp-content\/uploads\/sites\/6\/2024\/11\/Murat-Turgut-Kontakt-NorthC-1256x1256.webp\" srcset=\"https:\/\/www.northcdatacenters.com\/ch-fr\/wp-content\/uploads\/sites\/6\/2024\/11\/Murat-Turgut-Kontakt-NorthC-1256x1256.webp 1256w, https:\/\/www.northcdatacenters.com\/ch-fr\/wp-content\/uploads\/sites\/6\/2024\/11\/Murat-Turgut-Kontakt-NorthC-300x300.webp 300w, https:\/\/www.northcdatacenters.com\/ch-fr\/wp-content\/uploads\/sites\/6\/2024\/11\/Murat-Turgut-Kontakt-NorthC-1024x1024.webp 1024w, https:\/\/www.northcdatacenters.com\/ch-fr\/wp-content\/uploads\/sites\/6\/2024\/11\/Murat-Turgut-Kontakt-NorthC-768x768.webp 768w, https:\/\/www.northcdatacenters.com\/ch-fr\/wp-content\/uploads\/sites\/6\/2024\/11\/Murat-Turgut-Kontakt-NorthC-1536x1536.webp 1536w, https:\/\/www.northcdatacenters.com\/ch-fr\/wp-content\/uploads\/sites\/6\/2024\/11\/Murat-Turgut-Kontakt-NorthC-250x250.webp 250w, https:\/\/www.northcdatacenters.com\/ch-fr\/wp-content\/uploads\/sites\/6\/2024\/11\/Murat-Turgut-Kontakt-NorthC-740x740.webp 740w, https:\/\/www.northcdatacenters.com\/ch-fr\/wp-content\/uploads\/sites\/6\/2024\/11\/Murat-Turgut-Kontakt-NorthC-175x175.webp 175w, https:\/\/www.northcdatacenters.com\/ch-fr\/wp-content\/uploads\/sites\/6\/2024\/11\/Murat-Turgut-Kontakt-NorthC-360x360.webp 360w, https:\/\/www.northcdatacenters.com\/ch-fr\/wp-content\/uploads\/sites\/6\/2024\/11\/Murat-Turgut-Kontakt-NorthC-500x500.webp 500w, https:\/\/www.northcdatacenters.com\/ch-fr\/wp-content\/uploads\/sites\/6\/2024\/11\/Murat-Turgut-Kontakt-NorthC.webp 1920w\"\n  class=\"\" style=\"\"\n  loading=\"lazy\"\n  sizes=\"(min-width: 992px) 1280px, 100vw\" \/><\/picture>\n          <\/div>\n\n    <div class=\"text text-white d-flex flex-column gap-4 justify-content-center align-items-center p-6 pb-12 px-lg-12 px-xxl-28\">\n      <h6 class=\"text-primary lh214 font-extrabold text-center mb-0\">Contactez-nous<\/h6>\n      <h3 class=\"mb-2 text-center text-sm-5xl mb-sm-6 text-balance\">Besoin de conseils propres \u00e0 votre situation?<\/h3>\n      <div class=\"buttons d-flex flex-column flex-lg-row flex-wrap gap-4 align-items-center justify-content-center dark-background\">\n                  \n  <button class=\"btn btn-primary\" type=\"button\" data-bs-toggle=\"offcanvas\" data-bs-target=\"#offcanvas_15\" aria-controls=\"offcanvas_15\">\n    Demander un devis  <\/button>\n                  \n  \n  <button class=\"btn btn-secondary\" type=\"button\" data-bs-toggle=\"offcanvas\" data-bs-target=\"#offcanvas_34\" aria-controls=\"offcanvas_34\">\n    Planifier une visite  <\/button>\n\n              <\/div>\n    <\/div>\n  <\/div>\n<\/div>[\/vc_column][\/vc_row]<\/p>\n<\/div>","protected":false},"excerpt":{"rendered":"<p>[vc_row full_width=\u00a0\u00bbstretch_row_content_no_spaces\u00a0\u00bb][vc_column][\/vc_column][\/vc_row][vc_row][vc_column][vc_column_text] Centre de donn\u00e9es de Munich 2 Situ\u00e9 \u00e0 l\u2019est de Munich, pr\u00e8s du parc des expositions et de l&rsquo;autoroute A94, ce site offre une connexion optimale au r\u00e9seau de transport r\u00e9gional. L\u2019a\u00e9roport de Munich et le p\u00e9riph\u00e9rique central \u00ab\u00a0Mittlere Ring\u00a0\u00bb sont facilement accessibles. Le centre de donn\u00e9es est con\u00e7u pour \u00eatre neutre en &#8230;<\/p>\n","protected":false},"author":31,"featured_media":22271,"parent":2002,"menu_order":0,"comment_status":"closed","ping_status":"closed","template":"","meta":{"_acf_changed":false,"_relevanssi_hide_post":"","_relevanssi_hide_content":"","_relevanssi_pin_for_all":"","_relevanssi_pin_keywords":"","_relevanssi_unpin_keywords":"","_relevanssi_related_keywords":"","_relevanssi_related_include_ids":"","_relevanssi_related_exclude_ids":"","_relevanssi_related_no_append":"","_relevanssi_related_not_related":"","_relevanssi_related_posts":"","_relevanssi_noindex_reason":"","footnotes":""},"class_list":["post-30096","page","type-page","status-publish","has-post-thumbnail","hentry"],"acf":[],"yoast_head":"<!-- This site is optimized with the Yoast SEO Premium plugin v27.5 (Yoast SEO v27.5) - https:\/\/yoast.com\/product\/yoast-seo-premium-wordpress\/ -->\n<title>Centre de donn\u00e9es de Munich 2 | NorthC Datacenters<\/title>\n<meta name=\"description\" content=\"Centre de calcul durable dans l\u2019est de Munich - id\u00e9al pour les TIC, la sant\u00e9, l\u2019administration et l\u2019\u00e9ducation. Haute disponibilit\u00e9, forte connectivit\u00e9.\" \/>\n<meta name=\"robots\" content=\"index, follow, max-snippet:-1, max-image-preview:large, max-video-preview:-1\" \/>\n<link rel=\"canonical\" href=\"https:\/\/www.northcdatacenters.com\/ch-fr\/northc-datacenters\/munich-2\/\" \/>\n<meta property=\"og:locale\" content=\"fr_FR\" \/>\n<meta property=\"og:type\" content=\"article\" \/>\n<meta property=\"og:title\" content=\"Munich 2\" \/>\n<meta property=\"og:description\" content=\"Centre de calcul durable dans l\u2019est de Munich - id\u00e9al pour les TIC, la sant\u00e9, l\u2019administration et l\u2019\u00e9ducation. Haute disponibilit\u00e9, forte connectivit\u00e9.\" \/>\n<meta property=\"og:url\" content=\"https:\/\/www.northcdatacenters.com\/ch-fr\/northc-datacenters\/munich-2\/\" \/>\n<meta property=\"og:site_name\" content=\"NorthC Datacenters (CH-FR)\" \/>\n<meta property=\"article:modified_time\" content=\"2026-04-09T17:32:45+00:00\" \/>\n<meta property=\"og:image\" content=\"https:\/\/www.northcdatacenters.com\/ch-fr\/wp-content\/uploads\/sites\/6\/2022\/12\/Datacenter_Biel_NorthC.webp\" \/>\n\t<meta property=\"og:image:width\" content=\"1200\" \/>\n\t<meta property=\"og:image:height\" content=\"630\" \/>\n\t<meta property=\"og:image:type\" content=\"image\/jpeg\" \/>\n<meta name=\"twitter:card\" content=\"summary_large_image\" \/>\n<meta name=\"twitter:label1\" content=\"Est. reading time\" \/>\n\t<meta name=\"twitter:data1\" content=\"5 minutes\" \/>\n<script type=\"application\/ld+json\" class=\"yoast-schema-graph\">{\"@context\":\"https:\\\/\\\/schema.org\",\"@graph\":[{\"@type\":\"WebPage\",\"@id\":\"https:\\\/\\\/www.northcdatacenters.com\\\/ch-fr\\\/northc-datacenters\\\/munich-2\\\/\",\"url\":\"https:\\\/\\\/www.northcdatacenters.com\\\/ch-fr\\\/northc-datacenters\\\/munich-2\\\/\",\"name\":\"Centre de donn\u00e9es de Munich 2 | NorthC Datacenters\",\"isPartOf\":{\"@id\":\"https:\\\/\\\/www.northcdatacenters.com\\\/ch-fr\\\/#website\"},\"primaryImageOfPage\":{\"@id\":\"https:\\\/\\\/www.northcdatacenters.com\\\/ch-fr\\\/northc-datacenters\\\/munich-2\\\/#primaryimage\"},\"image\":{\"@id\":\"https:\\\/\\\/www.northcdatacenters.com\\\/ch-fr\\\/northc-datacenters\\\/munich-2\\\/#primaryimage\"},\"thumbnailUrl\":\"https:\\\/\\\/www.northcdatacenters.com\\\/ch-fr\\\/wp-content\\\/uploads\\\/sites\\\/6\\\/2022\\\/12\\\/Datacenter_Biel_NorthC.webp\",\"datePublished\":\"2025-08-26T08:57:43+00:00\",\"dateModified\":\"2026-04-09T17:32:45+00:00\",\"description\":\"Centre de calcul durable dans l\u2019est de Munich - id\u00e9al pour les TIC, la sant\u00e9, l\u2019administration et l\u2019\u00e9ducation. Haute disponibilit\u00e9, forte connectivit\u00e9.\",\"breadcrumb\":{\"@id\":\"https:\\\/\\\/www.northcdatacenters.com\\\/ch-fr\\\/northc-datacenters\\\/munich-2\\\/#breadcrumb\"},\"inLanguage\":\"fr-FR\",\"potentialAction\":[{\"@type\":\"ReadAction\",\"target\":[\"https:\\\/\\\/www.northcdatacenters.com\\\/ch-fr\\\/northc-datacenters\\\/munich-2\\\/\"]}]},{\"@type\":\"ImageObject\",\"inLanguage\":\"fr-FR\",\"@id\":\"https:\\\/\\\/www.northcdatacenters.com\\\/ch-fr\\\/northc-datacenters\\\/munich-2\\\/#primaryimage\",\"url\":\"https:\\\/\\\/www.northcdatacenters.com\\\/ch-fr\\\/wp-content\\\/uploads\\\/sites\\\/6\\\/2022\\\/12\\\/Datacenter_Biel_NorthC.webp\",\"contentUrl\":\"https:\\\/\\\/www.northcdatacenters.com\\\/ch-fr\\\/wp-content\\\/uploads\\\/sites\\\/6\\\/2022\\\/12\\\/Datacenter_Biel_NorthC.webp\",\"width\":1200,\"height\":630},{\"@type\":\"BreadcrumbList\",\"@id\":\"https:\\\/\\\/www.northcdatacenters.com\\\/ch-fr\\\/northc-datacenters\\\/munich-2\\\/#breadcrumb\",\"itemListElement\":[{\"@type\":\"ListItem\",\"position\":1,\"name\":\"Home\",\"item\":\"https:\\\/\\\/www.northcdatacenters.com\\\/ch-fr\\\/\"},{\"@type\":\"ListItem\",\"position\":2,\"name\":\"Nos centres de donn\u00e9es\",\"item\":\"https:\\\/\\\/www.northcdatacenters.com\\\/ch-fr\\\/northc-datacenters\\\/\"},{\"@type\":\"ListItem\",\"position\":3,\"name\":\"Munich 2\"}]},{\"@type\":\"WebSite\",\"@id\":\"https:\\\/\\\/www.northcdatacenters.com\\\/ch-fr\\\/#website\",\"url\":\"https:\\\/\\\/www.northcdatacenters.com\\\/ch-fr\\\/\",\"name\":\"NorthC Datacenters\",\"description\":\"Digital business, Personal connections.\",\"publisher\":{\"@id\":\"https:\\\/\\\/www.northcdatacenters.com\\\/ch-fr\\\/#organization\"},\"potentialAction\":[{\"@type\":\"SearchAction\",\"target\":{\"@type\":\"EntryPoint\",\"urlTemplate\":\"https:\\\/\\\/www.northcdatacenters.com\\\/ch-fr\\\/?s={search_term_string}\"},\"query-input\":{\"@type\":\"PropertyValueSpecification\",\"valueRequired\":true,\"valueName\":\"search_term_string\"}}],\"inLanguage\":\"fr-FR\"},{\"@type\":\"Organization\",\"@id\":\"https:\\\/\\\/www.northcdatacenters.com\\\/ch-fr\\\/#organization\",\"name\":\"NorthC Datacenters\",\"url\":\"https:\\\/\\\/www.northcdatacenters.com\\\/ch-fr\\\/\",\"logo\":{\"@type\":\"ImageObject\",\"inLanguage\":\"fr-FR\",\"@id\":\"https:\\\/\\\/www.northcdatacenters.com\\\/ch-fr\\\/#\\\/schema\\\/logo\\\/image\\\/\",\"url\":\"https:\\\/\\\/www.northcdatacenters.com\\\/ch-fr\\\/wp-content\\\/uploads\\\/sites\\\/6\\\/2024\\\/11\\\/Logo_NorthC.svg\",\"contentUrl\":\"https:\\\/\\\/www.northcdatacenters.com\\\/ch-fr\\\/wp-content\\\/uploads\\\/sites\\\/6\\\/2024\\\/11\\\/Logo_NorthC.svg\",\"width\":110,\"height\":24,\"caption\":\"NorthC Datacenters\"},\"image\":{\"@id\":\"https:\\\/\\\/www.northcdatacenters.com\\\/ch-fr\\\/#\\\/schema\\\/logo\\\/image\\\/\"}}]}<\/script>\n<!-- \/ Yoast SEO Premium plugin. -->","yoast_head_json":{"title":"Centre de donn\u00e9es de Munich 2 | NorthC Datacenters","description":"Centre de calcul durable dans l\u2019est de Munich - id\u00e9al pour les TIC, la sant\u00e9, l\u2019administration et l\u2019\u00e9ducation. Haute disponibilit\u00e9, forte connectivit\u00e9.","robots":{"index":"index","follow":"follow","max-snippet":"max-snippet:-1","max-image-preview":"max-image-preview:large","max-video-preview":"max-video-preview:-1"},"canonical":"https:\/\/www.northcdatacenters.com\/ch-fr\/northc-datacenters\/munich-2\/","og_locale":"fr_FR","og_type":"article","og_title":"Munich 2","og_description":"Centre de calcul durable dans l\u2019est de Munich - id\u00e9al pour les TIC, la sant\u00e9, l\u2019administration et l\u2019\u00e9ducation. Haute disponibilit\u00e9, forte connectivit\u00e9.","og_url":"https:\/\/www.northcdatacenters.com\/ch-fr\/northc-datacenters\/munich-2\/","og_site_name":"NorthC Datacenters (CH-FR)","article_modified_time":"2026-04-09T17:32:45+00:00","og_image":[{"width":1200,"height":630,"url":"https:\/\/www.northcdatacenters.com\/ch-fr\/wp-content\/uploads\/sites\/6\/2022\/12\/Datacenter_Biel_NorthC.webp","type":"image\/jpeg"}],"twitter_card":"summary_large_image","twitter_misc":{"Est. reading time":"5 minutes"},"schema":{"@context":"https:\/\/schema.org","@graph":[{"@type":"WebPage","@id":"https:\/\/www.northcdatacenters.com\/ch-fr\/northc-datacenters\/munich-2\/","url":"https:\/\/www.northcdatacenters.com\/ch-fr\/northc-datacenters\/munich-2\/","name":"Centre de donn\u00e9es de Munich 2 | NorthC Datacenters","isPartOf":{"@id":"https:\/\/www.northcdatacenters.com\/ch-fr\/#website"},"primaryImageOfPage":{"@id":"https:\/\/www.northcdatacenters.com\/ch-fr\/northc-datacenters\/munich-2\/#primaryimage"},"image":{"@id":"https:\/\/www.northcdatacenters.com\/ch-fr\/northc-datacenters\/munich-2\/#primaryimage"},"thumbnailUrl":"https:\/\/www.northcdatacenters.com\/ch-fr\/wp-content\/uploads\/sites\/6\/2022\/12\/Datacenter_Biel_NorthC.webp","datePublished":"2025-08-26T08:57:43+00:00","dateModified":"2026-04-09T17:32:45+00:00","description":"Centre de calcul durable dans l\u2019est de Munich - id\u00e9al pour les TIC, la sant\u00e9, l\u2019administration et l\u2019\u00e9ducation. Haute disponibilit\u00e9, forte connectivit\u00e9.","breadcrumb":{"@id":"https:\/\/www.northcdatacenters.com\/ch-fr\/northc-datacenters\/munich-2\/#breadcrumb"},"inLanguage":"fr-FR","potentialAction":[{"@type":"ReadAction","target":["https:\/\/www.northcdatacenters.com\/ch-fr\/northc-datacenters\/munich-2\/"]}]},{"@type":"ImageObject","inLanguage":"fr-FR","@id":"https:\/\/www.northcdatacenters.com\/ch-fr\/northc-datacenters\/munich-2\/#primaryimage","url":"https:\/\/www.northcdatacenters.com\/ch-fr\/wp-content\/uploads\/sites\/6\/2022\/12\/Datacenter_Biel_NorthC.webp","contentUrl":"https:\/\/www.northcdatacenters.com\/ch-fr\/wp-content\/uploads\/sites\/6\/2022\/12\/Datacenter_Biel_NorthC.webp","width":1200,"height":630},{"@type":"BreadcrumbList","@id":"https:\/\/www.northcdatacenters.com\/ch-fr\/northc-datacenters\/munich-2\/#breadcrumb","itemListElement":[{"@type":"ListItem","position":1,"name":"Home","item":"https:\/\/www.northcdatacenters.com\/ch-fr\/"},{"@type":"ListItem","position":2,"name":"Nos centres de donn\u00e9es","item":"https:\/\/www.northcdatacenters.com\/ch-fr\/northc-datacenters\/"},{"@type":"ListItem","position":3,"name":"Munich 2"}]},{"@type":"WebSite","@id":"https:\/\/www.northcdatacenters.com\/ch-fr\/#website","url":"https:\/\/www.northcdatacenters.com\/ch-fr\/","name":"NorthC Datacenters","description":"Digital business, Personal connections.","publisher":{"@id":"https:\/\/www.northcdatacenters.com\/ch-fr\/#organization"},"potentialAction":[{"@type":"SearchAction","target":{"@type":"EntryPoint","urlTemplate":"https:\/\/www.northcdatacenters.com\/ch-fr\/?s={search_term_string}"},"query-input":{"@type":"PropertyValueSpecification","valueRequired":true,"valueName":"search_term_string"}}],"inLanguage":"fr-FR"},{"@type":"Organization","@id":"https:\/\/www.northcdatacenters.com\/ch-fr\/#organization","name":"NorthC Datacenters","url":"https:\/\/www.northcdatacenters.com\/ch-fr\/","logo":{"@type":"ImageObject","inLanguage":"fr-FR","@id":"https:\/\/www.northcdatacenters.com\/ch-fr\/#\/schema\/logo\/image\/","url":"https:\/\/www.northcdatacenters.com\/ch-fr\/wp-content\/uploads\/sites\/6\/2024\/11\/Logo_NorthC.svg","contentUrl":"https:\/\/www.northcdatacenters.com\/ch-fr\/wp-content\/uploads\/sites\/6\/2024\/11\/Logo_NorthC.svg","width":110,"height":24,"caption":"NorthC Datacenters"},"image":{"@id":"https:\/\/www.northcdatacenters.com\/ch-fr\/#\/schema\/logo\/image\/"}}]}},"_links":{"self":[{"href":"https:\/\/www.northcdatacenters.com\/ch-fr\/wp-json\/wp\/v2\/pages\/30096","targetHints":{"allow":["GET"]}}],"collection":[{"href":"https:\/\/www.northcdatacenters.com\/ch-fr\/wp-json\/wp\/v2\/pages"}],"about":[{"href":"https:\/\/www.northcdatacenters.com\/ch-fr\/wp-json\/wp\/v2\/types\/page"}],"author":[{"embeddable":true,"href":"https:\/\/www.northcdatacenters.com\/ch-fr\/wp-json\/wp\/v2\/users\/31"}],"replies":[{"embeddable":true,"href":"https:\/\/www.northcdatacenters.com\/ch-fr\/wp-json\/wp\/v2\/comments?post=30096"}],"version-history":[{"count":5,"href":"https:\/\/www.northcdatacenters.com\/ch-fr\/wp-json\/wp\/v2\/pages\/30096\/revisions"}],"predecessor-version":[{"id":31882,"href":"https:\/\/www.northcdatacenters.com\/ch-fr\/wp-json\/wp\/v2\/pages\/30096\/revisions\/31882"}],"up":[{"embeddable":true,"href":"https:\/\/www.northcdatacenters.com\/ch-fr\/wp-json\/wp\/v2\/pages\/2002"}],"wp:featuredmedia":[{"embeddable":true,"href":"https:\/\/www.northcdatacenters.com\/ch-fr\/wp-json\/wp\/v2\/media\/22271"}],"wp:attachment":[{"href":"https:\/\/www.northcdatacenters.com\/ch-fr\/wp-json\/wp\/v2\/media?parent=30096"}],"curies":[{"name":"wp","href":"https:\/\/api.w.org\/{rel}","templated":true}]}}