{"id":26458,"date":"2025-03-26T14:12:09","date_gmt":"2025-03-26T14:12:09","guid":{"rendered":"https:\/\/www.northcdatacenters.com\/de\/?page_id=26458"},"modified":"2026-02-26T15:05:48","modified_gmt":"2026-02-26T15:05:48","slug":"frankfurt-2","status":"publish","type":"page","link":"https:\/\/www.northcdatacenters.com\/de\/northc-datacenters\/frankfurt-2\/","title":{"rendered":"Frankfurt 2"},"content":{"rendered":"<div class=\"wpb-content-wrapper\"><p>[vc_row full_width=&#8220;stretch_row_content_no_spaces&#8220;][vc_column]\n<div class=\"hero \">\n  \n    <div class=\"hero-bg dark-overlay dark-overlay-on-image\"\n      style=\"position: relative; overflow: hidden; width: 100%; min-height: 66vh; background-color: #f0f0f0;\">\n      <figure style=\"width: 100%; height: 100%;\">\n        <img\n          class=\"hero-image\"\n          src=\"https:\/\/www.northcdatacenters.com\/de\/wp-content\/uploads\/sites\/5\/2026\/02\/Frankfurt-2.webp\"\n          srcset=\"https:\/\/www.northcdatacenters.com\/de\/wp-content\/uploads\/sites\/5\/2026\/02\/Frankfurt-2-300x200.webp 300w, https:\/\/www.northcdatacenters.com\/de\/wp-content\/uploads\/sites\/5\/2026\/02\/Frankfurt-2-510x360.webp 510w, https:\/\/www.northcdatacenters.com\/de\/wp-content\/uploads\/sites\/5\/2026\/02\/Frankfurt-2-600x840.webp 600w, https:\/\/www.northcdatacenters.com\/de\/wp-content\/uploads\/sites\/5\/2026\/02\/Frankfurt-2-800x500.webp 800w, https:\/\/www.northcdatacenters.com\/de\/wp-content\/uploads\/sites\/5\/2026\/02\/Frankfurt-2-1024x683.webp 1024w, https:\/\/www.northcdatacenters.com\/de\/wp-content\/uploads\/sites\/5\/2026\/02\/Frankfurt-2.webp 1536w, \"\n          sizes=\"(min-width: 1536px) 1536px, 100vw\"\n          type=\"image\/webp\"\n          loading=\"eager\"\n          decoding=\"async\"\n          fetchpriority=\"high\"\n          alt=\"Hero image\"\n          style=\"\n            position: absolute;\n            top: 0;\n            left: 0;\n            width: 100%;\n            height: 100%;\n            object-fit: cover;\n            object-position: 50% center;\n            opacity: 1;\n            aspect-ratio: 1.7777777777777777;\n          \"\n        >\n        <div class=\"scroll-indicator\">\n  <svg width=\"24\" height=\"24\" viewBox=\"0 0 24 24\" fill=\"none\" xmlns=\"http:\/\/www.w3.org\/2000\/svg\" aria-hidden=\"true\">\n    <rect x=\"7.25\" y=\"2.75\" width=\"9.5\" height=\"18.5\" rx=\"4.75\" stroke=\"white\" stroke-width=\"1.5\" \/>\n    <rect class=\"scroll\" x=\"10\" y=\"6\" width=\"4\" height=\"7\" rx=\"2\" fill=\"white\" \/>\n  <\/svg>\n<\/div>      <\/figure>\n    <\/div>\n  \n  <div class=\"container hero-content text-white \">\n    <div class=\"title d-flex flex-column gap-3 gap-lg-4\">\n              <div class=\"d-flex flex-column flex-lg-row gap-4\">\n                      <h3 class=\"chapeau text-base mb-0 text-white order-1 order-lg-0\">Unsere Rechenzentren<\/h3>\n                            <\/div>\n            <h1 class=\"mb-6 lh-sm\">Rechenzentrum Frankfurt 2<\/h1>\n\n      \n      \n          <\/div>\n  <\/div>\n\n      <div class=\"container hero-text-container-wrap\">\n      <div class=\"hero-text-container text-bg-white z-1 py-16 px-md-3 slanted slanted-xl-space-left slanted-xl-from-bottom-left\">\n        <div class=\"container\">\n          <div class=\"d-flex flex-column gap-6\">\n            \n<nav class=\"font-extrabold text-xs text-gray-500\" aria-label=\"breadcrumb\">\n  <ol class='breadcrumb'>      <li class=\"breadcrumb-item \" >\n                  <a href=\"https:\/\/www.northcdatacenters.com\/de\" class=\"text-decoration-none text-gray-500\">Home<\/a>\n              <\/li>\n      <li class=\"breadcrumb-item \" >\n                  <a href=\"https:\/\/www.northcdatacenters.com\/de\/northc-datacenters\/\" class=\"text-decoration-none text-gray-500\">Unsere Rechenzentren<\/a>\n              <\/li>\n      <li class=\"breadcrumb-item  active\" aria-current=\"page\">\n                  Frankfurt 2              <\/li>\n<\/ol><\/nav>\n\n                          <h3 class=\"font-bold mb-0 text-4xl lh-lead\">Frankfurt 2 kombiniert durch modulares Design hohe Skalierbarkeit und Sicherheit mit besonderer Nachhaltigkeit f\u00fcr AI- und IT-Infrastrukturen.<\/h3>\n            \n            <div class=\"button-list\">\n                              \n  \n  <button class=\"btn btn-secondary\" type=\"button\" data-bs-toggle=\"offcanvas\" data-bs-target=\"#offcanvas_86\" aria-controls=\"offcanvas_86\">\n    Unverbindliche Reservierung  <\/button>\n\n                          <\/div>\n          <\/div>\n        <\/div>\n      <\/div>\n    <\/div>\n  <\/div>[\/vc_column][\/vc_row][vc_row][vc_column][vc_column_text]<\/p>\n<h2>Das Datacenter Frankfurt 2<\/h2>\n<p>Etwa 8 km s\u00fcdlich der Finanzmetropole Frankfurt, im Industriegebiet der Stadt<br \/>\nNeu-Isenburg gelegen, verbindet Frankfurt 2 nachhaltige IT Colocation mit<br \/>\nskalierbaren AI-Wachstumspfaden. Frankfurt 2 erg\u00e4nzt perfekt die NorthC<br \/>\nRechenzentren in der Rhein-Main Region mit den NorthC Datacenter in<br \/>\nDeutschland, Schweiz und Benelux f\u00fcr Kunden der Finanzindustrie,<br \/>\nGesundheitswesen, Medien und \u00f6ffentliche Verwaltung.[\/vc_column_text]\n<div class=\"route bg-white px-6 py-4 py-lg-6 d-flex flex-column flex-lg-row justify-content-lg-between align-items-lg-center gap-6\">\n  <div class=\"flex-grow-0\">\n    <div class=\"d-flex align-items-center mb-2 gap-4\">\n      <i class=\"material-symbols-outlined\" aria-hidden=\"true\"><jello-icon name=\"material\/location_on\"><\/jello-icon><\/i>\n      <address class=\"mb-0\">\n        <span class=\"font-extrabold\">Adresse: <\/span>Dornhofstra\u00dfe 14, 63263 Neu-Isenburg      <\/address>\n    <\/div>\n    <div class=\"d-flex align-items-center mb-2 gap-4\">\n      <i class=\"material-symbols-outlined\" aria-hidden=\"true\"><jello-icon name=\"material\/call\"><\/jello-icon><\/i>\n      <a href=\"tel:+4991289909300\" class=\"text-decoration-none\"><span class=\"font-extrabold\">Telefon:<\/span> +49 9128 99093 00<\/a>\n    <\/div>\n  <\/div>\n  <div class=\"d-flex flex-shrink-0 align-items-center gap-6 route-image-container\">\n          <img decoding=\"async\" src=\"https:\/\/www.northcdatacenters.com\/de\/wp-content\/uploads\/sites\/5\/2026\/01\/Maps-Neu-Isenburg.webp\" alt=\"Route\" class=\"rounded-full\" style=\"width: 90px; height: 90px;\">\n    \n    <a href=\"https:\/\/www.google.com\/maps\/dir\/?api=1&destination=Dornhofstra%C3%9Fe+14%2C+63263+Neu-Isenburg%2C+germany\" target=\"_blank\" rel=\"noopener\">Wie komme ich dorthin?<\/a>\n  <\/div>\n<\/div>\n\n[\/vc_column][\/vc_row][vc_row][vc_column]\n<div class=\"facts\">\n  <div class=\"column-container\">\n    <div class=\"facts-column\">\n      <header class=\"d-flex flex-column pt-16 pb-6 px-6\">\n        <h4 class=\"chapeau text-gray-500 text-base lh-sm\">Features<\/h4>\n        <h3 class=\"mb-0\">Datacenter Frankfurt 2<\/h3>\n      <\/header>\n\n      <div class=\"bg-white\">\n        <div class=\"bg-primary px-6 py-0 slanted slanted-from-top-right\" style=\"width: 168px;\">\n          <i class=\"d-flex text-black\" style=\"font-size: 100px;\" aria-hidden=\"true\"><jello-icon name=\"custom\/information\"><\/jello-icon><\/i>\n        <\/div>\n        <div class=\"d-flex flex-column gap-6 bg-white p-6 pb-10 specs-container\">\n          <h3 class=\"mb-0\">General specifications<\/h3>\n\n          <dl class=\"list-unstyled mb-0\">\n                          <dt>\n                <label class=\"d-flex align-items-center gap-2 spec-label\">\n                                    <span>\u00dcbersicht<\/span>\n                <\/label>\n              <\/dt>\n              <dd><p>&nbsp;<\/p>\n<p>Load: 3 MW (Phase 1)<\/p>\n<p>Energieeffizienz \u2264 1,2 (by Design)<\/p>\n<p>Nachhaltigkeit: 100% CO2-neutraler \u00d6kostrom<\/p>\n<p>Verf\u00fcgbar 01-2027<\/p>\n<\/dd>\n                      <\/dl>\n        <\/div>\n      <\/div>\n    <\/div>\n\n    <div class=\"facts-column\">\n      <div class=\"d-flex align-items-center justify-content-center bg-gray-300 px-6 py-4 download-image-container\">\n        <img loading=\"lazy\" decoding=\"async\" width=\"300\" height=\"300\" src=\"https:\/\/www.northcdatacenters.com\/de\/wp-content\/uploads\/sites\/5\/2026\/01\/NorthC_Kaart_Locaties_NL-DU-ZW_2026-grey-2-300x300.webp\" class=\"attachment-medium size-medium has-transparency\" alt=\"\" srcset=\"https:\/\/www.northcdatacenters.com\/de\/wp-content\/uploads\/sites\/5\/2026\/01\/NorthC_Kaart_Locaties_NL-DU-ZW_2026-grey-2-300x300.webp 300w, https:\/\/www.northcdatacenters.com\/de\/wp-content\/uploads\/sites\/5\/2026\/01\/NorthC_Kaart_Locaties_NL-DU-ZW_2026-grey-2-1024x1024.webp 1024w, https:\/\/www.northcdatacenters.com\/de\/wp-content\/uploads\/sites\/5\/2026\/01\/NorthC_Kaart_Locaties_NL-DU-ZW_2026-grey-2-768x768.webp 768w, https:\/\/www.northcdatacenters.com\/de\/wp-content\/uploads\/sites\/5\/2026\/01\/NorthC_Kaart_Locaties_NL-DU-ZW_2026-grey-2-1536x1536.webp 1536w, https:\/\/www.northcdatacenters.com\/de\/wp-content\/uploads\/sites\/5\/2026\/01\/NorthC_Kaart_Locaties_NL-DU-ZW_2026-grey-2-1256x1256.webp 1256w, https:\/\/www.northcdatacenters.com\/de\/wp-content\/uploads\/sites\/5\/2026\/01\/NorthC_Kaart_Locaties_NL-DU-ZW_2026-grey-2-250x250.webp 250w, https:\/\/www.northcdatacenters.com\/de\/wp-content\/uploads\/sites\/5\/2026\/01\/NorthC_Kaart_Locaties_NL-DU-ZW_2026-grey-2-740x740.webp 740w, https:\/\/www.northcdatacenters.com\/de\/wp-content\/uploads\/sites\/5\/2026\/01\/NorthC_Kaart_Locaties_NL-DU-ZW_2026-grey-2-175x175.webp 175w, https:\/\/www.northcdatacenters.com\/de\/wp-content\/uploads\/sites\/5\/2026\/01\/NorthC_Kaart_Locaties_NL-DU-ZW_2026-grey-2-360x360.webp 360w, https:\/\/www.northcdatacenters.com\/de\/wp-content\/uploads\/sites\/5\/2026\/01\/NorthC_Kaart_Locaties_NL-DU-ZW_2026-grey-2-500x500.webp 500w\" sizes=\"(max-width: 300px) 100vw, 300px\" data-has-transparency=\"true\" data-dominant-color=\"e2dfd2\" style=\"--dominant-color: #e2dfd2;\" \/>      <\/div>\n\n      <div class=\"bg-white\">\n        <div class=\"d-flex flex-column gap-6 px-6 py-16 more-insights-container\">\n          <div class=\"get-more-insights\">\n            <?xml encoding=\"UTF-8\"><h2>Warum NorthC als RZ-Plattform w&auml;hlen?<\/h2><ul class=\"check-list\">\n<li style=\"font-weight: 400\">Gr&ouml;&szlig;ter Edge-Rechenzentrumsanbieter in Europa<\/li>\n<li>Deutsche Datensouver&auml;nit&auml;t<\/li>\n<li>High Density und AI-Ready Architecture<\/li>\n<li>KRITIS- und DORA-Konform<\/li>\n<li>Carrierneutraler Hub<\/li>\n<li>Direktes Peering mit DE-CIX<\/li>\n<\/ul>\n          <\/div>\n          <div>\n                                      \n  <button class=\"btn btn-primary\" type=\"button\" data-bs-toggle=\"offcanvas\" data-bs-target=\"#offcanvas_86\" aria-controls=\"offcanvas_86\">\n    Unverbindliche Reservierung  <\/button>\n                      <\/div>\n        <\/div>\n      <\/div>\n    <\/div>\n  <\/div>\n\n<\/div>[\/vc_column][\/vc_row][vc_row][vc_column offset=&#8220;vc_col-md-offset-2 vc_col-md-8&#8243;]<div class=\"title d-flex flex-wrap flex-column justify-content-center gap-4 mb-12\">\n  <div class=\"d-flex flex-column text-center\">\n          <h3 class=\"chapeau text-base text-gray-500\">Zertifikate<\/h3>\n    \n    <div class=\"d-flex flex-column gap-4\">\n      <h2 class=\"mb-0\">Unsere Zertifizierungen garantieren und belegen die Qualit\u00e4t und Kontinuit\u00e4t unserer Dienstleistungen.<\/h2>\n\n          <\/div>\n\n    \n\n  <\/div>\n  <\/div>\n<div class=\"button-list justify-content-center\">\n      <a href=\"\/de\/ueber-uns\/zertifizierungen\/#iso9001\" target=\"_blank\" rel=\"noopener\" class=\"btn btn-secondary\">\n      ISO 9001    <\/a>\n      <a href=\"\/de\/ueber-uns\/zertifizierungen\/#iso27001\" target=\"_blank\" rel=\"noopener\" class=\"btn btn-secondary\">\n      ISO 27001    <\/a>\n      <a href=\"\/de\/ueber-uns\/zertifizierungen\/#isae3402\" target=\"_blank\" rel=\"noopener\" class=\"btn btn-secondary\">\n      ISAE 3402    <\/a>\n      <a href=\"\/de\/ueber-uns\/zertifizierungen\/#dinen50600\" target=\"_blank\" rel=\"noopener\" class=\"btn btn-secondary\">\n      DIN EN 50600    <\/a>\n      <a href=\"\/de\/ueber-uns\/zertifizierungen\/#iso14001\" target=\"_blank\" rel=\"noopener\" class=\"btn btn-secondary\">\n      ISO 14001    <\/a>\n      <a href=\"\/de\/ueber-uns\/zertifizierungen\/#iso20001\" target=\"_blank\" rel=\"noopener\" class=\"btn btn-secondary\">\n      ISO 20001    <\/a>\n  <\/div>[\/vc_column][\/vc_row][vc_row][vc_column][vc_column_text]<\/p>\n<h2>Modulares Design<\/h2>\n<p>Das Rechenzentrum wird modular vorgefertigt aufgebaut und die technische Infrastruktur in kompletten Bausteinen &#8211; wie Notstromaggregate, Transformatoren u.v.m. &#8211; hinzugef\u00fcgt sein. Die zweigeschossigen modularen Datenhallen k\u00f6nnen sich auf eine Gesamtfl\u00e4che von insgesamt ca. 5.800 m\u00b2 erstrecken.<\/p>\n<p>Die Phase 1 mit Betriebsbereitschaft ab Januar 2027 besteht aus 2x 2 gestapelten Modulen mit insgesamt 1.200 m2 Whitespace und 3 MW IT-Last, erg\u00e4nzt durch ein separates Modul f\u00fcr Treppenhaus, Warenlagerung und Lastenaufzug zum Obergeschoss.<\/p>\n<p>Die weiteren Module werden hinzugef\u00fcgt, sobald das Rechenzentrum hochskaliert werden muss. Damit wird sichergestellt, dass Kapazit\u00e4ten nur nach Bedarf schnell erweitert werden, ohne gleich ein komplettes Rechenzentrum neu errichten zu m\u00fcssen. Das erm\u00f6glicht eine bedarfsgerechte und nachhaltige Expansion.<br \/>\nIm vorgebauten B\u00fcrogeb\u00e4ude sind das NorthC Security Office f\u00fcr mehrstufig gesicherten Zugang zum Rechenzentrum sowie die Carrier Meet-Me R\u00e4ume untergebracht. Dort stehen f\u00fcr Kunden zudem Parkpl\u00e4tze sowie kostenfreie Shared Office oder dedizierte B\u00fcromietr\u00e4ume zur Verf\u00fcgung.<\/p>\n<pre><\/pre>\n<p>[\/vc_column_text][\/vc_column][\/vc_row][vc_row full_width=&#8220;stretch_row_content&#8220;][vc_column]<div class=\"title-block px-3 title-block-image-right\">\n  <div class=\"container image-container\" style=\"--image-position-x: 50%;\">\n          <picture class=\"responsive-picture \">\n  <img decoding=\"async\" src=\"https:\/\/www.northcdatacenters.com\/de\/wp-content\/uploads\/sites\/5\/2025\/12\/NI-1600x1143.webp\" srcset=\"\"\n  class=\"\" style=\"\"\n  loading=\"lazy\"\n  sizes=\"(min-width: 1400px) 1200px, (min-width: 1200px) 48vw, 100vw\" \/><\/picture>      <\/div>\n\n  <div class=\"d-none d-xl-block background-with-slanted-edge slanted\"><\/div>\n\n  <div class=\"container text-container\">\n    <div class=\"text-bg-white text py-9 px-6 d-flex flex-column\">\n              <h2 class=\"font-heavy lh-sm\">Nachhaltigkeit<\/h2>\n      \n      <div class=\"content lh-xl\">\n        <p>NorthC Frankfurt 2 ist ein mit Awards ausgezeichnetes Beispiel, wie der wachsende Energiebedarf f\u00fcr IT, High Performance Computing und Artificial Intelligence (AI) mit Nachhaltigkeit f\u00fcr die Umwelt und unseren nat\u00fcrlichen Ressourcen in Einklang gebracht werden kann.<\/p>\n<ul>\n<li>Gr\u00fcnfassaden<\/li>\n<li>Regenwassernutzung<\/li>\n<li>NEA mit Vorheizung aus Abw\u00e4rme<\/li>\n<li>Lokale Abw\u00e4rmenutzung<\/li>\n<li>Bl\u00fchwiesen auf dem Campus<\/li>\n<li>\u00d6ko-Strom aus erneuerbaren Energien<\/li>\n<\/ul>\n      <\/div>\n\n          <\/div>\n  <\/div>\n<\/div>[\/vc_column][\/vc_row][vc_row full_width=&#8220;stretch_row_content&#8220;][vc_column]<div class=\"title-block px-3 title-block-image-left\">\n  <div class=\"container image-container\" style=\"--image-position-x: 50%;\">\n          <picture class=\"responsive-picture \">\n  <img decoding=\"async\" src=\"https:\/\/www.northcdatacenters.com\/de\/wp-content\/uploads\/sites\/5\/2025\/12\/NI-Regenwassernutzung-1600x1143.webp\" srcset=\"\"\n  class=\"\" style=\"\"\n  loading=\"lazy\"\n  sizes=\"(min-width: 1400px) 1200px, (min-width: 1200px) 48vw, 100vw\" \/><\/picture>      <\/div>\n\n  <div class=\"d-none d-xl-block background-with-slanted-edge slanted\"><\/div>\n\n  <div class=\"container text-container\">\n    <div class=\"text-bg-white text py-9 px-6 d-flex flex-column\">\n              <h2 class=\"font-heavy lh-sm\">Regenwassernutzung und Begr\u00fcnung<\/h2>\n      \n      <div class=\"content lh-xl\">\n        <p>Die Nutzung und Schonung von nat\u00fcrlichen Ressourcen bietet nicht nur \u00f6kologische, sondern f\u00fcr NorthC und seine Kunden auch \u00f6konomische Vorteile. So werden allein durch die Nutzung von Regenwasser jeden Monat gesch\u00e4tzt \u00fcber 13.000 Liter kostbares Trinkwasser f\u00fcr Reinigung der R\u00fcckk\u00fchler, Toiletten und Bew\u00e4sserung der Gr\u00fcnanlagen und Gr\u00fcnfassen eingespart.<\/p>\n<ul>\n<li>Schonung von Trinkwasserressourcen<\/li>\n<li>Kosteneinsparung f\u00fcr Trinkwasser<\/li>\n<li>F\u00f6rderung der Grundwasserneubildung<\/li>\n<li>Verbesserung des lokalen \u00d6kosystems<\/li>\n<li>Verbesserung des Mikroklimas durch erh\u00f6hte lokale Verdunstung<\/li>\n<\/ul>\n      <\/div>\n\n          <\/div>\n  <\/div>\n<\/div>[\/vc_column][\/vc_row][vc_row full_width=&#8220;stretch_row_content&#8220;][vc_column]<div class=\"title-block px-3 title-block-image-right\">\n  <div class=\"container image-container\" style=\"--image-position-x: 50%;\">\n          <picture class=\"responsive-picture \">\n  <img decoding=\"async\" src=\"https:\/\/www.northcdatacenters.com\/de\/wp-content\/uploads\/sites\/5\/2025\/12\/Fassadenbegruenung-Neu-Isenburg-1600x1143.webp\" srcset=\"\"\n  class=\"\" style=\"\"\n  loading=\"lazy\"\n  sizes=\"(min-width: 1400px) 1200px, (min-width: 1200px) 48vw, 100vw\" \/><\/picture>      <\/div>\n\n  <div class=\"d-none d-xl-block background-with-slanted-edge slanted\"><\/div>\n\n  <div class=\"container text-container\">\n    <div class=\"text-bg-white text py-9 px-6 d-flex flex-column\">\n              <h2 class=\"font-heavy lh-sm\">Begr\u00fcnung und Bl\u00fchwiesen<\/h2>\n      \n      <div class=\"content lh-xl\">\n        <ul>\n<li>F\u00f6rderung der Biodiversit\u00e4t<\/li>\n<li>K\u00fchlung der Umgebung<\/li>\n<li>Bindung von Feinstaub<\/li>\n<li>Luftreinigung<\/li>\n<li>Schallabsorption<\/li>\n<li>Optisches Erscheinungsbild<\/li>\n<\/ul>\n      <\/div>\n\n          <\/div>\n  <\/div>\n<\/div>[\/vc_column][\/vc_row][vc_row full_width=&#8220;stretch_row_content&#8220;][vc_column]<div class=\"title-block px-3 title-block-image-left\">\n  <div class=\"container image-container\" style=\"--image-position-x: 50%;\">\n          <picture class=\"responsive-picture \">\n  <img decoding=\"async\" src=\"https:\/\/www.northcdatacenters.com\/de\/wp-content\/uploads\/sites\/5\/2024\/11\/northc-nederland-diensten-cloud-connect-1-1600x985.webp\" srcset=\"\"\n  class=\"\" style=\"\"\n  loading=\"lazy\"\n  sizes=\"(min-width: 1400px) 1200px, (min-width: 1200px) 48vw, 100vw\" \/><\/picture>      <\/div>\n\n  <div class=\"d-none d-xl-block background-with-slanted-edge slanted\"><\/div>\n\n  <div class=\"container text-container\">\n    <div class=\"text-bg-white text py-9 px-6 d-flex flex-column\">\n              <h2 class=\"font-heavy lh-sm\">Carrier- und cloud-neutrales Rechenzentrum<\/h2>\n      \n      <div class=\"content lh-xl\">\n        <span style=\"font-weight: 400\">Als carrier- und cloud-neutrales Rechenzentrum bietet NorthC FRA 2 flexible L\u00f6sungen f\u00fcr High-Density-Computing und Colocation. Dank unseres Netzwerks aus Partnerunternehmen profitieren Sie von zus\u00e4tzlichen Managed Services und Cloud-Optionen.<\/span>      <\/div>\n\n          <\/div>\n  <\/div>\n<\/div>[\/vc_column][\/vc_row][vc_row full_width=&#8220;stretch_row_content&#8220;][vc_column]<div class=\"title-block px-3 title-block-image-right\">\n  <div class=\"container image-container\" style=\"--image-position-x: 50%;\">\n          <picture class=\"responsive-picture \">\n  <img decoding=\"async\" src=\"https:\/\/www.northcdatacenters.com\/de\/wp-content\/uploads\/sites\/5\/2024\/11\/northc-flags-1600x1143.webp\" srcset=\"\"\n  class=\"\" style=\"\"\n  loading=\"lazy\"\n  sizes=\"(min-width: 1400px) 1200px, (min-width: 1200px) 48vw, 100vw\" \/><\/picture>      <\/div>\n\n  <div class=\"d-none d-xl-block background-with-slanted-edge slanted\"><\/div>\n\n  <div class=\"container text-container\">\n    <div class=\"text-bg-white text py-9 px-6 d-flex flex-column\">\n              <h2 class=\"font-heavy lh-sm\">Warum sollten Sie auf NorthC setzen?<\/h2>\n      \n      <div class=\"content lh-xl\">\n        Weil wir Konnektivit\u00e4t und Nachhaltigkeit vereinen. Mit uns erhalten Sie ein Rechenzentrum, das sowohl tief in der Region verwurzelt als auch international vernetzt ist \u2013 direkt zug\u00e4nglich und mit erstklassiger Anbindung. Sie k\u00f6nnen regional arbeiten und gleichzeitig auf ein globales Netzwerk zugreifen: Ihre Daten bleiben sicher vor Ort, w\u00e4hrend Ihre Reichweite weltweit ist. Unsere Infrastruktur sorgt dabei f\u00fcr maximale Sicherheit in der Cloud \u2013 schnell, zuverl\u00e4ssig und immer verf\u00fcgbar. So schaffen wir eine Basis, die genau auf Ihre Bed\u00fcrfnisse zugeschnitten ist.      <\/div>\n\n          <\/div>\n  <\/div>\n<\/div>[\/vc_column][\/vc_row][vc_row][vc_column]\n<section class=\"solutions-slider cp-row cp-collapse \">\n  <header>\n    <h4 class=\"chapeau text-base text-gray-500\">Unsere Serviceleistungen<\/h4>\n    <h3 class=\"mb-10 mb-lg-16 text-lg-5xl\">Erfahren Sie, wie NorthC Ihnen helfen kann<\/h3>\n  <\/header>\n\n  <div class=\"swiper-container\">\n    <div class=\"swiper solutions-swiper pb-6 pb-lg-16\">\n      <div class=\"swiper-wrapper\">\n                  <div class=\"swiper-slide\">\n            <a class=\"card text-bg-white text-decoration-none\" href=\"https:\/\/www.northcdatacenters.com\/de\/serviceleistungen\/colocation\/\">\n              <div class=\"card-img-top\">\n                <div class=\"bg-primary px-6 slanted slanted-from-top-right\" style=\"width: 168px;\">\n                  <i class=\"d-flex text-black\" style=\"font-size: 100px;\" aria-hidden=\"true\"><jello-icon name=\"custom\/colocation\"><\/jello-icon><\/i>\n                <\/div>\n              <\/div>\n              <h3 class=\"card-title mt-6 px-6 mb-0 lg-min-height\" style=\"--min-height: 73px;\">Colocation<\/h3>\n              <div class=\"card-body mt-auto\">\n                <div class=\"card-text lh15\">\n                  <p>Das Outsourcing Ihrer IT-Systeme oder eines Teils davon in ein externes Rechenzentrum bietet Ihrem Unternehmen eine Vielzahl von Vorteilen, insbesondere eine sichere Umgebung, zudem Hochverf\u00fcgbarkeit und Redundanz f\u00fcr die Sicherstellung Ihres kontinuierlichen IT-Betriebes.<\/p>\n                <\/div>\n                <span class=\"card-btn material-symbols-outlined\" aria-hidden=\"true\"><jello-icon name=\"material\/arrow_right_alt\"><\/jello-icon><\/span>\n              <\/div> \n            <\/a>\n          <\/div>\n                  <div class=\"swiper-slide\">\n            <a class=\"card text-bg-white text-decoration-none\" href=\"https:\/\/www.northcdatacenters.com\/de\/serviceleistungen\/connectivity\/\">\n              <div class=\"card-img-top\">\n                <div class=\"bg-primary px-6 slanted slanted-from-top-right\" style=\"width: 168px;\">\n                  <i class=\"d-flex text-black\" style=\"font-size: 100px;\" aria-hidden=\"true\"><jello-icon name=\"custom\/connectivity\"><\/jello-icon><\/i>\n                <\/div>\n              <\/div>\n              <h3 class=\"card-title mt-6 px-6 mb-0 lg-min-height\" style=\"--min-height: 73px;\">Connectivity<\/h3>\n              <div class=\"card-body mt-auto\">\n                <div class=\"card-text lh15\">\n                  <p>Wir bieten eine zuverl\u00e4ssige und flexible Connectivity in unseren Rechenzentren. Dabei agieren wir unabh\u00e4ngig und es steht Ihnen frei zu w\u00e4hlen, welchen Provider Ihr Unternehmen f\u00fcr Connectivity oder Cloud-L\u00f6sungen bevorzugt.<\/p>\n                <\/div>\n                <span class=\"card-btn material-symbols-outlined\" aria-hidden=\"true\"><jello-icon name=\"material\/arrow_right_alt\"><\/jello-icon><\/span>\n              <\/div> \n            <\/a>\n          <\/div>\n                  <div class=\"swiper-slide\">\n            <a class=\"card text-bg-white text-decoration-none\" href=\"https:\/\/www.northcdatacenters.com\/de\/serviceleistungen\/cloud-connect\/\">\n              <div class=\"card-img-top\">\n                <div class=\"bg-primary px-6 slanted slanted-from-top-right\" style=\"width: 168px;\">\n                  <i class=\"d-flex text-black\" style=\"font-size: 100px;\" aria-hidden=\"true\"><jello-icon name=\"custom\/connecting-day\"><\/jello-icon><\/i>\n                <\/div>\n              <\/div>\n              <h3 class=\"card-title mt-6 px-6 mb-0 lg-min-height\" style=\"--min-height: 73px;\">Cloud Connect<\/h3>\n              <div class=\"card-body mt-auto\">\n                <div class=\"card-text lh15\">\n                  <p>Unser Cloud Connect Service bietet Ihnen sichere und \u00fcberschaubare Private Connections von unseren Rechenzentren zur Cloud.<\/p>\n                <\/div>\n                <span class=\"card-btn material-symbols-outlined\" aria-hidden=\"true\"><jello-icon name=\"material\/arrow_right_alt\"><\/jello-icon><\/span>\n              <\/div> \n            <\/a>\n          <\/div>\n                  <div class=\"swiper-slide\">\n            <a class=\"card text-bg-white text-decoration-none\" href=\"https:\/\/www.northcdatacenters.com\/de\/serviceleistungen\/managed-services-cloud\/\">\n              <div class=\"card-img-top\">\n                <div class=\"bg-primary px-6 slanted slanted-from-top-right\" style=\"width: 168px;\">\n                  <i class=\"d-flex text-black\" style=\"font-size: 100px;\" aria-hidden=\"true\"><jello-icon name=\"custom\/cloud-services\"><\/jello-icon><\/i>\n                <\/div>\n              <\/div>\n              <h3 class=\"card-title mt-6 px-6 mb-0 lg-min-height\" style=\"--min-height: 73px;\">Managed Services<\/h3>\n              <div class=\"card-body mt-auto\">\n                <div class=\"card-text lh15\">\n                  <p>Individuell skalierbare Dienstleistungen f\u00fcr Ihre IT. Zusammen mit unseren Partnern optimieren wir Ihre digitale Infrastruktur.<\/p>\n                <\/div>\n                <span class=\"card-btn material-symbols-outlined\" aria-hidden=\"true\"><jello-icon name=\"material\/arrow_right_alt\"><\/jello-icon><\/span>\n              <\/div> \n            <\/a>\n          <\/div>\n              <\/div>\n      <div class=\"swiper-pagination\"><\/div>\n    <\/div>\n  <\/div>\n<\/section>\n\n\n\n[\/vc_column][\/vc_row][vc_row full_width=&#8220;stretch_row_content&#8220;][vc_column]<div class=\"title-block px-3 title-block-image-right\">\n  <div class=\"container image-container\" style=\"--image-position-x: 50%;\">\n          <picture class=\"responsive-picture \">\n  <img decoding=\"async\" src=\"https:\/\/www.northcdatacenters.com\/de\/wp-content\/uploads\/sites\/5\/2025\/12\/Green-Datacenter-1600x1143.webp\" srcset=\"\"\n  class=\"\" style=\"\"\n  loading=\"lazy\"\n  sizes=\"(min-width: 1400px) 1200px, (min-width: 1200px) 48vw, 100vw\" \/><\/picture>      <\/div>\n\n  <div class=\"d-none d-xl-block background-with-slanted-edge slanted\"><\/div>\n\n  <div class=\"container text-container\">\n    <div class=\"text-bg-white text py-9 px-6 d-flex flex-column\">\n              <h2 class=\"font-heavy lh-sm\">Platin Auszeichnung: Green Datacenter<\/h2>\n      \n      <div class=\"content lh-xl\">\n        <p>2024 erhielt NorthC die Platin-Auszeichnung beim Readers&#8216; Choice Award der Vogel IT-Medien in der Kategorie &#8222;Gr\u00fcnes Co-Location&#8220;!<\/p>\n<p>Unser Ziel? Kein One-Hit-Wonder \u2013 sondern ein nachhaltiges Statement!\u00a0<br data-start=\"564\" data-end=\"567\" \/>Denn bei NorthC denken wir nicht in Awards, sondern in Zukunft: Unser neues Rechenzentrum in Frankfurt (Neu-Isenburg) ist das beste Beispiel daf\u00fcr. Bereits in der Planungsphase setzen wir alles daran, unsere Vision von CO\u2082-Neutralit\u00e4t bis 2030 Realit\u00e4t werden zu lassen.<\/p>\n      <\/div>\n\n              <div class=\"d-flex gap-3 flex-wrap mt-4\">\n                      \n  <a href=\"https:\/\/www.northcdatacenters.com\/de\/ueber-uns\/nachhaltige-rechenzentren\/\" class=\"btn btn-primary btn-video\" target=\"\">\n    Mehr erfahren  <\/a>\n                  <\/div>\n          <\/div>\n  <\/div>\n<\/div>[\/vc_column][\/vc_row][vc_row full_width=&#8220;stretch_row&#8220; north_c_background_color=&#8220;bg-gray-200&#8243;][vc_column]<div class=\"cta\">\n  <div class=\"cta-grid\">\n    <div class=\"cta-picture\">\n      <picture class=\"responsive-picture d-block\">\n  <img decoding=\"async\" src=\"https:\/\/www.northcdatacenters.com\/de\/wp-content\/uploads\/sites\/5\/2025\/06\/Murat-Turgut-Kontakt-NorthC-1256x1256.webp\" srcset=\"https:\/\/www.northcdatacenters.com\/de\/wp-content\/uploads\/sites\/5\/2025\/06\/Murat-Turgut-Kontakt-NorthC-1256x1256.webp 1256w, https:\/\/www.northcdatacenters.com\/de\/wp-content\/uploads\/sites\/5\/2025\/06\/Murat-Turgut-Kontakt-NorthC-300x300.webp 300w, https:\/\/www.northcdatacenters.com\/de\/wp-content\/uploads\/sites\/5\/2025\/06\/Murat-Turgut-Kontakt-NorthC-1024x1024.webp 1024w, https:\/\/www.northcdatacenters.com\/de\/wp-content\/uploads\/sites\/5\/2025\/06\/Murat-Turgut-Kontakt-NorthC-768x768.webp 768w, https:\/\/www.northcdatacenters.com\/de\/wp-content\/uploads\/sites\/5\/2025\/06\/Murat-Turgut-Kontakt-NorthC-1536x1536.webp 1536w, https:\/\/www.northcdatacenters.com\/de\/wp-content\/uploads\/sites\/5\/2025\/06\/Murat-Turgut-Kontakt-NorthC-250x250.webp 250w, https:\/\/www.northcdatacenters.com\/de\/wp-content\/uploads\/sites\/5\/2025\/06\/Murat-Turgut-Kontakt-NorthC-740x740.webp 740w, https:\/\/www.northcdatacenters.com\/de\/wp-content\/uploads\/sites\/5\/2025\/06\/Murat-Turgut-Kontakt-NorthC-175x175.webp 175w, https:\/\/www.northcdatacenters.com\/de\/wp-content\/uploads\/sites\/5\/2025\/06\/Murat-Turgut-Kontakt-NorthC-360x360.webp 360w, https:\/\/www.northcdatacenters.com\/de\/wp-content\/uploads\/sites\/5\/2025\/06\/Murat-Turgut-Kontakt-NorthC-500x500.webp 500w, https:\/\/www.northcdatacenters.com\/de\/wp-content\/uploads\/sites\/5\/2025\/06\/Murat-Turgut-Kontakt-NorthC.webp 1920w\"\n  class=\"\" style=\"\"\n  loading=\"lazy\"\n  sizes=\"(min-width: 992px) 1280px, 100vw\" \/><\/picture>\n          <\/div>\n\n    <div class=\"text text-white d-flex flex-column gap-4 justify-content-center align-items-center p-6 pb-12 px-lg-12 px-xxl-28\">\n      <h6 class=\"text-primary lh214 font-extrabold text-center mb-0\">Kontakt<\/h6>\n      <h3 class=\"mb-2 text-center text-sm-5xl mb-sm-6 text-balance\">Seien Sie einer der Ersten, der sich einen Platz in der Region Frankfurt sichert. Wir beraten Sie gerne.<\/h3>\n      <div class=\"buttons d-flex flex-column flex-lg-row flex-wrap gap-4 align-items-center justify-content-center dark-background\">\n                  \n  <button class=\"btn btn-primary\" type=\"button\" data-bs-toggle=\"offcanvas\" data-bs-target=\"#offcanvas_15\" aria-controls=\"offcanvas_15\">\n    Jetzt Angebot sichern  <\/button>\n                  \n  \n  <button class=\"btn btn-secondary\" type=\"button\" data-bs-toggle=\"offcanvas\" data-bs-target=\"#offcanvas_86\" aria-controls=\"offcanvas_86\">\n    Unverbindliche Reservierung  <\/button>\n\n              <\/div>\n    <\/div>\n  <\/div>\n<\/div>[\/vc_column][\/vc_row]<\/p>\n<\/div>","protected":false},"excerpt":{"rendered":"<p>[vc_row full_width=&#8220;stretch_row_content_no_spaces&#8220;][vc_column][\/vc_column][\/vc_row][vc_row][vc_column][vc_column_text] Das Datacenter Frankfurt 2 Etwa 8 km s\u00fcdlich der Finanzmetropole Frankfurt, im Industriegebiet der Stadt Neu-Isenburg gelegen, verbindet Frankfurt 2 nachhaltige IT Colocation mit skalierbaren AI-Wachstumspfaden. Frankfurt 2 erg\u00e4nzt perfekt die NorthC Rechenzentren in der Rhein-Main Region mit den NorthC Datacenter in Deutschland, Schweiz und Benelux f\u00fcr Kunden der Finanzindustrie, Gesundheitswesen, Medien und &#8230;<\/p>\n","protected":false},"author":17,"featured_media":28312,"parent":2002,"menu_order":0,"comment_status":"closed","ping_status":"closed","template":"","meta":{"_acf_changed":false,"_relevanssi_hide_post":"","_relevanssi_hide_content":"","_relevanssi_pin_for_all":"","_relevanssi_pin_keywords":"","_relevanssi_unpin_keywords":"","_relevanssi_related_keywords":"","_relevanssi_related_include_ids":"","_relevanssi_related_exclude_ids":"","_relevanssi_related_no_append":"","_relevanssi_related_not_related":"","_relevanssi_related_posts":"","_relevanssi_noindex_reason":"","footnotes":""},"class_list":["post-26458","page","type-page","status-publish","has-post-thumbnail","hentry"],"acf":[],"yoast_head":"<!-- This site is optimized with the Yoast SEO Premium plugin v27.5 (Yoast SEO v27.5) - https:\/\/yoast.com\/product\/yoast-seo-premium-wordpress\/ -->\n<title>Rechenzentrum Frankfurt 2 | NorthC Datacenters<\/title>\n<meta name=\"description\" content=\"Das modulare Rechenzentrum Frankfurt 2 verbindet nachhaltige IT Colocation mit skalierbaren AI-Wachstumspfaden.\" \/>\n<meta name=\"robots\" content=\"index, follow, max-snippet:-1, max-image-preview:large, max-video-preview:-1\" \/>\n<link rel=\"canonical\" href=\"https:\/\/www.northcdatacenters.com\/de\/northc-datacenters\/frankfurt-2\/\" \/>\n<meta property=\"og:locale\" content=\"de_DE\" \/>\n<meta property=\"og:type\" content=\"article\" \/>\n<meta property=\"og:title\" content=\"Frankfurt 2\" \/>\n<meta property=\"og:description\" content=\"Das modulare Rechenzentrum Frankfurt 2 verbindet nachhaltige IT Colocation mit skalierbaren AI-Wachstumspfaden.\" \/>\n<meta property=\"og:url\" content=\"https:\/\/www.northcdatacenters.com\/de\/northc-datacenters\/frankfurt-2\/\" \/>\n<meta property=\"og:site_name\" content=\"NorthC Datacenters (DE)\" \/>\n<meta property=\"article:modified_time\" content=\"2026-02-26T15:05:48+00:00\" \/>\n<meta property=\"og:image\" content=\"https:\/\/www.northcdatacenters.com\/de\/wp-content\/uploads\/sites\/5\/2026\/02\/Frankfurt-2.webp\" \/>\n\t<meta property=\"og:image:width\" content=\"1536\" \/>\n\t<meta property=\"og:image:height\" content=\"1024\" \/>\n\t<meta property=\"og:image:type\" content=\"image\/png\" \/>\n<meta name=\"twitter:card\" content=\"summary_large_image\" \/>\n<meta name=\"twitter:label1\" content=\"Gesch\u00e4tzte Lesezeit\" \/>\n\t<meta name=\"twitter:data1\" content=\"6\u00a0Minuten\" \/>\n<script type=\"application\/ld+json\" class=\"yoast-schema-graph\">{\"@context\":\"https:\\\/\\\/schema.org\",\"@graph\":[{\"@type\":\"WebPage\",\"@id\":\"https:\\\/\\\/www.northcdatacenters.com\\\/de\\\/northc-datacenters\\\/frankfurt-2\\\/\",\"url\":\"https:\\\/\\\/www.northcdatacenters.com\\\/de\\\/northc-datacenters\\\/frankfurt-2\\\/\",\"name\":\"Rechenzentrum Frankfurt 2 | NorthC Datacenters\",\"isPartOf\":{\"@id\":\"https:\\\/\\\/www.northcdatacenters.com\\\/de\\\/#website\"},\"primaryImageOfPage\":{\"@id\":\"https:\\\/\\\/www.northcdatacenters.com\\\/de\\\/northc-datacenters\\\/frankfurt-2\\\/#primaryimage\"},\"image\":{\"@id\":\"https:\\\/\\\/www.northcdatacenters.com\\\/de\\\/northc-datacenters\\\/frankfurt-2\\\/#primaryimage\"},\"thumbnailUrl\":\"https:\\\/\\\/www.northcdatacenters.com\\\/de\\\/wp-content\\\/uploads\\\/sites\\\/5\\\/2026\\\/02\\\/Frankfurt-2.webp\",\"datePublished\":\"2025-03-26T14:12:09+00:00\",\"dateModified\":\"2026-02-26T15:05:48+00:00\",\"description\":\"Das modulare Rechenzentrum Frankfurt 2 verbindet nachhaltige IT Colocation mit skalierbaren AI-Wachstumspfaden.\",\"breadcrumb\":{\"@id\":\"https:\\\/\\\/www.northcdatacenters.com\\\/de\\\/northc-datacenters\\\/frankfurt-2\\\/#breadcrumb\"},\"inLanguage\":\"de\",\"potentialAction\":[{\"@type\":\"ReadAction\",\"target\":[\"https:\\\/\\\/www.northcdatacenters.com\\\/de\\\/northc-datacenters\\\/frankfurt-2\\\/\"]}]},{\"@type\":\"ImageObject\",\"inLanguage\":\"de\",\"@id\":\"https:\\\/\\\/www.northcdatacenters.com\\\/de\\\/northc-datacenters\\\/frankfurt-2\\\/#primaryimage\",\"url\":\"https:\\\/\\\/www.northcdatacenters.com\\\/de\\\/wp-content\\\/uploads\\\/sites\\\/5\\\/2026\\\/02\\\/Frankfurt-2.webp\",\"contentUrl\":\"https:\\\/\\\/www.northcdatacenters.com\\\/de\\\/wp-content\\\/uploads\\\/sites\\\/5\\\/2026\\\/02\\\/Frankfurt-2.webp\",\"width\":1536,\"height\":1024},{\"@type\":\"BreadcrumbList\",\"@id\":\"https:\\\/\\\/www.northcdatacenters.com\\\/de\\\/northc-datacenters\\\/frankfurt-2\\\/#breadcrumb\",\"itemListElement\":[{\"@type\":\"ListItem\",\"position\":1,\"name\":\"Home\",\"item\":\"https:\\\/\\\/www.northcdatacenters.com\\\/de\\\/\"},{\"@type\":\"ListItem\",\"position\":2,\"name\":\"Unsere Rechenzentren\",\"item\":\"https:\\\/\\\/www.northcdatacenters.com\\\/de\\\/northc-datacenters\\\/\"},{\"@type\":\"ListItem\",\"position\":3,\"name\":\"Frankfurt 2\"}]},{\"@type\":\"WebSite\",\"@id\":\"https:\\\/\\\/www.northcdatacenters.com\\\/de\\\/#website\",\"url\":\"https:\\\/\\\/www.northcdatacenters.com\\\/de\\\/\",\"name\":\"NorthC Datacenters\",\"description\":\"Digital business, Personal connections.\",\"publisher\":{\"@id\":\"https:\\\/\\\/www.northcdatacenters.com\\\/de\\\/#organization\"},\"potentialAction\":[{\"@type\":\"SearchAction\",\"target\":{\"@type\":\"EntryPoint\",\"urlTemplate\":\"https:\\\/\\\/www.northcdatacenters.com\\\/de\\\/?s={search_term_string}\"},\"query-input\":{\"@type\":\"PropertyValueSpecification\",\"valueRequired\":true,\"valueName\":\"search_term_string\"}}],\"inLanguage\":\"de\"},{\"@type\":\"Organization\",\"@id\":\"https:\\\/\\\/www.northcdatacenters.com\\\/de\\\/#organization\",\"name\":\"NorthC Datacenters\",\"url\":\"https:\\\/\\\/www.northcdatacenters.com\\\/de\\\/\",\"logo\":{\"@type\":\"ImageObject\",\"inLanguage\":\"de\",\"@id\":\"https:\\\/\\\/www.northcdatacenters.com\\\/de\\\/#\\\/schema\\\/logo\\\/image\\\/\",\"url\":\"https:\\\/\\\/www.northcdatacenters.com\\\/de\\\/wp-content\\\/uploads\\\/sites\\\/5\\\/2024\\\/11\\\/Logo_NorthC.svg\",\"contentUrl\":\"https:\\\/\\\/www.northcdatacenters.com\\\/de\\\/wp-content\\\/uploads\\\/sites\\\/5\\\/2024\\\/11\\\/Logo_NorthC.svg\",\"width\":110,\"height\":24,\"caption\":\"NorthC Datacenters\"},\"image\":{\"@id\":\"https:\\\/\\\/www.northcdatacenters.com\\\/de\\\/#\\\/schema\\\/logo\\\/image\\\/\"},\"sameAs\":[\"https:\\\/\\\/www.linkedin.com\\\/company\\\/northc-datacenters-deutschland\\\/\"]}]}<\/script>\n<!-- \/ Yoast SEO Premium plugin. -->","yoast_head_json":{"title":"Rechenzentrum Frankfurt 2 | NorthC Datacenters","description":"Das modulare Rechenzentrum Frankfurt 2 verbindet nachhaltige IT Colocation mit skalierbaren AI-Wachstumspfaden.","robots":{"index":"index","follow":"follow","max-snippet":"max-snippet:-1","max-image-preview":"max-image-preview:large","max-video-preview":"max-video-preview:-1"},"canonical":"https:\/\/www.northcdatacenters.com\/de\/northc-datacenters\/frankfurt-2\/","og_locale":"de_DE","og_type":"article","og_title":"Frankfurt 2","og_description":"Das modulare Rechenzentrum Frankfurt 2 verbindet nachhaltige IT Colocation mit skalierbaren AI-Wachstumspfaden.","og_url":"https:\/\/www.northcdatacenters.com\/de\/northc-datacenters\/frankfurt-2\/","og_site_name":"NorthC Datacenters (DE)","article_modified_time":"2026-02-26T15:05:48+00:00","og_image":[{"width":1536,"height":1024,"url":"https:\/\/www.northcdatacenters.com\/de\/wp-content\/uploads\/sites\/5\/2026\/02\/Frankfurt-2.webp","type":"image\/png"}],"twitter_card":"summary_large_image","twitter_misc":{"Gesch\u00e4tzte Lesezeit":"6\u00a0Minuten"},"schema":{"@context":"https:\/\/schema.org","@graph":[{"@type":"WebPage","@id":"https:\/\/www.northcdatacenters.com\/de\/northc-datacenters\/frankfurt-2\/","url":"https:\/\/www.northcdatacenters.com\/de\/northc-datacenters\/frankfurt-2\/","name":"Rechenzentrum Frankfurt 2 | NorthC Datacenters","isPartOf":{"@id":"https:\/\/www.northcdatacenters.com\/de\/#website"},"primaryImageOfPage":{"@id":"https:\/\/www.northcdatacenters.com\/de\/northc-datacenters\/frankfurt-2\/#primaryimage"},"image":{"@id":"https:\/\/www.northcdatacenters.com\/de\/northc-datacenters\/frankfurt-2\/#primaryimage"},"thumbnailUrl":"https:\/\/www.northcdatacenters.com\/de\/wp-content\/uploads\/sites\/5\/2026\/02\/Frankfurt-2.webp","datePublished":"2025-03-26T14:12:09+00:00","dateModified":"2026-02-26T15:05:48+00:00","description":"Das modulare Rechenzentrum Frankfurt 2 verbindet nachhaltige IT Colocation mit skalierbaren AI-Wachstumspfaden.","breadcrumb":{"@id":"https:\/\/www.northcdatacenters.com\/de\/northc-datacenters\/frankfurt-2\/#breadcrumb"},"inLanguage":"de","potentialAction":[{"@type":"ReadAction","target":["https:\/\/www.northcdatacenters.com\/de\/northc-datacenters\/frankfurt-2\/"]}]},{"@type":"ImageObject","inLanguage":"de","@id":"https:\/\/www.northcdatacenters.com\/de\/northc-datacenters\/frankfurt-2\/#primaryimage","url":"https:\/\/www.northcdatacenters.com\/de\/wp-content\/uploads\/sites\/5\/2026\/02\/Frankfurt-2.webp","contentUrl":"https:\/\/www.northcdatacenters.com\/de\/wp-content\/uploads\/sites\/5\/2026\/02\/Frankfurt-2.webp","width":1536,"height":1024},{"@type":"BreadcrumbList","@id":"https:\/\/www.northcdatacenters.com\/de\/northc-datacenters\/frankfurt-2\/#breadcrumb","itemListElement":[{"@type":"ListItem","position":1,"name":"Home","item":"https:\/\/www.northcdatacenters.com\/de\/"},{"@type":"ListItem","position":2,"name":"Unsere Rechenzentren","item":"https:\/\/www.northcdatacenters.com\/de\/northc-datacenters\/"},{"@type":"ListItem","position":3,"name":"Frankfurt 2"}]},{"@type":"WebSite","@id":"https:\/\/www.northcdatacenters.com\/de\/#website","url":"https:\/\/www.northcdatacenters.com\/de\/","name":"NorthC Datacenters","description":"Digital business, Personal connections.","publisher":{"@id":"https:\/\/www.northcdatacenters.com\/de\/#organization"},"potentialAction":[{"@type":"SearchAction","target":{"@type":"EntryPoint","urlTemplate":"https:\/\/www.northcdatacenters.com\/de\/?s={search_term_string}"},"query-input":{"@type":"PropertyValueSpecification","valueRequired":true,"valueName":"search_term_string"}}],"inLanguage":"de"},{"@type":"Organization","@id":"https:\/\/www.northcdatacenters.com\/de\/#organization","name":"NorthC Datacenters","url":"https:\/\/www.northcdatacenters.com\/de\/","logo":{"@type":"ImageObject","inLanguage":"de","@id":"https:\/\/www.northcdatacenters.com\/de\/#\/schema\/logo\/image\/","url":"https:\/\/www.northcdatacenters.com\/de\/wp-content\/uploads\/sites\/5\/2024\/11\/Logo_NorthC.svg","contentUrl":"https:\/\/www.northcdatacenters.com\/de\/wp-content\/uploads\/sites\/5\/2024\/11\/Logo_NorthC.svg","width":110,"height":24,"caption":"NorthC Datacenters"},"image":{"@id":"https:\/\/www.northcdatacenters.com\/de\/#\/schema\/logo\/image\/"},"sameAs":["https:\/\/www.linkedin.com\/company\/northc-datacenters-deutschland\/"]}]}},"_links":{"self":[{"href":"https:\/\/www.northcdatacenters.com\/de\/wp-json\/wp\/v2\/pages\/26458","targetHints":{"allow":["GET"]}}],"collection":[{"href":"https:\/\/www.northcdatacenters.com\/de\/wp-json\/wp\/v2\/pages"}],"about":[{"href":"https:\/\/www.northcdatacenters.com\/de\/wp-json\/wp\/v2\/types\/page"}],"author":[{"embeddable":true,"href":"https:\/\/www.northcdatacenters.com\/de\/wp-json\/wp\/v2\/users\/17"}],"replies":[{"embeddable":true,"href":"https:\/\/www.northcdatacenters.com\/de\/wp-json\/wp\/v2\/comments?post=26458"}],"version-history":[{"count":6,"href":"https:\/\/www.northcdatacenters.com\/de\/wp-json\/wp\/v2\/pages\/26458\/revisions"}],"predecessor-version":[{"id":28326,"href":"https:\/\/www.northcdatacenters.com\/de\/wp-json\/wp\/v2\/pages\/26458\/revisions\/28326"}],"up":[{"embeddable":true,"href":"https:\/\/www.northcdatacenters.com\/de\/wp-json\/wp\/v2\/pages\/2002"}],"wp:featuredmedia":[{"embeddable":true,"href":"https:\/\/www.northcdatacenters.com\/de\/wp-json\/wp\/v2\/media\/28312"}],"wp:attachment":[{"href":"https:\/\/www.northcdatacenters.com\/de\/wp-json\/wp\/v2\/media?parent=26458"}],"curies":[{"name":"wp","href":"https:\/\/api.w.org\/{rel}","templated":true}]}}